{"id":1022,"date":"2025-07-23T19:49:22","date_gmt":"2025-07-23T17:49:22","guid":{"rendered":"https:\/\/sitios-nonprod.mendoza.gob.ar\/seguridadyjusticia\/?page_id=1022"},"modified":"2025-08-13T19:18:07","modified_gmt":"2025-08-13T17:18:07","slug":"tormenta-y-aluvion","status":"publish","type":"page","link":"https:\/\/sitios-nonprod.mendoza.gob.ar\/seguridadyjusticia\/tormenta-y-aluvion\/","title":{"rendered":"Tormenta y aluvi\u00f3n"},"content":{"rendered":"[et_pb_section fb_built=\u00bb1&#8243; admin_label=\u00bbsection\u00bb _builder_version=\u00bb4.16&#8243; global_colors_info=\u00bb{}\u00bb][et_pb_row admin_label=\u00bbrow\u00bb _builder_version=\u00bb4.16&#8243; background_size=\u00bbinitial\u00bb background_position=\u00bbtop_left\u00bb background_repeat=\u00bbrepeat\u00bb global_colors_info=\u00bb{}\u00bb][et_pb_column type=\u00bb4_4&#8243; _builder_version=\u00bb4.16&#8243; custom_padding=\u00bb|||\u00bb global_colors_info=\u00bb{}\u00bb custom_padding__hover=\u00bb|||\u00bb][et_pb_post_title _builder_version=\u00bb4.27.4&#8243; _module_preset=\u00bbdefault\u00bb meta=\u00bboff\u00bb featured_image=\u00bboff\u00bb hover_enabled=\u00bb0&#8243; sticky_enabled=\u00bb0&#8243; locked=\u00bboff\u00bb][\/et_pb_post_title][et_pb_text admin_label=\u00bbText\u00bb _builder_version=\u00bb4.16&#8243; background_size=\u00bbinitial\u00bb background_position=\u00bbtop_left\u00bb background_repeat=\u00bbrepeat\u00bb global_colors_info=\u00bb{}\u00bb]\n<h4 class=\"wp-block-heading has-black-color has-text-color has-link-color has-medium-font-size wp-elements-084be3ab03ca7fa18ac35e9a97fe3344\"><strong>\ud83c\udf29 Tormentas El\u00e9ctricas: C\u00f3mo Protegerse<\/strong><\/h4>\n\n\n\n<p class=\"has-black-color has-text-color has-link-color wp-elements-777c25e7574bab71249c880e2aea8cdc\">Las tormentas el\u00e9ctricas pueden traer consigo rel\u00e1mpagos, truenos, fuertes vientos y en algunos casos, granizo. Los rayos representan un gran peligro, ya que pueden causar incendios, lesiones graves e incluso la muerte. Para minimizar riesgos, segu\u00ed estas recomendaciones:<\/p>\n\n\n\n<h4 class=\"wp-block-heading has-black-color has-text-color has-link-color has-medium-font-size wp-elements-9a2ea512428c32a5659e0f62d886ff41\"><strong>\u2705 Lugares seguros durante una tormenta el\u00e9ctrica<\/strong><\/h4>\n\n\n\n<p class=\"has-black-color has-text-color has-link-color wp-elements-2c70c80bf7caf2ea3a6f95965f4110b0\">\ud83c\udfe0 Permanec\u00e9 en un lugar cerrado, como una casa, edificio o veh\u00edculo con techo met\u00e1lico.<\/p>\n\n\n\n<p class=\"has-black-color has-text-color has-link-color wp-elements-487d21820cf2b52cdf6afc72b2ed8a2a\">\ud83d\ude97 Si est\u00e1s en un auto, quedate adentro<strong> <\/strong>con las ventanas cerradas, esto hace el efecto de la Jaula de Faraday y evit\u00e1 tocar partes met\u00e1licas.<\/p>\n\n\n\n<p class=\"has-black-color has-text-color has-link-color wp-elements-b31b5ec688449124d46724414ce56bf2\">\ud83c\udf33 Si est\u00e1s en el exterior, busc\u00e1<strong> <\/strong>refugio en una estructura segura, como un edificio o cualquier lugar que brinde alg\u00fan tipo de protecci\u00f3n.<\/p>\n\n\n\n<h4 class=\"wp-block-heading has-black-color has-text-color has-link-color has-medium-font-size wp-elements-c53f261fc1505e22cf086dadbf2c267a\"><strong>\u274c Lugares a evitar<\/strong><\/h4>\n\n\n\n<p class=\"has-black-color has-text-color has-link-color wp-elements-1b1f2bc51afcd1833a33ac3065ca0872\">\ud83d\udca7 No te acerqu\u00e9s a cuerpos de agua (r\u00edos, lagos, piscinas) ya que el agua es conductora de electricidad.<\/p>\n\n\n\n<p class=\"has-black-color has-text-color has-link-color wp-elements-055991028195c98a6a715edb97955126\">\ud83c\udf32 Evit\u00e1 refugiarte bajo \u00e1rboles aislados o estructuras met\u00e1licas.<\/p>\n\n\n\n<p class=\"has-black-color has-text-color has-link-color wp-elements-ea3c654d46e448a165283b2f2987dc8b\">\u26f0 No permanezc\u00e1s en zonas elevadas como cimas de monta\u00f1as, los filos monta\u00f1osos o colinas aisladas.<\/p>\n\n\n\n<p class=\"has-black-color has-text-color has-link-color wp-elements-a2828ee2c6d622c26801d0a65517cd1b\">\u26a1 Alejate de alambrados, torres, antenas y postes el\u00e9ctricos, ya que pueden atraer los rayos. No sub\u00e1s a realizar trabajos en el techo de tu casa.<\/p>\n\n\n\n<p class=\"has-black-color has-text-color has-link-color wp-elements-0b957ed0ed001e606d5f2134fcd69a92\">\ud83c\udfe0 Busc\u00e1 refugio en un lugar cerrado (casa, edificio o auto con techo met\u00e1lico).<\/p>\n\n\n\n<p class=\"has-black-color has-text-color has-link-color wp-elements-d31d761262ef1a090d0668edd611e0a1\">\u26fa No te refugi\u00e9s en estructuras abiertas como paradas de colectivo o carpas.<\/p>\n\n\n\n<p class=\"has-black-color has-text-color has-link-color wp-elements-b00f3ea1dcab057e4141c8ca9fedc63c\">\ud83c\udfde Evit\u00e1 espacios abiertos como campos, parques o playas.<\/p>\n\n\n\n<p class=\"has-black-color has-text-color has-link-color wp-elements-3716bdf0cd0f3591d76e071e2f2b4668\">\ud83d\udd0c<strong> <\/strong>Desenchuf\u00e1 electrodom\u00e9sticos y evit\u00e1 usar tel\u00e9fonos fijos conectados a la red el\u00e9ctrica.<\/p>\n\n\n\n<p class=\"has-black-color has-text-color has-link-color wp-elements-0f31d658fc023eea1ab68f81bce2896e\">\ud83d\udca6 Si est\u00e1s en el agua (pileta, lago, r\u00edo), sal\u00ed inmediatamente.<\/p>\n\n\n\n<h4 class=\"wp-block-heading has-black-color has-text-color has-link-color has-medium-font-size wp-elements-f1f66b292ad6f90cdb096febec8a54b2\"><strong>\u26a0 Si alguien es alcanzado por un rayo<\/strong><\/h4>\n\n\n\n<p class=\"has-black-color has-text-color has-link-color wp-elements-9918259c0c1767a37a9a81b0df6ba4ea\">\ud83d\udcde Llam\u00e1 al 911 inmediatamente.<\/p>\n\n\n\n<p class=\"has-black-color has-text-color has-link-color wp-elements-49f948d60d922f6beffe356e6df70737\">\ud83d\ude91 Si la persona no respira, realiz\u00e1 RCP hasta que llegue la ayuda.<\/p>\n\n\n\n<p class=\"has-black-color has-text-color has-link-color wp-elements-2be87c43e2c811e50c57f314347bf292\">\u26a1 Es seguro tocar a la persona, no contiene electricidad.<\/p>\n\n\n\n<h4 class=\"wp-block-heading has-black-color has-text-color has-link-color has-medium-font-size wp-elements-53236cbf0324dfa313a9d03def8b856b\"><strong>\ud83d\udea8 Si no pod\u00e9s refugiarte<\/strong><\/h4>\n\n\n\n<p class=\"has-black-color has-text-color has-link-color wp-elements-518d106adf31449e455960f7d545d78e\">\ud83e\uddce\u200d\ufe0f Agachate en posici\u00f3n de seguridad: pies juntos, manos sobre las orejas y cuerpo lo m\u00e1s compacto posible.<\/p>\n\n\n\n<p class=\"has-black-color has-text-color has-link-color wp-elements-b5cf3c928e5acb6a8b895d2e0b55395c\">\ud83d\udeb6 Si est\u00e1s en grupo, mantengan distancia (al menos 25 metros entre cada persona) para reducir el riesgo.<\/p>\n\n\n\n<h4 class=\"wp-block-heading has-black-color has-text-color has-link-color has-medium-font-size wp-elements-5e3dcebd7075ca64bd181443782daf4f\"><strong>\ud83c\udf27 Tormentas estivales <\/strong><\/h4>\n\n\n\n<p class=\"has-black-color has-text-color has-link-color wp-elements-7f7b121d3cf1e93da752d6d3046acbca\">En verano, Mendoza experimenta tormentas intensas que pueden generar lluvias torrenciales, fuertes vientos y granizo. Estos fen\u00f3menos pueden provocar inundaciones, crecientes en los lechos aluvionales que hace peligroso el cruce de badenes. Tambi\u00e9n se producen ca\u00eddas de \u00e1rboles, tendidos el\u00e9ctricos, da\u00f1os en viviendas y caminos, etc. Para protegerte, segu\u00ed estas medidas:<\/p>\n\n\n\n<h4 class=\"wp-block-heading has-black-color has-text-color has-link-color wp-elements-a752c72e6dffad5e74fb57b9a941628d\"><strong>\u2705 Antes de la Tormenta<\/strong><\/h4>\n\n\n\n<p class=\"has-black-color has-text-color has-link-color wp-elements-93730d50a2ff17adefcefe9dca96cb9a\">\ud83c\udfe0 Prepar\u00e1 tu hogar: manten\u00e9 techos, canaletas y desag\u00fces libres de hojas y suciedad, para evitar filtraciones.<\/p>\n\n\n\n<p class=\"has-black-color has-text-color has-link-color wp-elements-6f7f74d45f570c0f65d6cbb1ec94b1f6\">\ud83d\uded1 Si viv\u00eds en zonas bajas, propensas a inundaciones, coloc\u00e1 barreras o bolsas de arena en puertas y accesos.<\/p>\n\n\n\n<p class=\"has-black-color has-text-color has-link-color wp-elements-4d897bc4ff8f941ef16d289fd1b98cb4\">\u26a1 No instal\u00e9s equipos el\u00e9ctricos en zonas bajas de la casa para evitar cortocircuitos.<\/p>\n\n\n\n<p class=\"has-black-color has-text-color has-link-color wp-elements-21f3f4eb022d9edc5233dbb2f9ec7466\">\ud83e\udd6b Almacen\u00e1 agua potable y alimentos en lugares altos y secos en caso de emergencia.<\/p>\n\n\n\n<p class=\"has-black-color has-text-color has-link-color wp-elements-99f72514d879b906fb0c31def5defca3\">\ud83d\udd26 Ten\u00e9 una linterna y radio a pilas, te permitir\u00e1 mantenerte informado si se corta la luz.<\/p>\n\n\n\n<p class=\"has-black-color has-text-color has-link-color wp-elements-a82a21caabb1cce2c20fd90ba6d028c5\">\ud83d\uded1 No arroj\u00e9s basura en la acequias y canales, esto impide el desagote pluvial y contamina el ambiente.<\/p>\n\n\n\n<h4 class=\"wp-block-heading has-black-color has-text-color has-link-color wp-elements-0365d1f57fd6ff7c9a16ba03ae3c1dd7\"><strong>\ud83c\udf2a Durante la Tormenta<\/strong><\/h4>\n\n\n\n<p class=\"has-black-color has-text-color has-link-color wp-elements-c47e73b2fcd20d8d8f813c9459f92d92\">\ud83c\udfe0 Permanec\u00e9 en un lugar seguro y evit\u00e1 salir, salvo en casos de emergencia.<\/p>\n\n\n\n<p class=\"has-black-color has-text-color has-link-color wp-elements-514a09f9c3d3ea37f1fc100c699772ee\">\ud83d\ude97 Si est\u00e1s manejando, reduc\u00ed la velocidad y evit\u00e1 cruzar calles inundadas.<\/p>\n\n\n\n<p class=\"has-black-color has-text-color has-link-color wp-elements-ecaa1fd96bf7752481e2f36bb8d744af\">\ud83c\udf33 No te refugies bajo \u00e1rboles ni postes, ya que pueden caer.<br><\/p>\n\n\n\n<p class=\"has-black-color has-text-color has-link-color wp-elements-70b7a9cd03bd46916dcc65638518005c\">\u26a0 Si el agua comienza a ingresar a tu vivienda, cort\u00e1 la electricidad para evitar riesgos.<\/p>\n\n\n\n<h4 class=\"wp-block-heading has-black-color has-text-color has-link-color wp-elements-5b540ad0b87d6423940a9d8a17d17ec2\">\ud83d\udea8 Despu\u00e9s de la Tormenta<\/h4>\n\n\n\n<p class=\"has-black-color has-text-color has-link-color wp-elements-f0011a2ec1982687781e9a31ff9f44e3\">\ud83e\udd6b No consum\u00e1s alimentos que hayan estado en contacto con el agua.<\/p>\n\n\n\n<p class=\"has-black-color has-text-color has-link-color wp-elements-466a522a3a3f9c3485377289c4748bb7\">\ud83d\udca7 Si el suministro de agua est\u00e1 contaminado, hervila antes de consumirla (3 minutos y dejarla enfriar tapada).<\/p>\n\n\n\n<p class=\"has-black-color has-text-color has-link-color wp-elements-366b9ef9dbc765b8618e7d356b962848\">\ud83e\udd12 Ante s\u00edntomas como fiebre, v\u00f3mitos o diarrea, consult\u00e1 a un m\u00e9dico.<\/p>\n\n\n\n<p class=\"has-black-color has-text-color has-link-color wp-elements-7564af91a96ef359169be6456df6bfe3\">\ud83d\uded1 Evit\u00e1 tocar cables ca\u00eddos o mojados, pueden estar electrificados.<\/p>\n\n\n\n<p class=\"has-black-color has-text-color has-link-color wp-elements-04d180fab986c4037d4e2666a8d0b1ff\">\ud83d\udd34 <strong>\u00abTomar estas precauciones puede salvar vidas.                                                                                                                                                                                                            \u00a1Preparate hoy mismo y compart\u00ed esta informaci\u00f3n con tus seres queridos para que todos est\u00e9n protegidos!\u00bb<\/strong><\/p>\n\n\n\n<p class=\"has-black-color has-text-color has-link-color has-medium-font-size wp-elements-5473e242e8bb806835e2590be18e8a60\"><strong>Aluvi\u00f3n<\/strong><\/p>\n\n\n\n<h4 class=\"wp-block-heading has-black-color has-text-color has-link-color wp-elements-63fce6c0dd4e451f26d24f7c837e4940\">\u26a0\ufe0f <strong>Recomendaciones ante aluviones y crecidas repentinas por tormentas<\/strong><\/h4>\n\n\n\n<p class=\"has-black-color has-text-color has-link-color wp-elements-4d70886de6de82976116841d828e0efe\">Mendoza es una regi\u00f3n de clima des\u00e9rtico, donde las precipitaciones se concentran en primavera y verano, coincidiendo con per\u00edodos de vacaciones y actividades al aire libre. Las lluvias intensas, sumadas a la geograf\u00eda monta\u00f1osa y cauces secos, favorecen crecidas repentinas y aluviones en zonas precordilleranas. En \u00e1reas urbanas, pueden generar inundaciones, convirtiendo calles en corrientes de agua.<\/p>\n\n\n\n<h4 class=\"wp-block-heading\">\u2705 <strong>Antes de la tormenta<\/strong><\/h4>\n\n\n\n<p class=\"has-black-color has-text-color has-link-color wp-elements-89e6cf53254c56c9ad518fba41d2cebd\">\u2714\ufe0f Informate sobre alertas meteorol\u00f3gicas: Consult\u00e1 pron\u00f3sticos oficiales del Servicio Meteorol\u00f3gico Nacional y advertencias de Defensa Civil.<\/p>\n\n\n\n<p class=\"has-black-color has-text-color has-link-color wp-elements-0661c53a549adfc8d79e3ae6e9343ac9\">\u2714\ufe0f Reconoc\u00e9 las zonas de riesgo: Identific\u00e1 cauces, r\u00edos torrenciales y \u00e1reas aluvionales. Evit\u00e1 acampar en esas zonas.<\/p>\n\n\n\n<p class=\"has-black-color has-text-color has-link-color wp-elements-8cb822aeccd1e529a0086b625dcac997\">\u2714\ufe0f Identific\u00e1 rutas de evacuaci\u00f3n: Conoc\u00e9 las v\u00edas hacia terrenos elevados o sitios seguros designados por autoridades.<\/p>\n\n\n\n<p class=\"has-black-color has-text-color has-link-color wp-elements-382548bb53c92a48cea5d9873096ef14\">\u2714\ufe0f Prepar\u00e1 tu vivienda: Limpi\u00e1 canaletas y desag\u00fces, manten\u00e9 documentos importantes en lugares elevados y ten\u00e9 una linterna y radio a mano.<\/p>\n\n\n\n<h4 class=\"wp-block-heading has-black-color has-text-color has-link-color wp-elements-b4387759fc886be787422c7fa592f52c\">\u2705 <strong>Durante la tormenta<\/strong><\/h4>\n\n\n\n<p class=\"has-black-color has-text-color has-link-color wp-elements-ff42efc8169f85f2db3f75ffa6f8062e\">\u2714\ufe0f Alejate de cauces y canales: Estos pueden activarse sin previo aviso, convirti\u00e9ndose en torrentes peligrosos.<\/p>\n\n\n\n<p class=\"has-black-color has-text-color has-link-color wp-elements-4dd6a58b9602c73d58e1b1a55be25102\">\u2714\ufe0f No cruc\u00e9s vados ni calles inundadas<strong>:<\/strong> Un caudal de s\u00f3lo 30 cm puede arrastrar a una persona o un veh\u00edculo, record\u00e1 que el agua lleva material de arrastre (piedras, barro, \u00e1rboles, etc.).<\/p>\n\n\n\n<p class=\"has-black-color has-text-color has-link-color wp-elements-a9547528ef4f1a91858d1fed2a9aac4c\">\u2714\ufe0f Evit\u00e1 rutas afectadas: El agua puede socavar caminos y puentes. Mantenete informado sobre cortes de rutas.<\/p>\n\n\n\n<p class=\"has-black-color has-text-color has-link-color wp-elements-a4c437c9ea6f8c894644721ae005d07e\">\u2714\ufe0f Se\u00f1ales de alarma: Permanec\u00e9 atento a ruidos producidos por la llegada de crecientes de agua y coloraci\u00f3n barrosa del agua.<\/p>\n\n\n\n<h4 class=\"wp-block-heading\">\u2705 <strong>Si queda atrapado en una zona inundada<\/strong><\/h4>\n\n\n\n<p>\u2714\ufe0f Busc\u00e1 \u00e1reas elevadas: Alejate de zonas bajas, donde el agua desciende con gran fuerza arrastrando barro y escombros.<\/p>\n\n\n\n<p>\u2714\ufe0f <strong>Veh\u00edculos: <\/strong>Abandon\u00e1 el veh\u00edculo s\u00f3lo si es seguro. Si la corriente aumenta, busc\u00e1 refugio en una zona alta.<\/p>\n\n\n\n<p>\u2714\ufe0f<strong>Ped\u00ed Auxilio<\/strong> al 911 e inform\u00e1 el lugar exacto donde se encuentra.<\/p>\n\n\n\n<h4 class=\"wp-block-heading has-black-color has-text-color has-link-color wp-elements-df6d73f5163c2a50282f10b5d3d62803\">\u2705 <strong>Despu\u00e9s de la tormenta<\/strong><\/h4>\n\n\n\n<p class=\"has-black-color has-text-color has-link-color wp-elements-579137d1d8f5f16de75e4975f38d6e54\">\u2714\ufe0f Segu\u00ed las indicaciones oficiales: Esper\u00e1 autorizaci\u00f3n de Defensa Civil o Vialidad Provincial para continuar el tr\u00e1nsito.<\/p>\n\n\n\n<p class=\"has-black-color has-text-color has-link-color wp-elements-50a90ed5697791e858365071782cff1b\">\u2714\ufe0f Evit\u00e1 cauces y canales:<strong> <\/strong>Record\u00e1 que las tapas de alcantarillas y las acequias no son visibles y pueden estar inestables y contaminadas por la basura arrastrada por la tormenta.<\/p>\n\n\n\n<p class=\"has-black-color has-text-color has-link-color wp-elements-691eb7de2508c58be34f1ae4927c3118\">\u2714\ufe0f Consum\u00ed agua segura: Esper\u00e1 la confirmaci\u00f3n de potabilidad, antes de usar el agua de red.<\/p>\n\n\n\n<p class=\"has-black-color has-text-color has-link-color wp-elements-58418fe6e2c73d9d5b10857cca22d8aa\">\u2714\ufe0f Revis\u00e1 tu vivienda: Evalu\u00e1 da\u00f1os estructurales y corte la electricidad, si hay agua en el interior.<\/p>\n\n\n\n<h4 class=\"wp-block-heading has-black-color has-text-color has-link-color wp-elements-c25773f6c0e064a6690872e35b0d32c1\">\u2705 Recomendaciones adicionales en caso de emergencia<\/h4>\n\n\n\n<p class=\"has-black-color has-text-color has-link-color wp-elements-8ad27003536a79f19a9910f4e54b5c97\">\u2714\ufe0f Evacu\u00e1 si las autoridades lo indican: Hacelo de inmediato.<\/p>\n\n\n\n<p class=\"has-black-color has-text-color has-link-color wp-elements-383471b2153f8e170f793678c89c93b5\">\u2714\ufe0f Desconect\u00e1 la electricidad: Evit\u00e1 riesgos de electrocuci\u00f3n, si el agua ingresa a su vivienda.<\/p>\n\n\n\n<p class=\"has-black-color has-text-color has-link-color wp-elements-eeb3f96fbb0ff25ffa36e64210b904be\">\u2714\ufe0f Ayud\u00e1 a quienes lo necesiten: Prioriz\u00e1 la asistencia a ni\u00f1os, personas mayores y\/o personas con discapacidad.<\/p>\n\n\n\n<h4 class=\"wp-block-heading has-black-color has-text-color has-link-color wp-elements-1df8ba4770066415332d5de6cc3c1922\">\ud83d\udea8 <strong>En caso de emergencia<\/strong><\/h4>\n\n\n\n<p class=\"has-black-color has-text-color has-link-color wp-elements-ceb3fe938b676ab6fba6fa4b003dfde1\">\ud83d\udcde Llam\u00e1 al 911 y proporcion\u00e1 la ubicaci\u00f3n exacta.<\/p>\n\n\n\n<p class=\"has-black-color has-text-color has-link-color wp-elements-102d56b538b7d3eef79b48e94e4aaf17\">\ud83d\ude91 Solicit\u00e1 ayuda a personal capacitado (bomberos, rescatistas y guardavidas,).<\/p>\n\n\n\n<p class=\"has-black-color has-text-color has-link-color wp-elements-4ad0ab833b09ad8141aee4e3f9a10576\">\u274c No intent\u00e9s rescates sin entrenamiento: Las aguas en crecida son extremadamente peligrosas.<\/p>\n[\/et_pb_text][\/et_pb_column][\/et_pb_row][\/et_pb_section]","protected":false},"excerpt":{"rendered":"<p>\ud83c\udf29 Tormentas El\u00e9ctricas: C\u00f3mo Protegerse Las tormentas el\u00e9ctricas pueden traer consigo rel\u00e1mpagos, truenos, fuertes vientos y en algunos casos, granizo. Los rayos representan un gran peligro, ya que pueden causar incendios, lesiones graves e incluso la muerte. Para minimizar riesgos, segu\u00ed estas recomendaciones: \u2705 Lugares seguros durante una tormenta el\u00e9ctrica \ud83c\udfe0 Permanec\u00e9 en un lugar [&hellip;]<\/p>\n","protected":false},"author":26,"featured_media":0,"parent":0,"menu_order":0,"comment_status":"closed","ping_status":"closed","template":"","meta":{"_et_pb_use_builder":"on","_et_pb_old_content":"<!-- wp:heading {\"level\":4,\"style\":{\"elements\":{\"link\":{\"color\":{\"text\":\"var:preset|color|black\"}}}},\"textColor\":\"black\",\"fontSize\":\"medium\"} -->\n<h4 class=\"wp-block-heading has-black-color has-text-color has-link-color has-medium-font-size\"><strong>\ud83c\udf29 Tormentas El\u00e9ctricas: C\u00f3mo Protegerse<\/strong><\/h4>\n<!-- \/wp:heading -->\n\n<!-- wp:paragraph {\"style\":{\"elements\":{\"link\":{\"color\":{\"text\":\"var:preset|color|black\"}}}},\"textColor\":\"black\"} -->\n<p class=\"has-black-color has-text-color has-link-color\">Las tormentas el\u00e9ctricas pueden traer consigo rel\u00e1mpagos, truenos, fuertes vientos y en algunos casos, granizo. Los rayos representan un gran peligro, ya que pueden causar incendios, lesiones graves e incluso la muerte. Para minimizar riesgos, segu\u00ed estas recomendaciones:<\/p>\n<!-- \/wp:paragraph -->\n\n<!-- wp:heading {\"level\":4,\"style\":{\"elements\":{\"link\":{\"color\":{\"text\":\"var:preset|color|black\"}}}},\"textColor\":\"black\",\"fontSize\":\"medium\"} -->\n<h4 class=\"wp-block-heading has-black-color has-text-color has-link-color has-medium-font-size\"><strong>\u2705 Lugares seguros durante una tormenta el\u00e9ctrica<\/strong><\/h4>\n<!-- \/wp:heading -->\n\n<!-- wp:paragraph {\"style\":{\"elements\":{\"link\":{\"color\":{\"text\":\"var:preset|color|black\"}}}},\"textColor\":\"black\"} -->\n<p class=\"has-black-color has-text-color has-link-color\">\ud83c\udfe0 Permanec\u00e9 en un lugar cerrado, como una casa, edificio o veh\u00edculo con techo met\u00e1lico.<\/p>\n<!-- \/wp:paragraph -->\n\n<!-- wp:paragraph {\"style\":{\"elements\":{\"link\":{\"color\":{\"text\":\"var:preset|color|black\"}}}},\"textColor\":\"black\"} -->\n<p class=\"has-black-color has-text-color has-link-color\">\ud83d\ude97 Si est\u00e1s en un auto, quedate adentro<strong> <\/strong>con las ventanas cerradas, esto hace el efecto de la Jaula de Faraday y evit\u00e1 tocar partes met\u00e1licas.<\/p>\n<!-- \/wp:paragraph -->\n\n<!-- wp:paragraph {\"style\":{\"elements\":{\"link\":{\"color\":{\"text\":\"var:preset|color|black\"}}}},\"textColor\":\"black\"} -->\n<p class=\"has-black-color has-text-color has-link-color\">\ud83c\udf33 Si est\u00e1s en el exterior, busc\u00e1<strong> <\/strong>refugio en una estructura segura, como un edificio o cualquier lugar que brinde alg\u00fan tipo de protecci\u00f3n.<\/p>\n<!-- \/wp:paragraph -->\n\n<!-- wp:heading {\"level\":4,\"style\":{\"elements\":{\"link\":{\"color\":{\"text\":\"var:preset|color|black\"}}}},\"textColor\":\"black\",\"fontSize\":\"medium\"} -->\n<h4 class=\"wp-block-heading has-black-color has-text-color has-link-color has-medium-font-size\"><strong>\u274c Lugares a evitar<\/strong><\/h4>\n<!-- \/wp:heading -->\n\n<!-- wp:paragraph {\"style\":{\"elements\":{\"link\":{\"color\":{\"text\":\"var:preset|color|black\"}}}},\"textColor\":\"black\"} -->\n<p class=\"has-black-color has-text-color has-link-color\">\ud83d\udca7 No te acerqu\u00e9s a cuerpos de agua (r\u00edos, lagos, piscinas) ya que el agua es conductora de electricidad.<\/p>\n<!-- \/wp:paragraph -->\n\n<!-- wp:paragraph {\"style\":{\"elements\":{\"link\":{\"color\":{\"text\":\"var:preset|color|black\"}}}},\"textColor\":\"black\"} -->\n<p class=\"has-black-color has-text-color has-link-color\">\ud83c\udf32 Evit\u00e1 refugiarte bajo \u00e1rboles aislados o estructuras met\u00e1licas.<\/p>\n<!-- \/wp:paragraph -->\n\n<!-- wp:paragraph {\"style\":{\"elements\":{\"link\":{\"color\":{\"text\":\"var:preset|color|black\"}}}},\"textColor\":\"black\"} -->\n<p class=\"has-black-color has-text-color has-link-color\">\u26f0 No permanezc\u00e1s en zonas elevadas como cimas de monta\u00f1as, los filos monta\u00f1osos o colinas aisladas.<\/p>\n<!-- \/wp:paragraph -->\n\n<!-- wp:paragraph {\"style\":{\"elements\":{\"link\":{\"color\":{\"text\":\"var:preset|color|black\"}}}},\"textColor\":\"black\"} -->\n<p class=\"has-black-color has-text-color has-link-color\">\u26a1 Alejate de alambrados, torres, antenas y postes el\u00e9ctricos, ya que pueden atraer los rayos. No sub\u00e1s a realizar trabajos en el techo de tu casa.<\/p>\n<!-- \/wp:paragraph -->\n\n<!-- wp:paragraph {\"style\":{\"elements\":{\"link\":{\"color\":{\"text\":\"var:preset|color|black\"}}}},\"textColor\":\"black\"} -->\n<p class=\"has-black-color has-text-color has-link-color\">\ud83c\udfe0 Busc\u00e1 refugio en un lugar cerrado (casa, edificio o auto con techo met\u00e1lico).<\/p>\n<!-- \/wp:paragraph -->\n\n<!-- wp:paragraph {\"style\":{\"elements\":{\"link\":{\"color\":{\"text\":\"var:preset|color|black\"}}}},\"textColor\":\"black\"} -->\n<p class=\"has-black-color has-text-color has-link-color\">\u26fa No te refugi\u00e9s en estructuras abiertas como paradas de colectivo o carpas.<\/p>\n<!-- \/wp:paragraph -->\n\n<!-- wp:paragraph {\"style\":{\"elements\":{\"link\":{\"color\":{\"text\":\"var:preset|color|black\"}}}},\"textColor\":\"black\"} -->\n<p class=\"has-black-color has-text-color has-link-color\">\ud83c\udfde Evit\u00e1 espacios abiertos como campos, parques o playas.<\/p>\n<!-- \/wp:paragraph -->\n\n<!-- wp:paragraph {\"style\":{\"elements\":{\"link\":{\"color\":{\"text\":\"var:preset|color|black\"}}}},\"textColor\":\"black\"} -->\n<p class=\"has-black-color has-text-color has-link-color\">\ud83d\udd0c<strong> <\/strong>Desenchuf\u00e1 electrodom\u00e9sticos y evit\u00e1 usar tel\u00e9fonos fijos conectados a la red el\u00e9ctrica.<\/p>\n<!-- \/wp:paragraph -->\n\n<!-- wp:paragraph {\"style\":{\"elements\":{\"link\":{\"color\":{\"text\":\"var:preset|color|black\"}}}},\"textColor\":\"black\"} -->\n<p class=\"has-black-color has-text-color has-link-color\">\ud83d\udca6 Si est\u00e1s en el agua (pileta, lago, r\u00edo), sal\u00ed inmediatamente.<\/p>\n<!-- \/wp:paragraph -->\n\n<!-- wp:heading {\"level\":4,\"style\":{\"elements\":{\"link\":{\"color\":{\"text\":\"var:preset|color|black\"}}}},\"textColor\":\"black\",\"fontSize\":\"medium\"} -->\n<h4 class=\"wp-block-heading has-black-color has-text-color has-link-color has-medium-font-size\"><strong>\u26a0 Si alguien es alcanzado por un rayo<\/strong><\/h4>\n<!-- \/wp:heading -->\n\n<!-- wp:paragraph {\"style\":{\"elements\":{\"link\":{\"color\":{\"text\":\"var:preset|color|black\"}}}},\"textColor\":\"black\"} -->\n<p class=\"has-black-color has-text-color has-link-color\">\ud83d\udcde Llam\u00e1 al 911 inmediatamente.<\/p>\n<!-- \/wp:paragraph -->\n\n<!-- wp:paragraph {\"style\":{\"elements\":{\"link\":{\"color\":{\"text\":\"var:preset|color|black\"}}}},\"textColor\":\"black\"} -->\n<p class=\"has-black-color has-text-color has-link-color\">\ud83d\ude91 Si la persona no respira, realiz\u00e1 RCP hasta que llegue la ayuda.<\/p>\n<!-- \/wp:paragraph -->\n\n<!-- wp:paragraph {\"style\":{\"elements\":{\"link\":{\"color\":{\"text\":\"var:preset|color|black\"}}}},\"textColor\":\"black\"} -->\n<p class=\"has-black-color has-text-color has-link-color\">\u26a1 Es seguro tocar a la persona, no contiene electricidad.<\/p>\n<!-- \/wp:paragraph -->\n\n<!-- wp:heading {\"level\":4,\"style\":{\"elements\":{\"link\":{\"color\":{\"text\":\"var:preset|color|black\"}}}},\"textColor\":\"black\",\"fontSize\":\"medium\"} -->\n<h4 class=\"wp-block-heading has-black-color has-text-color has-link-color has-medium-font-size\"><strong>\ud83d\udea8 Si no pod\u00e9s refugiarte<\/strong><\/h4>\n<!-- \/wp:heading -->\n\n<!-- wp:paragraph {\"style\":{\"elements\":{\"link\":{\"color\":{\"text\":\"var:preset|color|black\"}}}},\"textColor\":\"black\"} -->\n<p class=\"has-black-color has-text-color has-link-color\">\ud83e\uddce\u200d\ufe0f Agachate en posici\u00f3n de seguridad: pies juntos, manos sobre las orejas y cuerpo lo m\u00e1s compacto posible.<\/p>\n<!-- \/wp:paragraph -->\n\n<!-- wp:paragraph {\"style\":{\"elements\":{\"link\":{\"color\":{\"text\":\"var:preset|color|black\"}}}},\"textColor\":\"black\"} -->\n<p class=\"has-black-color has-text-color has-link-color\">\ud83d\udeb6 Si est\u00e1s en grupo, mantengan distancia (al menos 25 metros entre cada persona) para reducir el riesgo.<\/p>\n<!-- \/wp:paragraph -->\n\n<!-- wp:heading {\"level\":4,\"style\":{\"elements\":{\"link\":{\"color\":{\"text\":\"var:preset|color|black\"}}}},\"textColor\":\"black\",\"fontSize\":\"medium\"} -->\n<h4 class=\"wp-block-heading has-black-color has-text-color has-link-color has-medium-font-size\"><strong>\ud83c\udf27 Tormentas estivales <\/strong><\/h4>\n<!-- \/wp:heading -->\n\n<!-- wp:paragraph {\"style\":{\"elements\":{\"link\":{\"color\":{\"text\":\"var:preset|color|black\"}}}},\"textColor\":\"black\"} -->\n<p class=\"has-black-color has-text-color has-link-color\">En verano, Mendoza experimenta tormentas intensas que pueden generar lluvias torrenciales, fuertes vientos y granizo. Estos fen\u00f3menos pueden provocar inundaciones, crecientes en los lechos aluvionales que hace peligroso el cruce de badenes. Tambi\u00e9n se producen ca\u00eddas de \u00e1rboles, tendidos el\u00e9ctricos, da\u00f1os en viviendas y caminos, etc. Para protegerte, segu\u00ed estas medidas:<\/p>\n<!-- \/wp:paragraph -->\n\n<!-- wp:heading {\"level\":4,\"style\":{\"elements\":{\"link\":{\"color\":{\"text\":\"var:preset|color|black\"}}}},\"textColor\":\"black\"} -->\n<h4 class=\"wp-block-heading has-black-color has-text-color has-link-color\"><strong>\u2705 Antes de la Tormenta<\/strong><\/h4>\n<!-- \/wp:heading -->\n\n<!-- wp:paragraph {\"style\":{\"elements\":{\"link\":{\"color\":{\"text\":\"var:preset|color|black\"}}}},\"textColor\":\"black\"} -->\n<p class=\"has-black-color has-text-color has-link-color\">\ud83c\udfe0 Prepar\u00e1 tu hogar: manten\u00e9 techos, canaletas y desag\u00fces libres de hojas y suciedad, para evitar filtraciones.<\/p>\n<!-- \/wp:paragraph -->\n\n<!-- wp:paragraph {\"style\":{\"elements\":{\"link\":{\"color\":{\"text\":\"var:preset|color|black\"}}}},\"textColor\":\"black\"} -->\n<p class=\"has-black-color has-text-color has-link-color\">\ud83d\uded1 Si viv\u00eds en zonas bajas, propensas a inundaciones, coloc\u00e1 barreras o bolsas de arena en puertas y accesos.<\/p>\n<!-- \/wp:paragraph -->\n\n<!-- wp:paragraph {\"style\":{\"elements\":{\"link\":{\"color\":{\"text\":\"var:preset|color|black\"}}}},\"textColor\":\"black\"} -->\n<p class=\"has-black-color has-text-color has-link-color\">\u26a1 No instal\u00e9s equipos el\u00e9ctricos en zonas bajas de la casa para evitar cortocircuitos.<\/p>\n<!-- \/wp:paragraph -->\n\n<!-- wp:paragraph {\"style\":{\"elements\":{\"link\":{\"color\":{\"text\":\"var:preset|color|black\"}}}},\"textColor\":\"black\"} -->\n<p class=\"has-black-color has-text-color has-link-color\">\ud83e\udd6b Almacen\u00e1 agua potable y alimentos en lugares altos y secos en caso de emergencia.<\/p>\n<!-- \/wp:paragraph -->\n\n<!-- wp:paragraph {\"style\":{\"elements\":{\"link\":{\"color\":{\"text\":\"var:preset|color|black\"}}}},\"textColor\":\"black\"} -->\n<p class=\"has-black-color has-text-color has-link-color\">\ud83d\udd26 Ten\u00e9 una linterna y radio a pilas, te permitir\u00e1 mantenerte informado si se corta la luz.<\/p>\n<!-- \/wp:paragraph -->\n\n<!-- wp:paragraph {\"style\":{\"elements\":{\"link\":{\"color\":{\"text\":\"var:preset|color|black\"}}}},\"textColor\":\"black\"} -->\n<p class=\"has-black-color has-text-color has-link-color\">\ud83d\uded1 No arroj\u00e9s basura en la acequias y canales, esto impide el desagote pluvial y contamina el ambiente.<\/p>\n<!-- \/wp:paragraph -->\n\n<!-- wp:heading {\"level\":4,\"style\":{\"elements\":{\"link\":{\"color\":{\"text\":\"var:preset|color|black\"}}}},\"textColor\":\"black\"} -->\n<h4 class=\"wp-block-heading has-black-color has-text-color has-link-color\"><strong>\ud83c\udf2a Durante la Tormenta<\/strong><\/h4>\n<!-- \/wp:heading -->\n\n<!-- wp:paragraph {\"style\":{\"elements\":{\"link\":{\"color\":{\"text\":\"var:preset|color|black\"}}}},\"textColor\":\"black\"} -->\n<p class=\"has-black-color has-text-color has-link-color\">\ud83c\udfe0 Permanec\u00e9 en un lugar seguro y evit\u00e1 salir, salvo en casos de emergencia.<\/p>\n<!-- \/wp:paragraph -->\n\n<!-- wp:paragraph {\"style\":{\"elements\":{\"link\":{\"color\":{\"text\":\"var:preset|color|black\"}}}},\"textColor\":\"black\"} -->\n<p class=\"has-black-color has-text-color has-link-color\">\ud83d\ude97 Si est\u00e1s manejando, reduc\u00ed la velocidad y evit\u00e1 cruzar calles inundadas.<\/p>\n<!-- \/wp:paragraph -->\n\n<!-- wp:paragraph {\"style\":{\"elements\":{\"link\":{\"color\":{\"text\":\"var:preset|color|black\"}}}},\"textColor\":\"black\"} -->\n<p class=\"has-black-color has-text-color has-link-color\">\ud83c\udf33 No te refugies bajo \u00e1rboles ni postes, ya que pueden caer.<br><\/p>\n<!-- \/wp:paragraph -->\n\n<!-- wp:paragraph {\"style\":{\"elements\":{\"link\":{\"color\":{\"text\":\"var:preset|color|black\"}}}},\"textColor\":\"black\"} -->\n<p class=\"has-black-color has-text-color has-link-color\">\u26a0 Si el agua comienza a ingresar a tu vivienda, cort\u00e1 la electricidad para evitar riesgos.<\/p>\n<!-- \/wp:paragraph -->\n\n<!-- wp:heading {\"level\":4,\"style\":{\"elements\":{\"link\":{\"color\":{\"text\":\"var:preset|color|black\"}}}},\"textColor\":\"black\"} -->\n<h4 class=\"wp-block-heading has-black-color has-text-color has-link-color\">\ud83d\udea8 Despu\u00e9s de la Tormenta<\/h4>\n<!-- \/wp:heading -->\n\n<!-- wp:paragraph {\"style\":{\"elements\":{\"link\":{\"color\":{\"text\":\"var:preset|color|black\"}}}},\"textColor\":\"black\"} -->\n<p class=\"has-black-color has-text-color has-link-color\">\ud83e\udd6b No consum\u00e1s alimentos que hayan estado en contacto con el agua.<\/p>\n<!-- \/wp:paragraph -->\n\n<!-- wp:paragraph {\"style\":{\"elements\":{\"link\":{\"color\":{\"text\":\"var:preset|color|black\"}}}},\"textColor\":\"black\"} -->\n<p class=\"has-black-color has-text-color has-link-color\">\ud83d\udca7 Si el suministro de agua est\u00e1 contaminado, hervila antes de consumirla (3 minutos y dejarla enfriar tapada).<\/p>\n<!-- \/wp:paragraph -->\n\n<!-- wp:paragraph {\"style\":{\"elements\":{\"link\":{\"color\":{\"text\":\"var:preset|color|black\"}}}},\"textColor\":\"black\"} -->\n<p class=\"has-black-color has-text-color has-link-color\">\ud83e\udd12 Ante s\u00edntomas como fiebre, v\u00f3mitos o diarrea, consult\u00e1 a un m\u00e9dico.<\/p>\n<!-- \/wp:paragraph -->\n\n<!-- wp:paragraph {\"style\":{\"elements\":{\"link\":{\"color\":{\"text\":\"var:preset|color|black\"}}}},\"textColor\":\"black\"} -->\n<p class=\"has-black-color has-text-color has-link-color\">\ud83d\uded1 Evit\u00e1 tocar cables ca\u00eddos o mojados, pueden estar electrificados.<\/p>\n<!-- \/wp:paragraph -->\n\n<!-- wp:paragraph {\"style\":{\"elements\":{\"link\":{\"color\":{\"text\":\"var:preset|color|black\"}}}},\"textColor\":\"black\"} -->\n<p class=\"has-black-color has-text-color has-link-color\">\ud83d\udd34 <strong>\"Tomar estas precauciones puede salvar vidas.                                                                                                                                                                                                            \u00a1Preparate hoy mismo y compart\u00ed esta informaci\u00f3n con tus seres queridos para que todos est\u00e9n protegidos!\"<\/strong><\/p>\n<!-- \/wp:paragraph -->\n\n<!-- wp:paragraph {\"style\":{\"elements\":{\"link\":{\"color\":{\"text\":\"var:preset|color|black\"}}}},\"textColor\":\"black\",\"fontSize\":\"medium\"} -->\n<p class=\"has-black-color has-text-color has-link-color has-medium-font-size\"><strong>Aluvi\u00f3n<\/strong><\/p>\n<!-- \/wp:paragraph -->\n\n<!-- wp:heading {\"level\":4,\"style\":{\"elements\":{\"link\":{\"color\":{\"text\":\"var:preset|color|black\"}}}},\"textColor\":\"black\"} -->\n<h4 class=\"wp-block-heading has-black-color has-text-color has-link-color\">\u26a0\ufe0f <strong>Recomendaciones ante aluviones y crecidas repentinas por tormentas<\/strong><\/h4>\n<!-- \/wp:heading -->\n\n<!-- wp:paragraph {\"style\":{\"elements\":{\"link\":{\"color\":{\"text\":\"var:preset|color|black\"}}}},\"textColor\":\"black\"} -->\n<p class=\"has-black-color has-text-color has-link-color\">Mendoza es una regi\u00f3n de clima des\u00e9rtico, donde las precipitaciones se concentran en primavera y verano, coincidiendo con per\u00edodos de vacaciones y actividades al aire libre. Las lluvias intensas, sumadas a la geograf\u00eda monta\u00f1osa y cauces secos, favorecen crecidas repentinas y aluviones en zonas precordilleranas. En \u00e1reas urbanas, pueden generar inundaciones, convirtiendo calles en corrientes de agua.<\/p>\n<!-- \/wp:paragraph -->\n\n<!-- wp:heading {\"level\":4} -->\n<h4 class=\"wp-block-heading\">\u2705 <strong>Antes de la tormenta<\/strong><\/h4>\n<!-- \/wp:heading -->\n\n<!-- wp:paragraph {\"style\":{\"elements\":{\"link\":{\"color\":{\"text\":\"var:preset|color|black\"}}}},\"textColor\":\"black\"} -->\n<p class=\"has-black-color has-text-color has-link-color\">\u2714\ufe0f Informate sobre alertas meteorol\u00f3gicas: Consult\u00e1 pron\u00f3sticos oficiales del Servicio Meteorol\u00f3gico Nacional y advertencias de Defensa Civil.<\/p>\n<!-- \/wp:paragraph -->\n\n<!-- wp:paragraph {\"style\":{\"elements\":{\"link\":{\"color\":{\"text\":\"var:preset|color|black\"}}}},\"textColor\":\"black\"} -->\n<p class=\"has-black-color has-text-color has-link-color\">\u2714\ufe0f Reconoc\u00e9 las zonas de riesgo: Identific\u00e1 cauces, r\u00edos torrenciales y \u00e1reas aluvionales. Evit\u00e1 acampar en esas zonas.<\/p>\n<!-- \/wp:paragraph -->\n\n<!-- wp:paragraph {\"style\":{\"elements\":{\"link\":{\"color\":{\"text\":\"var:preset|color|black\"}}}},\"textColor\":\"black\"} -->\n<p class=\"has-black-color has-text-color has-link-color\">\u2714\ufe0f Identific\u00e1 rutas de evacuaci\u00f3n: Conoc\u00e9 las v\u00edas hacia terrenos elevados o sitios seguros designados por autoridades.<\/p>\n<!-- \/wp:paragraph -->\n\n<!-- wp:paragraph {\"style\":{\"elements\":{\"link\":{\"color\":{\"text\":\"var:preset|color|black\"}}}},\"textColor\":\"black\"} -->\n<p class=\"has-black-color has-text-color has-link-color\">\u2714\ufe0f Prepar\u00e1 tu vivienda: Limpi\u00e1 canaletas y desag\u00fces, manten\u00e9 documentos importantes en lugares elevados y ten\u00e9 una linterna y radio a mano.<\/p>\n<!-- \/wp:paragraph -->\n\n<!-- wp:heading {\"level\":4,\"style\":{\"elements\":{\"link\":{\"color\":{\"text\":\"var:preset|color|black\"}}}},\"textColor\":\"black\"} -->\n<h4 class=\"wp-block-heading has-black-color has-text-color has-link-color\">\u2705 <strong>Durante la tormenta<\/strong><\/h4>\n<!-- \/wp:heading -->\n\n<!-- wp:paragraph {\"style\":{\"elements\":{\"link\":{\"color\":{\"text\":\"var:preset|color|black\"}}}},\"textColor\":\"black\"} -->\n<p class=\"has-black-color has-text-color has-link-color\">\u2714\ufe0f Alejate de cauces y canales: Estos pueden activarse sin previo aviso, convirti\u00e9ndose en torrentes peligrosos.<\/p>\n<!-- \/wp:paragraph -->\n\n<!-- wp:paragraph {\"style\":{\"elements\":{\"link\":{\"color\":{\"text\":\"var:preset|color|black\"}}}},\"textColor\":\"black\"} -->\n<p class=\"has-black-color has-text-color has-link-color\">\u2714\ufe0f No cruc\u00e9s vados ni calles inundadas<strong>:<\/strong> Un caudal de s\u00f3lo 30 cm puede arrastrar a una persona o un veh\u00edculo, record\u00e1 que el agua lleva material de arrastre (piedras, barro, \u00e1rboles, etc.).<\/p>\n<!-- \/wp:paragraph -->\n\n<!-- wp:paragraph {\"style\":{\"elements\":{\"link\":{\"color\":{\"text\":\"var:preset|color|black\"}}}},\"textColor\":\"black\"} -->\n<p class=\"has-black-color has-text-color has-link-color\">\u2714\ufe0f Evit\u00e1 rutas afectadas: El agua puede socavar caminos y puentes. Mantenete informado sobre cortes de rutas.<\/p>\n<!-- \/wp:paragraph -->\n\n<!-- wp:paragraph {\"style\":{\"elements\":{\"link\":{\"color\":{\"text\":\"var:preset|color|black\"}}}},\"textColor\":\"black\"} -->\n<p class=\"has-black-color has-text-color has-link-color\">\u2714\ufe0f Se\u00f1ales de alarma: Permanec\u00e9 atento a ruidos producidos por la llegada de crecientes de agua y coloraci\u00f3n barrosa del agua.<\/p>\n<!-- \/wp:paragraph -->\n\n<!-- wp:heading {\"level\":4} -->\n<h4 class=\"wp-block-heading\">\u2705 <strong>Si queda atrapado en una zona inundada<\/strong><\/h4>\n<!-- \/wp:heading -->\n\n<!-- wp:paragraph -->\n<p>\u2714\ufe0f Busc\u00e1 \u00e1reas elevadas: Alejate de zonas bajas, donde el agua desciende con gran fuerza arrastrando barro y escombros.<\/p>\n<!-- \/wp:paragraph -->\n\n<!-- wp:paragraph -->\n<p>\u2714\ufe0f <strong>Veh\u00edculos: <\/strong>Abandon\u00e1 el veh\u00edculo s\u00f3lo si es seguro. Si la corriente aumenta, busc\u00e1 refugio en una zona alta.<\/p>\n<!-- \/wp:paragraph -->\n\n<!-- wp:paragraph -->\n<p>\u2714\ufe0f<strong>Ped\u00ed Auxilio<\/strong> al 911 e inform\u00e1 el lugar exacto donde se encuentra.<\/p>\n<!-- \/wp:paragraph -->\n\n<!-- wp:heading {\"level\":4,\"style\":{\"elements\":{\"link\":{\"color\":{\"text\":\"var:preset|color|black\"}}}},\"textColor\":\"black\"} -->\n<h4 class=\"wp-block-heading has-black-color has-text-color has-link-color\">\u2705 <strong>Despu\u00e9s de la tormenta<\/strong><\/h4>\n<!-- \/wp:heading -->\n\n<!-- wp:paragraph {\"style\":{\"elements\":{\"link\":{\"color\":{\"text\":\"var:preset|color|black\"}}}},\"textColor\":\"black\"} -->\n<p class=\"has-black-color has-text-color has-link-color\">\u2714\ufe0f Segu\u00ed las indicaciones oficiales: Esper\u00e1 autorizaci\u00f3n de Defensa Civil o Vialidad Provincial para continuar el tr\u00e1nsito.<\/p>\n<!-- \/wp:paragraph -->\n\n<!-- wp:paragraph {\"style\":{\"elements\":{\"link\":{\"color\":{\"text\":\"var:preset|color|black\"}}}},\"textColor\":\"black\"} -->\n<p class=\"has-black-color has-text-color has-link-color\">\u2714\ufe0f Evit\u00e1 cauces y canales:<strong> <\/strong>Record\u00e1 que las tapas de alcantarillas y las acequias no son visibles y pueden estar inestables y contaminadas por la basura arrastrada por la tormenta.<\/p>\n<!-- \/wp:paragraph -->\n\n<!-- wp:paragraph {\"style\":{\"elements\":{\"link\":{\"color\":{\"text\":\"var:preset|color|black\"}}}},\"textColor\":\"black\"} -->\n<p class=\"has-black-color has-text-color has-link-color\">\u2714\ufe0f Consum\u00ed agua segura: Esper\u00e1 la confirmaci\u00f3n de potabilidad, antes de usar el agua de red.<\/p>\n<!-- \/wp:paragraph -->\n\n<!-- wp:paragraph {\"style\":{\"elements\":{\"link\":{\"color\":{\"text\":\"var:preset|color|black\"}}}},\"textColor\":\"black\"} -->\n<p class=\"has-black-color has-text-color has-link-color\">\u2714\ufe0f Revis\u00e1 tu vivienda: Evalu\u00e1 da\u00f1os estructurales y corte la electricidad, si hay agua en el interior.<\/p>\n<!-- \/wp:paragraph -->\n\n<!-- wp:heading {\"level\":4,\"style\":{\"elements\":{\"link\":{\"color\":{\"text\":\"var:preset|color|black\"}}}},\"textColor\":\"black\"} -->\n<h4 class=\"wp-block-heading has-black-color has-text-color has-link-color\">\u2705 Recomendaciones adicionales en caso de emergencia<\/h4>\n<!-- \/wp:heading -->\n\n<!-- wp:paragraph {\"style\":{\"elements\":{\"link\":{\"color\":{\"text\":\"var:preset|color|black\"}}}},\"textColor\":\"black\"} -->\n<p class=\"has-black-color has-text-color has-link-color\">\u2714\ufe0f Evacu\u00e1 si las autoridades lo indican: Hacelo de inmediato.<\/p>\n<!-- \/wp:paragraph -->\n\n<!-- wp:paragraph {\"style\":{\"elements\":{\"link\":{\"color\":{\"text\":\"var:preset|color|black\"}}}},\"textColor\":\"black\"} -->\n<p class=\"has-black-color has-text-color has-link-color\">\u2714\ufe0f Desconect\u00e1 la electricidad: Evit\u00e1 riesgos de electrocuci\u00f3n, si el agua ingresa a su vivienda.<\/p>\n<!-- \/wp:paragraph -->\n\n<!-- wp:paragraph {\"style\":{\"elements\":{\"link\":{\"color\":{\"text\":\"var:preset|color|black\"}}}},\"textColor\":\"black\"} -->\n<p class=\"has-black-color has-text-color has-link-color\">\u2714\ufe0f Ayud\u00e1 a quienes lo necesiten: Prioriz\u00e1 la asistencia a ni\u00f1os, personas mayores y\/o personas con discapacidad.<\/p>\n<!-- \/wp:paragraph -->\n\n<!-- wp:heading {\"level\":4,\"style\":{\"elements\":{\"link\":{\"color\":{\"text\":\"var:preset|color|black\"}}}},\"textColor\":\"black\"} -->\n<h4 class=\"wp-block-heading has-black-color has-text-color has-link-color\">\ud83d\udea8 <strong>En caso de emergencia<\/strong><\/h4>\n<!-- \/wp:heading -->\n\n<!-- wp:paragraph {\"style\":{\"elements\":{\"link\":{\"color\":{\"text\":\"var:preset|color|black\"}}}},\"textColor\":\"black\"} -->\n<p class=\"has-black-color has-text-color has-link-color\">\ud83d\udcde Llam\u00e1 al 911 y proporcion\u00e1 la ubicaci\u00f3n exacta.<\/p>\n<!-- \/wp:paragraph -->\n\n<!-- wp:paragraph {\"style\":{\"elements\":{\"link\":{\"color\":{\"text\":\"var:preset|color|black\"}}}},\"textColor\":\"black\"} -->\n<p class=\"has-black-color has-text-color has-link-color\">\ud83d\ude91 Solicit\u00e1 ayuda a personal capacitado (bomberos, rescatistas y guardavidas,).<\/p>\n<!-- \/wp:paragraph -->\n\n<!-- wp:paragraph {\"style\":{\"elements\":{\"link\":{\"color\":{\"text\":\"var:preset|color|black\"}}}},\"textColor\":\"black\"} -->\n<p class=\"has-black-color has-text-color has-link-color\">\u274c No intent\u00e9s rescates sin entrenamiento: Las aguas en crecida son extremadamente peligrosas.<\/p>\n<!-- \/wp:paragraph -->","_et_gb_content_width":"1080","footnotes":""},"class_list":["post-1022","page","type-page","status-publish","hentry"],"_links":{"self":[{"href":"https:\/\/sitios-nonprod.mendoza.gob.ar\/seguridadyjusticia\/wp-json\/wp\/v2\/pages\/1022","targetHints":{"allow":["GET"]}}],"collection":[{"href":"https:\/\/sitios-nonprod.mendoza.gob.ar\/seguridadyjusticia\/wp-json\/wp\/v2\/pages"}],"about":[{"href":"https:\/\/sitios-nonprod.mendoza.gob.ar\/seguridadyjusticia\/wp-json\/wp\/v2\/types\/page"}],"author":[{"embeddable":true,"href":"https:\/\/sitios-nonprod.mendoza.gob.ar\/seguridadyjusticia\/wp-json\/wp\/v2\/users\/26"}],"replies":[{"embeddable":true,"href":"https:\/\/sitios-nonprod.mendoza.gob.ar\/seguridadyjusticia\/wp-json\/wp\/v2\/comments?post=1022"}],"version-history":[{"count":10,"href":"https:\/\/sitios-nonprod.mendoza.gob.ar\/seguridadyjusticia\/wp-json\/wp\/v2\/pages\/1022\/revisions"}],"predecessor-version":[{"id":1831,"href":"https:\/\/sitios-nonprod.mendoza.gob.ar\/seguridadyjusticia\/wp-json\/wp\/v2\/pages\/1022\/revisions\/1831"}],"wp:attachment":[{"href":"https:\/\/sitios-nonprod.mendoza.gob.ar\/seguridadyjusticia\/wp-json\/wp\/v2\/media?parent=1022"}],"curies":[{"name":"wp","href":"https:\/\/api.w.org\/{rel}","templated":true}]}}