{"id":1051,"date":"2025-07-23T20:43:38","date_gmt":"2025-07-23T18:43:38","guid":{"rendered":"https:\/\/sitios-nonprod.mendoza.gob.ar\/seguridadyjusticia\/?page_id=1051"},"modified":"2025-08-13T19:21:22","modified_gmt":"2025-08-13T17:21:22","slug":"golpe-de-calor-e-insolacion","status":"publish","type":"page","link":"https:\/\/sitios-nonprod.mendoza.gob.ar\/seguridadyjusticia\/golpe-de-calor-e-insolacion\/","title":{"rendered":"Golpe de calor e insolaci\u00f3n"},"content":{"rendered":"[et_pb_section fb_built=\u00bb1&#8243; admin_label=\u00bbsection\u00bb _builder_version=\u00bb4.16&#8243; global_colors_info=\u00bb{}\u00bb][et_pb_row admin_label=\u00bbrow\u00bb _builder_version=\u00bb4.16&#8243; background_size=\u00bbinitial\u00bb background_position=\u00bbtop_left\u00bb background_repeat=\u00bbrepeat\u00bb global_colors_info=\u00bb{}\u00bb][et_pb_column type=\u00bb4_4&#8243; _builder_version=\u00bb4.16&#8243; custom_padding=\u00bb|||\u00bb global_colors_info=\u00bb{}\u00bb custom_padding__hover=\u00bb|||\u00bb][et_pb_post_title _builder_version=\u00bb4.27.4&#8243; _module_preset=\u00bbdefault\u00bb meta=\u00bboff\u00bb featured_image=\u00bboff\u00bb hover_enabled=\u00bb0&#8243; sticky_enabled=\u00bb0&#8243; locked=\u00bboff\u00bb][\/et_pb_post_title][et_pb_text admin_label=\u00bbText\u00bb _builder_version=\u00bb4.16&#8243; background_size=\u00bbinitial\u00bb background_position=\u00bbtop_left\u00bb background_repeat=\u00bbrepeat\u00bb global_colors_info=\u00bb{}\u00bb]\n<h4 class=\"wp-block-heading has-black-color has-text-color has-link-color has-medium-font-size wp-elements-546b42621540c81935283f0dfb8a1316\"><strong>C\u00f3mo prevenir y manejar el golpe de calor y la insolaci\u00f3n<\/strong><\/h4>\n\n\n\n<p class=\"has-black-color has-text-color has-link-color wp-elements-307bf6a535a35dcc83bad82f9e91c51d\">El calor extremo puede afectar gravemente la salud. Es fundamental tomar precauciones para evitar golpes de calor e insolaci\u00f3n, especialmente en ni\u00f1os, adultos mayores y personas con enfermedades preexistentes.<\/p>\n\n\n\n<h4 class=\"wp-block-heading has-black-color has-text-color has-link-color has-medium-font-size wp-elements-17de5e5248d748ce3bd67a563467f133\"><strong>\u00bfQu\u00e9 es el golpe de calor y la insolaci\u00f3n?<\/strong><\/h4>\n\n\n\n<p class=\"has-black-color has-text-color has-link-color wp-elements-57ffa4a7c2bb29ed694eb646be61b3d4\">El golpe de calor ocurre cuando el cuerpo no puede regular su temperatura y supera los 39\u00b0C, lo que puede provocar mareos, confusi\u00f3n, desmayos e incluso poner en riesgo la vida si no se trata a tiempo.<\/p>\n\n\n\n<p class=\"has-black-color has-text-color has-link-color wp-elements-6b91e49ff69bcab255086ab0ef2515a9\">La insolaci\u00f3n, por su parte, se produce por una exposici\u00f3n prolongada al sol, sin protecci\u00f3n, causando da\u00f1os en la piel y un aumento de la temperatura corporal.<\/p>\n\n\n\n<h4 class=\"wp-block-heading has-black-color has-text-color has-link-color has-medium-font-size wp-elements-e0f6386a29ccf06444edaf61cbc08781\"><strong>Medidas de prevenci\u00f3n<\/strong><\/h4>\n\n\n\n<p class=\"has-black-color has-text-color has-link-color wp-elements-366e76c32657b3ccc4cb9465ad33ad36\">\u2705 Mantenete atento a la emisi\u00f3n de alertas<strong> <\/strong>por olas de calor emitidas por Organismos Oficiales y actu\u00e1 en consecuencia.<\/p>\n\n\n\n<p class=\"has-black-color has-text-color has-link-color wp-elements-baba4585a19f3eda937c098ede191487\">\u2705 Evit\u00e1 la exposici\u00f3n y la actividad f\u00edsica intensa entre las 11 y las 17.<\/p>\n\n\n\n<p class=\"has-black-color has-text-color has-link-color wp-elements-41ed64ce56550dc235397a503c00f28b\">\u2705 Hidrataci\u00f3n constante: beb\u00e9 agua regularmente, aunque no teng\u00e1s sed. Evit\u00e1 el alcohol y las bebidas azucaradas.<\/p>\n\n\n\n<p class=\"has-black-color has-text-color has-link-color wp-elements-861b8fd3e37508a65363af1c222c3d1e\">\u2705 Us\u00e1 ropa liviana, de colores claros y proteg\u00e9 tu cabeza<strong> <\/strong>con un gorro o sombrero.<\/p>\n\n\n\n<p class=\"has-black-color has-text-color has-link-color wp-elements-c98edf3762ec0235e2739bdd39c60da4\">\u2705 Mantente en lugares frescos y ventilados. Si es posible, busc\u00e1 espacios con aire acondicionado o sombra.<\/p>\n\n\n\n<p class=\"has-black-color has-text-color has-link-color wp-elements-4eda42287e7a9db9b0a41f7f292d9d3c\">\u2705 No dej\u00e9s a ni\u00f1os ni mascotas en veh\u00edculos estacionados, cerrados, ni siquiera por unos minutos.<\/p>\n\n\n\n<h4 class=\"wp-block-heading has-black-color has-text-color has-link-color has-medium-font-size wp-elements-471db455ff3703d37e963d94450f5844\"><strong>Recomendaciones para beb\u00e9s y ni\u00f1os<\/strong><\/h4>\n\n\n\n<p class=\"has-black-color has-text-color has-link-color wp-elements-0cb016901a53e57d78ae991b32607918\">\ud83d\udc76 Evit\u00e1 exponerlos al sol directo, especialmente en horarios de m\u00e1xima radiaci\u00f3n.<\/p>\n\n\n\n<p class=\"has-black-color has-text-color has-link-color wp-elements-f0da50b37eada15c6428746edc964fab\">\ud83c\udf7c Asegur\u00e1 una hidrataci\u00f3n adecuada, ya sea con leche materna o agua, seg\u00fan la edad.<\/p>\n\n\n\n<p class=\"has-black-color has-text-color has-link-color wp-elements-0a9853d00ae15809e47a176a17bd0c73\">\ud83d\uded1 No us\u00e9s protector solar en beb\u00e9s menores de seis meses.<strong> <\/strong>Mantenlos a la sombra y con ropa liviana.<\/p>\n\n\n\n<p class=\"has-black-color has-text-color has-link-color wp-elements-bedf7be6252c31faf376f5511528528e\">\u23f3 En espacios al aire libre, limit\u00e1 la exposici\u00f3n y aument\u00e1 gradualmente el tiempo al sol.<\/p>\n\n\n\n<h4 class=\"wp-block-heading has-black-color has-text-color has-link-color has-medium-font-size wp-elements-fa22373390086394255fa0485af238a2\"><strong>S\u00edntomas y c\u00f3mo actuar<\/strong><\/h4>\n\n\n\n<p class=\"has-black-color has-text-color has-link-color wp-elements-a363888a8fdbed94ff94daa6b312f0d7\">\u26a0 <strong>S\u00edntomas del golpe de calor e insolaci\u00f3n:<\/strong><\/p>\n\n\n\n<p class=\"has-black-color has-text-color has-link-color wp-elements-9456233674617282e6bdeff5382671ca\">Piel caliente, enrojecida y sudoraci\u00f3n.<\/p>\n\n\n\n<p class=\"has-black-color has-text-color has-link-color wp-elements-d26282f25d440c985cbaef3a8b85b4c0\">Mareos, fatiga extrema y dolor de cabeza.<\/p>\n\n\n\n<p class=\"has-black-color has-text-color has-link-color wp-elements-2c9e145bdec0f8d5eb0071f9cf2b754f\">Pulso acelerado y dificultad para respirar.<\/p>\n\n\n\n<p class=\"has-black-color has-text-color has-link-color wp-elements-44f78b8b0b77085cadbe0f4b4b06b973\">En casos graves, p\u00e9rdida de conciencia.<\/p>\n\n\n\n<p class=\"has-black-color has-text-color has-link-color wp-elements-331a62833962ded602f57a515c831fe7\">\ud83d\udea8 <strong>C\u00f3mo actuar:<\/strong><\/p>\n\n\n\n<p class=\"has-black-color has-text-color has-link-color wp-elements-00f491ff519ae43f61f0d1a46302a464\">\u27a1 Llev\u00e1 a la persona a un lugar fresco y ventilado.<\/p>\n\n\n\n<p class=\"has-black-color has-text-color has-link-color wp-elements-6bce3450b54c7471935aac64115d0e6c\">\u27a1 Refrescala con pa\u00f1os h\u00famedos o con una ducha de agua tibia.<\/p>\n\n\n\n<p class=\"has-black-color has-text-color has-link-color wp-elements-92859e7cc955c01a2e959f99cbede8c5\">\u27a1 Ofrecele agua fresca en peque\u00f1os sorbos.<\/p>\n\n\n\n<p class=\"has-black-color has-text-color has-link-color wp-elements-1f5631bbd40d342a6c2aff0a3a2e87cd\">\u27a1 Si hay p\u00e9rdida de conciencia o fiebre alta, llam\u00e1 al 911 (Servicio de Emergencias Coordinado).<\/p>\n\n\n\n<p class=\"has-black-color has-text-color has-link-color wp-elements-ed34de7c399038ea6005928a487de0fa\">\ud83d\udd25 <strong>Record\u00e1: Mendoza tiene veranos extremadamente calurosos. Tomar precauciones es clave para evitar problemas de salud. Ante cualquier emergencia, comunicate con el 911 o los servicios de salud.<\/strong><\/p>\n[\/et_pb_text][\/et_pb_column][\/et_pb_row][\/et_pb_section]","protected":false},"excerpt":{"rendered":"<p>C\u00f3mo prevenir y manejar el golpe de calor y la insolaci\u00f3n El calor extremo puede afectar gravemente la salud. Es fundamental tomar precauciones para evitar golpes de calor e insolaci\u00f3n, especialmente en ni\u00f1os, adultos mayores y personas con enfermedades preexistentes. \u00bfQu\u00e9 es el golpe de calor y la insolaci\u00f3n? El golpe de calor ocurre cuando [&hellip;]<\/p>\n","protected":false},"author":26,"featured_media":0,"parent":0,"menu_order":0,"comment_status":"closed","ping_status":"closed","template":"","meta":{"_et_pb_use_builder":"on","_et_pb_old_content":"<!-- wp:heading {\"level\":4,\"style\":{\"elements\":{\"link\":{\"color\":{\"text\":\"var:preset|color|black\"}}}},\"textColor\":\"black\",\"fontSize\":\"medium\"} -->\n<h4 class=\"wp-block-heading has-black-color has-text-color has-link-color has-medium-font-size\"><strong>C\u00f3mo prevenir y manejar el golpe de calor y la insolaci\u00f3n<\/strong><\/h4>\n<!-- \/wp:heading -->\n\n<!-- wp:paragraph {\"style\":{\"elements\":{\"link\":{\"color\":{\"text\":\"var:preset|color|black\"}}}},\"textColor\":\"black\"} -->\n<p class=\"has-black-color has-text-color has-link-color\">El calor extremo puede afectar gravemente la salud. Es fundamental tomar precauciones para evitar golpes de calor e insolaci\u00f3n, especialmente en ni\u00f1os, adultos mayores y personas con enfermedades preexistentes.<\/p>\n<!-- \/wp:paragraph -->\n\n<!-- wp:heading {\"level\":4,\"style\":{\"elements\":{\"link\":{\"color\":{\"text\":\"var:preset|color|black\"}}}},\"textColor\":\"black\",\"fontSize\":\"medium\"} -->\n<h4 class=\"wp-block-heading has-black-color has-text-color has-link-color has-medium-font-size\"><strong>\u00bfQu\u00e9 es el golpe de calor y la insolaci\u00f3n?<\/strong><\/h4>\n<!-- \/wp:heading -->\n\n<!-- wp:paragraph {\"style\":{\"elements\":{\"link\":{\"color\":{\"text\":\"var:preset|color|black\"}}}},\"textColor\":\"black\"} -->\n<p class=\"has-black-color has-text-color has-link-color\">El golpe de calor ocurre cuando el cuerpo no puede regular su temperatura y supera los 39\u00b0C, lo que puede provocar mareos, confusi\u00f3n, desmayos e incluso poner en riesgo la vida si no se trata a tiempo.<\/p>\n<!-- \/wp:paragraph -->\n\n<!-- wp:paragraph {\"style\":{\"elements\":{\"link\":{\"color\":{\"text\":\"var:preset|color|black\"}}}},\"textColor\":\"black\"} -->\n<p class=\"has-black-color has-text-color has-link-color\">La insolaci\u00f3n, por su parte, se produce por una exposici\u00f3n prolongada al sol, sin protecci\u00f3n, causando da\u00f1os en la piel y un aumento de la temperatura corporal.<\/p>\n<!-- \/wp:paragraph -->\n\n<!-- wp:heading {\"level\":4,\"style\":{\"elements\":{\"link\":{\"color\":{\"text\":\"var:preset|color|black\"}}}},\"textColor\":\"black\",\"fontSize\":\"medium\"} -->\n<h4 class=\"wp-block-heading has-black-color has-text-color has-link-color has-medium-font-size\"><strong>Medidas de prevenci\u00f3n<\/strong><\/h4>\n<!-- \/wp:heading -->\n\n<!-- wp:paragraph {\"style\":{\"elements\":{\"link\":{\"color\":{\"text\":\"var:preset|color|black\"}}}},\"textColor\":\"black\"} -->\n<p class=\"has-black-color has-text-color has-link-color\">\u2705 Mantenete atento a la emisi\u00f3n de alertas<strong> <\/strong>por olas de calor emitidas por Organismos Oficiales y actu\u00e1 en consecuencia.<\/p>\n<!-- \/wp:paragraph -->\n\n<!-- wp:paragraph {\"style\":{\"elements\":{\"link\":{\"color\":{\"text\":\"var:preset|color|black\"}}}},\"textColor\":\"black\"} -->\n<p class=\"has-black-color has-text-color has-link-color\">\u2705 Evit\u00e1 la exposici\u00f3n y la actividad f\u00edsica intensa entre las 11 y las 17.<\/p>\n<!-- \/wp:paragraph -->\n\n<!-- wp:paragraph {\"style\":{\"elements\":{\"link\":{\"color\":{\"text\":\"var:preset|color|black\"}}}},\"textColor\":\"black\"} -->\n<p class=\"has-black-color has-text-color has-link-color\">\u2705 Hidrataci\u00f3n constante: beb\u00e9 agua regularmente, aunque no teng\u00e1s sed. Evit\u00e1 el alcohol y las bebidas azucaradas.<\/p>\n<!-- \/wp:paragraph -->\n\n<!-- wp:paragraph {\"style\":{\"elements\":{\"link\":{\"color\":{\"text\":\"var:preset|color|black\"}}}},\"textColor\":\"black\"} -->\n<p class=\"has-black-color has-text-color has-link-color\">\u2705 Us\u00e1 ropa liviana, de colores claros y proteg\u00e9 tu cabeza<strong> <\/strong>con un gorro o sombrero.<\/p>\n<!-- \/wp:paragraph -->\n\n<!-- wp:paragraph {\"style\":{\"elements\":{\"link\":{\"color\":{\"text\":\"var:preset|color|black\"}}}},\"textColor\":\"black\"} -->\n<p class=\"has-black-color has-text-color has-link-color\">\u2705 Mantente en lugares frescos y ventilados. Si es posible, busc\u00e1 espacios con aire acondicionado o sombra.<\/p>\n<!-- \/wp:paragraph -->\n\n<!-- wp:paragraph {\"style\":{\"elements\":{\"link\":{\"color\":{\"text\":\"var:preset|color|black\"}}}},\"textColor\":\"black\"} -->\n<p class=\"has-black-color has-text-color has-link-color\">\u2705 No dej\u00e9s a ni\u00f1os ni mascotas en veh\u00edculos estacionados, cerrados, ni siquiera por unos minutos.<\/p>\n<!-- \/wp:paragraph -->\n\n<!-- wp:heading {\"level\":4,\"style\":{\"elements\":{\"link\":{\"color\":{\"text\":\"var:preset|color|black\"}}}},\"textColor\":\"black\",\"fontSize\":\"medium\"} -->\n<h4 class=\"wp-block-heading has-black-color has-text-color has-link-color has-medium-font-size\"><strong>Recomendaciones para beb\u00e9s y ni\u00f1os<\/strong><\/h4>\n<!-- \/wp:heading -->\n\n<!-- wp:paragraph {\"style\":{\"elements\":{\"link\":{\"color\":{\"text\":\"var:preset|color|black\"}}}},\"textColor\":\"black\"} -->\n<p class=\"has-black-color has-text-color has-link-color\">\ud83d\udc76 Evit\u00e1 exponerlos al sol directo, especialmente en horarios de m\u00e1xima radiaci\u00f3n.<\/p>\n<!-- \/wp:paragraph -->\n\n<!-- wp:paragraph {\"style\":{\"elements\":{\"link\":{\"color\":{\"text\":\"var:preset|color|black\"}}}},\"textColor\":\"black\"} -->\n<p class=\"has-black-color has-text-color has-link-color\">\ud83c\udf7c Asegur\u00e1 una hidrataci\u00f3n adecuada, ya sea con leche materna o agua, seg\u00fan la edad.<\/p>\n<!-- \/wp:paragraph -->\n\n<!-- wp:paragraph {\"style\":{\"elements\":{\"link\":{\"color\":{\"text\":\"var:preset|color|black\"}}}},\"textColor\":\"black\"} -->\n<p class=\"has-black-color has-text-color has-link-color\">\ud83d\uded1 No us\u00e9s protector solar en beb\u00e9s menores de seis meses.<strong> <\/strong>Mantenlos a la sombra y con ropa liviana.<\/p>\n<!-- \/wp:paragraph -->\n\n<!-- wp:paragraph {\"style\":{\"elements\":{\"link\":{\"color\":{\"text\":\"var:preset|color|black\"}}}},\"textColor\":\"black\"} -->\n<p class=\"has-black-color has-text-color has-link-color\">\u23f3 En espacios al aire libre, limit\u00e1 la exposici\u00f3n y aument\u00e1 gradualmente el tiempo al sol.<\/p>\n<!-- \/wp:paragraph -->\n\n<!-- wp:heading {\"level\":4,\"style\":{\"elements\":{\"link\":{\"color\":{\"text\":\"var:preset|color|black\"}}}},\"textColor\":\"black\",\"fontSize\":\"medium\"} -->\n<h4 class=\"wp-block-heading has-black-color has-text-color has-link-color has-medium-font-size\"><strong>S\u00edntomas y c\u00f3mo actuar<\/strong><\/h4>\n<!-- \/wp:heading -->\n\n<!-- wp:paragraph {\"style\":{\"elements\":{\"link\":{\"color\":{\"text\":\"var:preset|color|black\"}}}},\"textColor\":\"black\"} -->\n<p class=\"has-black-color has-text-color has-link-color\">\u26a0 <strong>S\u00edntomas del golpe de calor e insolaci\u00f3n:<\/strong><\/p>\n<!-- \/wp:paragraph -->\n\n<!-- wp:paragraph {\"style\":{\"elements\":{\"link\":{\"color\":{\"text\":\"var:preset|color|black\"}}}},\"textColor\":\"black\"} -->\n<p class=\"has-black-color has-text-color has-link-color\">Piel caliente, enrojecida y sudoraci\u00f3n.<\/p>\n<!-- \/wp:paragraph -->\n\n<!-- wp:paragraph {\"style\":{\"elements\":{\"link\":{\"color\":{\"text\":\"var:preset|color|black\"}}}},\"textColor\":\"black\"} -->\n<p class=\"has-black-color has-text-color has-link-color\">Mareos, fatiga extrema y dolor de cabeza.<\/p>\n<!-- \/wp:paragraph -->\n\n<!-- wp:paragraph {\"style\":{\"elements\":{\"link\":{\"color\":{\"text\":\"var:preset|color|black\"}}}},\"textColor\":\"black\"} -->\n<p class=\"has-black-color has-text-color has-link-color\">Pulso acelerado y dificultad para respirar.<\/p>\n<!-- \/wp:paragraph -->\n\n<!-- wp:paragraph {\"style\":{\"elements\":{\"link\":{\"color\":{\"text\":\"var:preset|color|black\"}}}},\"textColor\":\"black\"} -->\n<p class=\"has-black-color has-text-color has-link-color\">En casos graves, p\u00e9rdida de conciencia.<\/p>\n<!-- \/wp:paragraph -->\n\n<!-- wp:paragraph {\"style\":{\"elements\":{\"link\":{\"color\":{\"text\":\"var:preset|color|black\"}}}},\"textColor\":\"black\"} -->\n<p class=\"has-black-color has-text-color has-link-color\">\ud83d\udea8 <strong>C\u00f3mo actuar:<\/strong><\/p>\n<!-- \/wp:paragraph -->\n\n<!-- wp:paragraph {\"style\":{\"elements\":{\"link\":{\"color\":{\"text\":\"var:preset|color|black\"}}}},\"textColor\":\"black\"} -->\n<p class=\"has-black-color has-text-color has-link-color\">\u27a1 Llev\u00e1 a la persona a un lugar fresco y ventilado.<\/p>\n<!-- \/wp:paragraph -->\n\n<!-- wp:paragraph {\"style\":{\"elements\":{\"link\":{\"color\":{\"text\":\"var:preset|color|black\"}}}},\"textColor\":\"black\"} -->\n<p class=\"has-black-color has-text-color has-link-color\">\u27a1 Refrescala con pa\u00f1os h\u00famedos o con una ducha de agua tibia.<\/p>\n<!-- \/wp:paragraph -->\n\n<!-- wp:paragraph {\"style\":{\"elements\":{\"link\":{\"color\":{\"text\":\"var:preset|color|black\"}}}},\"textColor\":\"black\"} -->\n<p class=\"has-black-color has-text-color has-link-color\">\u27a1 Ofrecele agua fresca en peque\u00f1os sorbos.<\/p>\n<!-- \/wp:paragraph -->\n\n<!-- wp:paragraph {\"style\":{\"elements\":{\"link\":{\"color\":{\"text\":\"var:preset|color|black\"}}}},\"textColor\":\"black\"} -->\n<p class=\"has-black-color has-text-color has-link-color\">\u27a1 Si hay p\u00e9rdida de conciencia o fiebre alta, llam\u00e1 al 911 (Servicio de Emergencias Coordinado).<\/p>\n<!-- \/wp:paragraph -->\n\n<!-- wp:paragraph {\"style\":{\"elements\":{\"link\":{\"color\":{\"text\":\"var:preset|color|black\"}}}},\"textColor\":\"black\"} -->\n<p class=\"has-black-color has-text-color has-link-color\">\ud83d\udd25 <strong>Record\u00e1: Mendoza tiene veranos extremadamente calurosos. Tomar precauciones es clave para evitar problemas de salud. Ante cualquier emergencia, comunicate con el 911 o los servicios de salud.<\/strong><\/p>\n<!-- \/wp:paragraph -->","_et_gb_content_width":"1080","footnotes":""},"class_list":["post-1051","page","type-page","status-publish","hentry"],"_links":{"self":[{"href":"https:\/\/sitios-nonprod.mendoza.gob.ar\/seguridadyjusticia\/wp-json\/wp\/v2\/pages\/1051","targetHints":{"allow":["GET"]}}],"collection":[{"href":"https:\/\/sitios-nonprod.mendoza.gob.ar\/seguridadyjusticia\/wp-json\/wp\/v2\/pages"}],"about":[{"href":"https:\/\/sitios-nonprod.mendoza.gob.ar\/seguridadyjusticia\/wp-json\/wp\/v2\/types\/page"}],"author":[{"embeddable":true,"href":"https:\/\/sitios-nonprod.mendoza.gob.ar\/seguridadyjusticia\/wp-json\/wp\/v2\/users\/26"}],"replies":[{"embeddable":true,"href":"https:\/\/sitios-nonprod.mendoza.gob.ar\/seguridadyjusticia\/wp-json\/wp\/v2\/comments?post=1051"}],"version-history":[{"count":5,"href":"https:\/\/sitios-nonprod.mendoza.gob.ar\/seguridadyjusticia\/wp-json\/wp\/v2\/pages\/1051\/revisions"}],"predecessor-version":[{"id":1839,"href":"https:\/\/sitios-nonprod.mendoza.gob.ar\/seguridadyjusticia\/wp-json\/wp\/v2\/pages\/1051\/revisions\/1839"}],"wp:attachment":[{"href":"https:\/\/sitios-nonprod.mendoza.gob.ar\/seguridadyjusticia\/wp-json\/wp\/v2\/media?parent=1051"}],"curies":[{"name":"wp","href":"https:\/\/api.w.org\/{rel}","templated":true}]}}