{"id":1054,"date":"2025-07-23T21:03:35","date_gmt":"2025-07-23T19:03:35","guid":{"rendered":"https:\/\/sitios-nonprod.mendoza.gob.ar\/seguridadyjusticia\/?page_id=1054"},"modified":"2025-08-13T19:22:09","modified_gmt":"2025-08-13T17:22:09","slug":"temporal-de-invierno","status":"publish","type":"page","link":"https:\/\/sitios-nonprod.mendoza.gob.ar\/seguridadyjusticia\/temporal-de-invierno\/","title":{"rendered":"Temporal de invierno"},"content":{"rendered":"[et_pb_section fb_built=\u00bb1&#8243; admin_label=\u00bbsection\u00bb _builder_version=\u00bb4.16&#8243; global_colors_info=\u00bb{}\u00bb][et_pb_row admin_label=\u00bbrow\u00bb _builder_version=\u00bb4.16&#8243; background_size=\u00bbinitial\u00bb background_position=\u00bbtop_left\u00bb background_repeat=\u00bbrepeat\u00bb global_colors_info=\u00bb{}\u00bb][et_pb_column type=\u00bb4_4&#8243; _builder_version=\u00bb4.16&#8243; custom_padding=\u00bb|||\u00bb global_colors_info=\u00bb{}\u00bb custom_padding__hover=\u00bb|||\u00bb][et_pb_post_title _builder_version=\u00bb4.27.4&#8243; _module_preset=\u00bbdefault\u00bb meta=\u00bboff\u00bb featured_image=\u00bboff\u00bb hover_enabled=\u00bb0&#8243; sticky_enabled=\u00bb0&#8243; locked=\u00bboff\u00bb][\/et_pb_post_title][et_pb_text admin_label=\u00bbText\u00bb _builder_version=\u00bb4.16&#8243; background_size=\u00bbinitial\u00bb background_position=\u00bbtop_left\u00bb background_repeat=\u00bbrepeat\u00bb global_colors_info=\u00bb{}\u00bb]\n<h4 class=\"wp-block-heading has-black-color has-text-color has-link-color has-medium-font-size wp-elements-e8c24e463c55f3eb5a52d8a45769556d\"><strong>Recomendaciones para los pobladores de las zonas afectadas<\/strong><\/h4>\n\n\n\n<ul class=\"wp-block-list\">\n<li class=\"has-black-color has-text-color has-link-color wp-elements-4fb73b3c436a0d90c7da5b55f2052bed\">Informate sobre la situaci\u00f3n meteorol\u00f3gica, m\u00e1s a\u00fan si viv\u00eds en zonas con mayor frecuencia de este fen\u00f3meno.<\/li>\n<\/ul>\n\n\n\n<ul class=\"wp-block-list\">\n<li class=\"has-black-color has-text-color has-link-color wp-elements-962f02da16effc4e5e1f5acbb4794620\">Prepar\u00e1 tu hogar antes del invierno o ante un tormenta invernal severa:<\/li>\n<\/ul>\n\n\n\n<ol class=\"wp-block-list\">\n<li class=\"has-black-color has-text-color has-link-color wp-elements-63cf19652ab7c4a7e256ad4c7bc786e6\">Sell\u00e1 puertas y ventanas para evitar corrientes de aire, ingreso de nieve y as\u00ed conservar el calor. Manten\u00e9 una reserva de alimentos, agua potable, le\u00f1a, gas y medicamentos esenciales. Ten\u00e9 reservas de sal para despejar caminos.<\/li>\n\n\n\n<li class=\"has-black-color has-text-color has-link-color wp-elements-ea8b137cad5298145927b0ba0f02d45f\">Cont\u00e1 con fuentes alternativas de energ\u00eda: Como linternas, bater\u00edas recargables y generadores (solares, e\u00f3licos y\/o de combusti\u00f3n), asegur\u00e1ndote de usarlos en espacios bien ventilados.<\/li>\n\n\n\n<li class=\"has-black-color has-text-color has-link-color wp-elements-6ec06b18107b59248defe4c9976aa059\">Revis\u00e1 tus sistemas de calefacci\u00f3n: Garantiz\u00e1 que funcionen correctamente y que las chimeneas est\u00e9n limpias para evitar intoxicaciones por mon\u00f3xido de carbono. (ver recomendaciones para Mon\u00f3xido de Carbono)<\/li>\n<\/ol>\n\n\n\n<ul class=\"wp-block-list\">\n<li class=\"has-black-color has-text-color has-link-color wp-elements-5aaba652cc7adf327ce15f5190a72664\">Evit\u00e1 salir de casa durante un temporal: Si no es absolutamente necesario, permanec\u00e9 en casa hasta que las condiciones mejoren.<\/li>\n<\/ul>\n\n\n\n<ul class=\"wp-block-list\">\n<li class=\"has-black-color has-text-color has-link-color wp-elements-b876fdd948f5c517d111711e9fd71263\">Cuid\u00e1 a los m\u00e1s vulnerables: Personas mayores, ni\u00f1os y mascotas necesitan mayor protecci\u00f3n. Proveeles abrigo y supervisi\u00f3n constante.<\/li>\n<\/ul>\n\n\n\n<ul class=\"wp-block-list\">\n<li class=\"has-black-color has-text-color has-link-color wp-elements-8f09185da49d902b40a7f0ff826cf479\">Colabor\u00e1 con tu comunidad: Ayud\u00e1 a vecinos que puedan estar en riesgo, como ancianos o personas con movilidad reducida.<\/li>\n<\/ul>\n\n\n\n<h4 class=\"wp-block-heading has-black-color has-text-color has-link-color has-medium-font-size wp-elements-dadb9e91169fd01bcbb3b11d6c96dae4\"><strong>En caso de emergencia:<\/strong><\/h4>\n\n\n\n<ul class=\"wp-block-list\">\n<li class=\"has-black-color has-text-color has-link-color wp-elements-268c2f6fbef5b148408a1330de74bb01\"><strong>Llam\u00e1 al 911<\/strong> para recibir asistencia inmediata.<\/li>\n<\/ul>\n\n\n\n<ul class=\"wp-block-list\">\n<li class=\"has-black-color has-text-color has-link-color wp-elements-3dd7f5fb4530191832fd23c3bc71d4b3\"><strong>Asistencia m\u00e9dica:<\/strong> Inform\u00e1 si present\u00e1s s\u00edntomas de hipotermia o congelamiento o cualquier necesidad sanitaria (medicaci\u00f3n).<\/li>\n<\/ul>\n\n\n\n<h4 class=\"wp-block-heading has-black-color has-text-color has-link-color has-medium-font-size wp-elements-6eeac164b2047e7d07696f111ac22292\"><strong>C\u00f3mo conducir durante un temporal de invierno<\/strong><\/h4>\n\n\n\n<p class=\"has-black-color has-text-color has-link-color wp-elements-2b3788ad05dd8c83a68328c054f6ace8\">Si te sorprende un temporal de invierno mientras manej\u00e1s, segu\u00ed estas recomendaciones para mantenerse seguro.<\/p>\n\n\n\n<h4 class=\"wp-block-heading has-black-color has-text-color has-link-color wp-elements-5369d5a59c54591f925a597a154ace3f\"><strong>Qu\u00e9 hacer si qued\u00e1s atrapado<\/strong><\/h4>\n\n\n\n<p class=\"has-black-color has-text-color has-link-color wp-elements-bebf9ca392a8e3e286b3712bb5742833\">\u2705 Estar atento a las recomendaciones oficiales que ser\u00e1n emitidas por medio de comunicaci\u00f3n masiva y redes sociales.<\/p>\n\n\n\n<p class=\"has-black-color has-text-color has-link-color wp-elements-31571c32d7534f84041bc8437c19dbd7\">\u2705 Permanec\u00e9 en el veh\u00edculo. No intent\u00e9s caminar en medio del \u201cViento Blanco\u201d, ya que pod\u00e9s desorientarte y\/o perderte.<\/p>\n\n\n\n<p class=\"has-black-color has-text-color has-link-color wp-elements-b08a46e6aa6bcf1d03f234174245d178\">\u2705 Evit\u00e1 el esfuerzo f\u00edsico extremo. Actividades como empujar el auto o quitar nieve pueden ser peligrosas.<\/p>\n\n\n\n<p class=\"has-black-color has-text-color has-link-color wp-elements-d477d49cec27815722ab11400719a014\">\u2705 Ventil\u00e1 el auto. Encend\u00e9 el motor y la calefacci\u00f3n en intervalos cortos y dej\u00e1 una ventanilla apenas abierta para lograr climatizar el habit\u00e1culo, con extremo cuidado de: primero, que el ca\u00f1o de escape no est\u00e9 bloqueado por la nieve alrededor del veh\u00edculo en cuyo caso los gases de la combusti\u00f3n ser\u00e1n aspirado por el ventilador de la calefacci\u00f3n y segundo, observar la direcci\u00f3n del viento, que no sea en el sentido de la cola hacia la trompa del veh\u00edculo.<\/p>\n\n\n\n<p class=\"has-black-color has-text-color has-link-color wp-elements-2fd1bd3a2b892e20f40dd092a5b9ab74\">\u2705 Mov\u00e9 brazos y piernas. Peque\u00f1os ejercicios ayudan a mantener la circulaci\u00f3n.<\/p>\n\n\n\n<p class=\"has-black-color has-text-color has-link-color wp-elements-ed31f9e859aac93ee9b8a2de9fee7fe6\">\u2705 No duerman todos al mismo tiempo. Alguien debe estar atento a la situaci\u00f3n.<\/p>\n\n\n\n<p class=\"has-black-color has-text-color has-link-color wp-elements-2476745276837228f7f1e8e14c8651f7\">\u26a0 Viento Blanco: Es un fen\u00f3meno en el que la nieve transportada por el viento reduce la visibilidad a casi cero, dificultando la orientaci\u00f3n. La exposici\u00f3n a estos vientos favorece la hipotermia y congelamientos.<\/p>\n\n\n\n<h4 class=\"wp-block-heading has-black-color has-text-color has-link-color has-medium-font-size wp-elements-c3e4259d0e893209e10cf15e5eaacb21\"><strong>C\u00f3mo prevenir problemas antes de salir<\/strong><\/h4>\n\n\n\n<p class=\"has-black-color has-text-color has-link-color wp-elements-1082c0c31e13431107ce0d4ba3a8d167\">\u2705 Informate sobre el clima. Consult\u00e1 los avisos meteorol\u00f3gicos emitidos por el Servicio Meteorol\u00f3gico Nacional y Defensa Civil a trav\u00e9s de medios oficiales y redes sociales.<\/p>\n\n\n\n<p class=\"has-black-color has-text-color has-link-color wp-elements-ab3668215eb37a05e3569acdc8747143\">\u2705<strong> <\/strong>Llev\u00e1 equipo de emergencia. Una radio port\u00e1til con pilas, linterna, balizas, pala y cadenas para las ruedas pueden ser clave.<\/p>\n\n\n\n<p class=\"has-black-color has-text-color has-link-color wp-elements-a5355d2c94639e9700a4f06a43e8ef4a\">\u2705 Carg\u00e1 combustible y llev\u00e1 alimentos. Opt\u00e1 por comida no perecedera y cal\u00f3rica.<\/p>\n\n\n\n<p class=\"has-black-color has-text-color has-link-color wp-elements-9c66ff66387e7a6cc52d708e87d6384d\">\u2705 Vestite con ropa adecuada<strong>.<\/strong> Us\u00e1 varias capas, prendas impermeables y protecci\u00f3n contra el viento y la nieve, llevar frazadas y abrigo extra.<\/p>\n\n\n\n<h4 class=\"wp-block-heading has-black-color has-text-color has-link-color has-medium-font-size wp-elements-45d5235eb1f6f3468f71ebd09d1aca18\"><strong>Consejos para manejar en condiciones adversas<\/strong><\/h4>\n\n\n\n<p class=\"has-black-color has-text-color has-link-color wp-elements-db15ffd606c7a54e1aa51ede32ac693d\">\ud83d\ude97 Reduc\u00ed la velocidad y encend\u00e9 las luces. La visibilidad puede ser muy baja.<br>\ud83d\ude97 Aument\u00e1 la distancia con otros veh\u00edculos. Evit\u00e1 maniobras bruscas.<\/p>\n\n\n\n<p class=\"has-black-color has-text-color has-link-color wp-elements-02d68ad8e14945e641e7940414f0aae6\">\ud83d\ude97 No fren\u00e9s de golpe. Us\u00e1 la caja de cambios para reducir la velocidad.<\/p>\n\n\n\n<p class=\"has-black-color has-text-color has-link-color wp-elements-ae78cf3c0baaebb0a9e2de065b884034\">\ud83d\ude97 Si el auto patina, disminu\u00ed la velocidad hasta traccionar nuevamente. No fren\u00e9s bruscamente.<\/p>\n\n\n\n<p class=\"has-black-color has-text-color has-link-color wp-elements-ec47702c11b8f58380675e3370d13ef5\">\ud83d\ude97 Si el veh\u00edculo derrapa, control\u00e1 la direcci\u00f3n girando la direcci\u00f3n en el mismo sentido.<\/p>\n\n\n\n<h4 class=\"wp-block-heading has-black-color has-text-color has-link-color has-medium-font-size wp-elements-00bf5a49dab08cee584270d69f3beaa0\"><strong>Qu\u00e9 hacer ante una avalancha o deslizamiento<\/strong><\/h4>\n\n\n\n<p class=\"has-black-color has-text-color has-link-color wp-elements-229e3db9a02c36c81b66baa97085ed54\">\u26d4 Si qued\u00e1s atrapado, PERO NO CUBIERTO, no salg\u00e1s del veh\u00edculo. Apag\u00e1 el motor, baj\u00e1 un poco la ventanilla y solicit\u00e1 ayuda.<\/p>\n\n\n\n<p class=\"has-black-color has-text-color has-link-color wp-elements-fb8312244cbfd60d8781745343ed67b5\">\u26d4 Si qued\u00e1s atrapado, CUBIERTO, trat\u00e1 de salir del veh\u00edculo de manera inmediata, tu vida est\u00e1 en peligro.<\/p>\n\n\n\n<p class=\"has-black-color has-text-color has-link-color has-medium-font-size wp-elements-7c877756531d239b5f4a6d295968de01\">\ud83d\udce2 <strong>En caso de emergencia:<\/strong><\/p>\n\n\n\n<p class=\"has-black-color has-text-color has-link-color wp-elements-335a22a26ee682a8ec20e329cbc2d898\">\ud83d\udcde <strong>Llam\u00e1 al 911<\/strong> para recibir asistencia inmediata.<\/p>\n\n\n\n<p class=\"has-black-color has-text-color has-link-color wp-elements-7195c3ee9320300848aab20f3c110c23\"><br><strong>\ud83d\udc68\u200d\u2695 Asistencia m\u00e9dica:<\/strong> inform\u00e1 si present\u00e1s s\u00edntomas de hipotermia o congelamiento<\/p>\n\n\n\n<p class=\"has-black-color has-text-color has-link-color wp-elements-1c2506b35b2f88cfdcfe6fc91751e62a\">Siguiendo estas recomendaciones, podemos reducir los riesgos y protegernos mejor en situaciones de temporal. <strong>\u00a1La prevenci\u00f3n es clave!<\/strong> \ud83d\udea8<\/p>\n\n\n\n<h4 class=\"wp-block-heading has-black-color has-text-color has-link-color has-medium-font-size wp-elements-6eeac164b2047e7d07696f111ac22292\"><strong>C\u00f3mo conducir durante un temporal de invierno<\/strong><\/h4>\n\n\n\n<p class=\"has-black-color has-text-color has-link-color wp-elements-883fc1de89f899c0fd8b6d193c973a1a\">Si te sorprende un temporal de invierno mientras manej\u00e1s, segu\u00ed estas recomendaciones para mantenerte seguro.<\/p>\n\n\n\n<h4 class=\"wp-block-heading has-black-color has-text-color has-link-color wp-elements-5369d5a59c54591f925a597a154ace3f\"><strong>Qu\u00e9 hacer si qued\u00e1s atrapado<\/strong><\/h4>\n\n\n\n<ul class=\"wp-block-list\">\n<li class=\"has-black-color has-text-color has-link-color wp-elements-084f6cb4d4a8030e5cb959939f8bd0b9\">Permanec\u00e9 en el veh\u00edculo. No intent\u00e9s caminar en medio del \u201cViento Blanco\u201d, ya que podr\u00edas desorientarte y\/o perderte.<\/li>\n<\/ul>\n\n\n\n<ul class=\"wp-block-list has-black-color has-text-color has-link-color wp-elements-f10a36130a32f2dc32ee114a0a40f37a\">\n<li>Evit\u00e1 el esfuerzo f\u00edsico extremo. Actividades como empujar el auto o quitar nieve pueden ser peligrosas.<\/li>\n<\/ul>\n\n\n\n<ul class=\"wp-block-list has-black-color has-text-color has-link-color wp-elements-7f50e9595ab50705938ed67bcc6f7f0c\">\n<li>Ventil\u00e1 el auto. Encend\u00e9 el motor y la calefacci\u00f3n en intervalos cortos y dej\u00e1 una ventanilla apenas abierta para lograr climatizar el habit\u00e1culo. Hacelo con extremo cuidado asegur\u00e1ndote de que:<\/li>\n<\/ul>\n\n\n\n<ol class=\"wp-block-list\">\n<li class=\"has-black-color has-text-color has-link-color wp-elements-980a5afe42e86333293baa541c05f5ea\">El ca\u00f1o de escape no est\u00e9 bloqueado por la nieve alrededor del veh\u00edculo, ya que los gases de la combusti\u00f3n podr\u00edan ser aspirados por el ventilador de la calefacci\u00f3n.<\/li>\n\n\n\n<li class=\"has-black-color has-text-color has-link-color wp-elements-5849784b378fd23ce15b9755a0bd156c\">Observ\u00e1 la direcci\u00f3n del viento, para que no sea en el sentido de la cola hacia la trompa del veh\u00edculo.<\/li>\n<\/ol>\n\n\n\n<ul class=\"wp-block-list has-black-color has-text-color has-link-color wp-elements-98e8ea99787a9a5f5c1e12c01c3d1f71\">\n<li>Mov\u00e9 brazos y piernas. Peque\u00f1os ejercicios ayudan a mantener la circulaci\u00f3n.<\/li>\n<\/ul>\n\n\n\n<ul class=\"wp-block-list has-black-color has-text-color has-link-color wp-elements-c4f636ffde48ad937efb3566729668d1\">\n<li>No duerman todos al mismo tiempo. Alguien debe estar atento a la situaci\u00f3n.<\/li>\n<\/ul>\n\n\n\n<p class=\"has-black-color has-text-color has-link-color wp-elements-0521cbd7d6fbfe477b89bbaad2decb19\"><strong>\u00a1Atenci\u00f3n al Viento Blanco!<\/strong> Es un fen\u00f3meno en el que la nieve transportada por el viento reduce la visibilidad a casi cero, dificultando la orientaci\u00f3n. La exposici\u00f3n prolongada puede provocar hipotermia y congelamiento.<\/p>\n\n\n\n<h4 class=\"wp-block-heading has-black-color has-text-color has-link-color has-medium-font-size wp-elements-c3e4259d0e893209e10cf15e5eaacb21\"><strong>C\u00f3mo prevenir problemas antes de salir<\/strong><\/h4>\n\n\n\n<ul class=\"wp-block-list\">\n<li class=\"has-black-color has-text-color has-link-color wp-elements-9d1fdbd13494be2376296ba715428e58\">Informate sobre el clima. Consult\u00e1 los avisos meteorol\u00f3gicos emitidos por el Servicio Meteorol\u00f3gico Nacional y Defensa Civil a trav\u00e9s de medios oficiales y redes sociales.<\/li>\n<\/ul>\n\n\n\n<ul class=\"wp-block-list has-black-color has-text-color has-link-color wp-elements-04f4d0b21c1b4a6da98f08fb644feef3\">\n<li>Llev\u00e1 equipo de emergencia. Inclu\u00ed una radio port\u00e1til con pilas, linterna, balizas y cadenas para las ruedas.<\/li>\n<\/ul>\n\n\n\n<ul class=\"wp-block-list has-black-color has-text-color has-link-color wp-elements-878553a93cc9af2d9dead550642c3ec3\">\n<li>Carg\u00e1 combustible y llev\u00e1 alimentos.<strong> <\/strong>Opt\u00e1 por comida no perecedera y cal\u00f3rica.<\/li>\n<\/ul>\n\n\n\n<ul class=\"wp-block-list has-black-color has-text-color has-link-color wp-elements-b9640478a9013b98faf1f859716aaeb3\">\n<li>Vestite con ropa adecuada. Us\u00e1 varias capas, prendas impermeables y protecci\u00f3n contra el viento y la nieve. Llev\u00e1 frazadas y abrigo extra.<\/li>\n<\/ul>\n\n\n\n<h4 class=\"wp-block-heading has-black-color has-text-color has-link-color has-medium-font-size wp-elements-45d5235eb1f6f3468f71ebd09d1aca18\"><strong>Consejos para manejar en condiciones adversas<\/strong><\/h4>\n\n\n\n<ul class=\"wp-block-list has-black-color has-text-color has-link-color wp-elements-afb83c3b32251f442417eefab116945a\">\n<li>Reduc\u00ed la velocidad y encend\u00e9 las luces. La visibilidad puede ser muy baja.<\/li>\n<\/ul>\n\n\n\n<ul class=\"wp-block-list has-black-color has-text-color has-link-color wp-elements-c1abf8f0e9aeeabf2b63ea2da6fb4f6f\">\n<li>Aument\u00e1 la distancia con otros veh\u00edculos. Evit\u00e1 maniobras bruscas.<\/li>\n<\/ul>\n\n\n\n<ul class=\"wp-block-list has-black-color has-text-color has-link-color wp-elements-4bb1b044f483d1fc152aad6dd433649a\">\n<li>No fren\u00e9s de golpe. Us\u00e1 la caja de cambios para reducir la velocidad.<\/li>\n<\/ul>\n\n\n\n<ul class=\"wp-block-list has-black-color has-text-color has-link-color wp-elements-797308e0f560f4d894c67eb70b556b45\">\n<li>Si el auto patina, disminu\u00ed la velocidad hasta que vuelva a traccionar. No fren\u00e9s bruscamente.<\/li>\n<\/ul>\n\n\n\n<ul class=\"wp-block-list has-black-color has-text-color has-link-color wp-elements-d3ab70bd33b0e0570bd7e1cbb1e2a0a3\">\n<li>Si el veh\u00edculo derrapa, control\u00e1 la direcci\u00f3n girando el volante en el mismo sentido del derrape.<\/li>\n<\/ul>\n\n\n\n<h4 class=\"wp-block-heading has-black-color has-text-color has-link-color has-medium-font-size wp-elements-00bf5a49dab08cee584270d69f3beaa0\"><strong>Qu\u00e9 hacer ante una avalancha o deslizamiento<\/strong><\/h4>\n\n\n\n<ul class=\"wp-block-list has-black-color has-text-color has-link-color wp-elements-f24513fd1ad4dc20be09d0bdcac6085c\">\n<li>Si qued\u00e1s atrapado, pero no cubierto:<strong> <\/strong>No salgas del veh\u00edculo. Apag\u00e1 el motor, baj\u00e1 un poco la ventanilla y solicit\u00e1 ayuda.<\/li>\n<\/ul>\n\n\n\n<ul class=\"wp-block-list has-black-color has-text-color has-link-color wp-elements-74fe4919925866c7a05c7c1e8b24363e\">\n<li>Si qued\u00e1s atrapado y cubierto: Trat\u00e1 de salir del veh\u00edculo de manera inmediata, tu vida est\u00e1 en peligro.<\/li>\n<\/ul>\n\n\n\n<p class=\"has-black-color has-text-color has-link-color has-medium-font-size wp-elements-e6cbc113ce6c6f372ce91893c1754969\"><strong>Siguiendo estas recomendaciones, podemos reducir los riesgos y protegernos mejor en situaciones de temporal. \u00a1La prevenci\u00f3n es clave! \ud83d\udea8<\/strong><\/p>\n[\/et_pb_text][\/et_pb_column][\/et_pb_row][\/et_pb_section]","protected":false},"excerpt":{"rendered":"<p>Recomendaciones para los pobladores de las zonas afectadas Informate sobre la situaci\u00f3n meteorol\u00f3gica, m\u00e1s a\u00fan si viv\u00eds en zonas con mayor frecuencia de este fen\u00f3meno. Prepar\u00e1 tu hogar antes del invierno o ante un tormenta invernal severa: Sell\u00e1 puertas y ventanas para evitar corrientes de aire, ingreso de nieve y as\u00ed conservar el calor. Manten\u00e9 [&hellip;]<\/p>\n","protected":false},"author":26,"featured_media":0,"parent":0,"menu_order":0,"comment_status":"closed","ping_status":"closed","template":"","meta":{"_et_pb_use_builder":"on","_et_pb_old_content":"<!-- wp:heading {\"level\":4,\"style\":{\"elements\":{\"link\":{\"color\":{\"text\":\"var:preset|color|black\"}}}},\"textColor\":\"black\",\"fontSize\":\"medium\"} -->\n<h4 class=\"wp-block-heading has-black-color has-text-color has-link-color has-medium-font-size\"><strong>Recomendaciones para los pobladores de las zonas afectadas<\/strong><\/h4>\n<!-- \/wp:heading -->\n\n<!-- wp:list -->\n<ul class=\"wp-block-list\"><!-- wp:list-item {\"style\":{\"elements\":{\"link\":{\"color\":{\"text\":\"var:preset|color|black\"}}}},\"textColor\":\"black\"} -->\n<li class=\"has-black-color has-text-color has-link-color\">Informate sobre la situaci\u00f3n meteorol\u00f3gica, m\u00e1s a\u00fan si viv\u00eds en zonas con mayor frecuencia de este fen\u00f3meno.<\/li>\n<!-- \/wp:list-item --><\/ul>\n<!-- \/wp:list -->\n\n<!-- wp:list -->\n<ul class=\"wp-block-list\"><!-- wp:list-item {\"style\":{\"elements\":{\"link\":{\"color\":{\"text\":\"var:preset|color|black\"}}}},\"textColor\":\"black\"} -->\n<li class=\"has-black-color has-text-color has-link-color\">Prepar\u00e1 tu hogar antes del invierno o ante un tormenta invernal severa:<\/li>\n<!-- \/wp:list-item --><\/ul>\n<!-- \/wp:list -->\n\n<!-- wp:list {\"ordered\":true} -->\n<ol class=\"wp-block-list\"><!-- wp:list-item {\"style\":{\"elements\":{\"link\":{\"color\":{\"text\":\"var:preset|color|black\"}}}},\"textColor\":\"black\"} -->\n<li class=\"has-black-color has-text-color has-link-color\">Sell\u00e1 puertas y ventanas para evitar corrientes de aire, ingreso de nieve y as\u00ed conservar el calor. Manten\u00e9 una reserva de alimentos, agua potable, le\u00f1a, gas y medicamentos esenciales. Ten\u00e9 reservas de sal para despejar caminos.<\/li>\n<!-- \/wp:list-item -->\n\n<!-- wp:list-item {\"style\":{\"elements\":{\"link\":{\"color\":{\"text\":\"var:preset|color|black\"}}}},\"textColor\":\"black\"} -->\n<li class=\"has-black-color has-text-color has-link-color\">Cont\u00e1 con fuentes alternativas de energ\u00eda: Como linternas, bater\u00edas recargables y generadores (solares, e\u00f3licos y\/o de combusti\u00f3n), asegur\u00e1ndote de usarlos en espacios bien ventilados.<\/li>\n<!-- \/wp:list-item -->\n\n<!-- wp:list-item {\"style\":{\"elements\":{\"link\":{\"color\":{\"text\":\"var:preset|color|black\"}}}},\"textColor\":\"black\"} -->\n<li class=\"has-black-color has-text-color has-link-color\">Revis\u00e1 tus sistemas de calefacci\u00f3n: Garantiz\u00e1 que funcionen correctamente y que las chimeneas est\u00e9n limpias para evitar intoxicaciones por mon\u00f3xido de carbono. (ver recomendaciones para Mon\u00f3xido de Carbono)<\/li>\n<!-- \/wp:list-item --><\/ol>\n<!-- \/wp:list -->\n\n<!-- wp:list -->\n<ul class=\"wp-block-list\"><!-- wp:list-item {\"style\":{\"elements\":{\"link\":{\"color\":{\"text\":\"var:preset|color|black\"}}}},\"textColor\":\"black\"} -->\n<li class=\"has-black-color has-text-color has-link-color\">Evit\u00e1 salir de casa durante un temporal: Si no es absolutamente necesario, permanec\u00e9 en casa hasta que las condiciones mejoren.<\/li>\n<!-- \/wp:list-item --><\/ul>\n<!-- \/wp:list -->\n\n<!-- wp:list -->\n<ul class=\"wp-block-list\"><!-- wp:list-item {\"style\":{\"elements\":{\"link\":{\"color\":{\"text\":\"var:preset|color|black\"}}}},\"textColor\":\"black\"} -->\n<li class=\"has-black-color has-text-color has-link-color\">Cuid\u00e1 a los m\u00e1s vulnerables: Personas mayores, ni\u00f1os y mascotas necesitan mayor protecci\u00f3n. Proveeles abrigo y supervisi\u00f3n constante.<\/li>\n<!-- \/wp:list-item --><\/ul>\n<!-- \/wp:list -->\n\n<!-- wp:list -->\n<ul class=\"wp-block-list\"><!-- wp:list-item {\"style\":{\"elements\":{\"link\":{\"color\":{\"text\":\"var:preset|color|black\"}}}},\"textColor\":\"black\"} -->\n<li class=\"has-black-color has-text-color has-link-color\">Colabor\u00e1 con tu comunidad: Ayud\u00e1 a vecinos que puedan estar en riesgo, como ancianos o personas con movilidad reducida.<\/li>\n<!-- \/wp:list-item --><\/ul>\n<!-- \/wp:list -->\n\n<!-- wp:heading {\"level\":4,\"style\":{\"elements\":{\"link\":{\"color\":{\"text\":\"var:preset|color|black\"}}}},\"textColor\":\"black\",\"fontSize\":\"medium\"} -->\n<h4 class=\"wp-block-heading has-black-color has-text-color has-link-color has-medium-font-size\"><strong>En caso de emergencia:<\/strong><\/h4>\n<!-- \/wp:heading -->\n\n<!-- wp:list -->\n<ul class=\"wp-block-list\"><!-- wp:list-item {\"style\":{\"elements\":{\"link\":{\"color\":{\"text\":\"var:preset|color|black\"}}}},\"textColor\":\"black\"} -->\n<li class=\"has-black-color has-text-color has-link-color\"><strong>Llam\u00e1 al 911<\/strong> para recibir asistencia inmediata.<\/li>\n<!-- \/wp:list-item --><\/ul>\n<!-- \/wp:list -->\n\n<!-- wp:list -->\n<ul class=\"wp-block-list\"><!-- wp:list-item {\"style\":{\"elements\":{\"link\":{\"color\":{\"text\":\"var:preset|color|black\"}}}},\"textColor\":\"black\"} -->\n<li class=\"has-black-color has-text-color has-link-color\"><strong>Asistencia m\u00e9dica:<\/strong> Inform\u00e1 si present\u00e1s s\u00edntomas de hipotermia o congelamiento o cualquier necesidad sanitaria (medicaci\u00f3n).<\/li>\n<!-- \/wp:list-item --><\/ul>\n<!-- \/wp:list -->\n\n<!-- wp:heading {\"level\":4,\"style\":{\"elements\":{\"link\":{\"color\":{\"text\":\"var:preset|color|black\"}}}},\"textColor\":\"black\",\"fontSize\":\"medium\"} -->\n<h4 class=\"wp-block-heading has-black-color has-text-color has-link-color has-medium-font-size\"><strong>C\u00f3mo conducir durante un temporal de invierno<\/strong><\/h4>\n<!-- \/wp:heading -->\n\n<!-- wp:paragraph {\"style\":{\"elements\":{\"link\":{\"color\":{\"text\":\"var:preset|color|black\"}}}},\"textColor\":\"black\"} -->\n<p class=\"has-black-color has-text-color has-link-color\">Si te sorprende un temporal de invierno mientras manej\u00e1s, segu\u00ed estas recomendaciones para mantenerse seguro.<\/p>\n<!-- \/wp:paragraph -->\n\n<!-- wp:heading {\"level\":4,\"style\":{\"elements\":{\"link\":{\"color\":{\"text\":\"var:preset|color|black\"}}}},\"textColor\":\"black\"} -->\n<h4 class=\"wp-block-heading has-black-color has-text-color has-link-color\"><strong>Qu\u00e9 hacer si qued\u00e1s atrapado<\/strong><\/h4>\n<!-- \/wp:heading -->\n\n<!-- wp:paragraph {\"style\":{\"elements\":{\"link\":{\"color\":{\"text\":\"var:preset|color|black\"}}}},\"textColor\":\"black\"} -->\n<p class=\"has-black-color has-text-color has-link-color\">\u2705 Estar atento a las recomendaciones oficiales que ser\u00e1n emitidas por medio de comunicaci\u00f3n masiva y redes sociales.<\/p>\n<!-- \/wp:paragraph -->\n\n<!-- wp:paragraph {\"style\":{\"elements\":{\"link\":{\"color\":{\"text\":\"var:preset|color|black\"}}}},\"textColor\":\"black\"} -->\n<p class=\"has-black-color has-text-color has-link-color\">\u2705 Permanec\u00e9 en el veh\u00edculo. No intent\u00e9s caminar en medio del \u201cViento Blanco\u201d, ya que pod\u00e9s desorientarte y\/o perderte.<\/p>\n<!-- \/wp:paragraph -->\n\n<!-- wp:paragraph {\"style\":{\"elements\":{\"link\":{\"color\":{\"text\":\"var:preset|color|black\"}}}},\"textColor\":\"black\"} -->\n<p class=\"has-black-color has-text-color has-link-color\">\u2705 Evit\u00e1 el esfuerzo f\u00edsico extremo. Actividades como empujar el auto o quitar nieve pueden ser peligrosas.<\/p>\n<!-- \/wp:paragraph -->\n\n<!-- wp:paragraph {\"style\":{\"elements\":{\"link\":{\"color\":{\"text\":\"var:preset|color|black\"}}}},\"textColor\":\"black\"} -->\n<p class=\"has-black-color has-text-color has-link-color\">\u2705 Ventil\u00e1 el auto. Encend\u00e9 el motor y la calefacci\u00f3n en intervalos cortos y dej\u00e1 una ventanilla apenas abierta para lograr climatizar el habit\u00e1culo, con extremo cuidado de: primero, que el ca\u00f1o de escape no est\u00e9 bloqueado por la nieve alrededor del veh\u00edculo en cuyo caso los gases de la combusti\u00f3n ser\u00e1n aspirado por el ventilador de la calefacci\u00f3n y segundo, observar la direcci\u00f3n del viento, que no sea en el sentido de la cola hacia la trompa del veh\u00edculo.<\/p>\n<!-- \/wp:paragraph -->\n\n<!-- wp:paragraph {\"style\":{\"elements\":{\"link\":{\"color\":{\"text\":\"var:preset|color|black\"}}}},\"textColor\":\"black\"} -->\n<p class=\"has-black-color has-text-color has-link-color\">\u2705 Mov\u00e9 brazos y piernas. Peque\u00f1os ejercicios ayudan a mantener la circulaci\u00f3n.<\/p>\n<!-- \/wp:paragraph -->\n\n<!-- wp:paragraph {\"style\":{\"elements\":{\"link\":{\"color\":{\"text\":\"var:preset|color|black\"}}}},\"textColor\":\"black\"} -->\n<p class=\"has-black-color has-text-color has-link-color\">\u2705 No duerman todos al mismo tiempo. Alguien debe estar atento a la situaci\u00f3n.<\/p>\n<!-- \/wp:paragraph -->\n\n<!-- wp:paragraph {\"style\":{\"elements\":{\"link\":{\"color\":{\"text\":\"var:preset|color|black\"}}}},\"textColor\":\"black\"} -->\n<p class=\"has-black-color has-text-color has-link-color\">\u26a0 Viento Blanco: Es un fen\u00f3meno en el que la nieve transportada por el viento reduce la visibilidad a casi cero, dificultando la orientaci\u00f3n. La exposici\u00f3n a estos vientos favorece la hipotermia y congelamientos.<\/p>\n<!-- \/wp:paragraph -->\n\n<!-- wp:heading {\"level\":4,\"style\":{\"elements\":{\"link\":{\"color\":{\"text\":\"var:preset|color|black\"}}}},\"textColor\":\"black\",\"fontSize\":\"medium\"} -->\n<h4 class=\"wp-block-heading has-black-color has-text-color has-link-color has-medium-font-size\"><strong>C\u00f3mo prevenir problemas antes de salir<\/strong><\/h4>\n<!-- \/wp:heading -->\n\n<!-- wp:paragraph {\"style\":{\"elements\":{\"link\":{\"color\":{\"text\":\"var:preset|color|black\"}}}},\"textColor\":\"black\"} -->\n<p class=\"has-black-color has-text-color has-link-color\">\u2705 Informate sobre el clima. Consult\u00e1 los avisos meteorol\u00f3gicos emitidos por el Servicio Meteorol\u00f3gico Nacional y Defensa Civil a trav\u00e9s de medios oficiales y redes sociales.<\/p>\n<!-- \/wp:paragraph -->\n\n<!-- wp:paragraph {\"style\":{\"elements\":{\"link\":{\"color\":{\"text\":\"var:preset|color|black\"}}}},\"textColor\":\"black\"} -->\n<p class=\"has-black-color has-text-color has-link-color\">\u2705<strong> <\/strong>Llev\u00e1 equipo de emergencia. Una radio port\u00e1til con pilas, linterna, balizas, pala y cadenas para las ruedas pueden ser clave.<\/p>\n<!-- \/wp:paragraph -->\n\n<!-- wp:paragraph {\"style\":{\"elements\":{\"link\":{\"color\":{\"text\":\"var:preset|color|black\"}}}},\"textColor\":\"black\"} -->\n<p class=\"has-black-color has-text-color has-link-color\">\u2705 Carg\u00e1 combustible y llev\u00e1 alimentos. Opt\u00e1 por comida no perecedera y cal\u00f3rica.<\/p>\n<!-- \/wp:paragraph -->\n\n<!-- wp:paragraph {\"style\":{\"elements\":{\"link\":{\"color\":{\"text\":\"var:preset|color|black\"}}}},\"textColor\":\"black\"} -->\n<p class=\"has-black-color has-text-color has-link-color\">\u2705 Vestite con ropa adecuada<strong>.<\/strong> Us\u00e1 varias capas, prendas impermeables y protecci\u00f3n contra el viento y la nieve, llevar frazadas y abrigo extra.<\/p>\n<!-- \/wp:paragraph -->\n\n<!-- wp:heading {\"level\":4,\"style\":{\"elements\":{\"link\":{\"color\":{\"text\":\"var:preset|color|black\"}}}},\"textColor\":\"black\",\"fontSize\":\"medium\"} -->\n<h4 class=\"wp-block-heading has-black-color has-text-color has-link-color has-medium-font-size\"><strong>Consejos para manejar en condiciones adversas<\/strong><\/h4>\n<!-- \/wp:heading -->\n\n<!-- wp:paragraph {\"style\":{\"elements\":{\"link\":{\"color\":{\"text\":\"var:preset|color|black\"}}}},\"textColor\":\"black\"} -->\n<p class=\"has-black-color has-text-color has-link-color\">\ud83d\ude97 Reduc\u00ed la velocidad y encend\u00e9 las luces. La visibilidad puede ser muy baja.<br>\ud83d\ude97 Aument\u00e1 la distancia con otros veh\u00edculos. Evit\u00e1 maniobras bruscas.<\/p>\n<!-- \/wp:paragraph -->\n\n<!-- wp:paragraph {\"style\":{\"elements\":{\"link\":{\"color\":{\"text\":\"var:preset|color|black\"}}}},\"textColor\":\"black\"} -->\n<p class=\"has-black-color has-text-color has-link-color\">\ud83d\ude97 No fren\u00e9s de golpe. Us\u00e1 la caja de cambios para reducir la velocidad.<\/p>\n<!-- \/wp:paragraph -->\n\n<!-- wp:paragraph {\"style\":{\"elements\":{\"link\":{\"color\":{\"text\":\"var:preset|color|black\"}}}},\"textColor\":\"black\"} -->\n<p class=\"has-black-color has-text-color has-link-color\">\ud83d\ude97 Si el auto patina, disminu\u00ed la velocidad hasta traccionar nuevamente. No fren\u00e9s bruscamente.<\/p>\n<!-- \/wp:paragraph -->\n\n<!-- wp:paragraph {\"style\":{\"elements\":{\"link\":{\"color\":{\"text\":\"var:preset|color|black\"}}}},\"textColor\":\"black\"} -->\n<p class=\"has-black-color has-text-color has-link-color\">\ud83d\ude97 Si el veh\u00edculo derrapa, control\u00e1 la direcci\u00f3n girando la direcci\u00f3n en el mismo sentido.<\/p>\n<!-- \/wp:paragraph -->\n\n<!-- wp:heading {\"level\":4,\"style\":{\"elements\":{\"link\":{\"color\":{\"text\":\"var:preset|color|black\"}}}},\"textColor\":\"black\",\"fontSize\":\"medium\"} -->\n<h4 class=\"wp-block-heading has-black-color has-text-color has-link-color has-medium-font-size\"><strong>Qu\u00e9 hacer ante una avalancha o deslizamiento<\/strong><\/h4>\n<!-- \/wp:heading -->\n\n<!-- wp:paragraph {\"style\":{\"elements\":{\"link\":{\"color\":{\"text\":\"var:preset|color|black\"}}}},\"textColor\":\"black\"} -->\n<p class=\"has-black-color has-text-color has-link-color\">\u26d4 Si qued\u00e1s atrapado, PERO NO CUBIERTO, no salg\u00e1s del veh\u00edculo. Apag\u00e1 el motor, baj\u00e1 un poco la ventanilla y solicit\u00e1 ayuda.<\/p>\n<!-- \/wp:paragraph -->\n\n<!-- wp:paragraph {\"style\":{\"elements\":{\"link\":{\"color\":{\"text\":\"var:preset|color|black\"}}}},\"textColor\":\"black\"} -->\n<p class=\"has-black-color has-text-color has-link-color\">\u26d4 Si qued\u00e1s atrapado, CUBIERTO, trat\u00e1 de salir del veh\u00edculo de manera inmediata, tu vida est\u00e1 en peligro.<\/p>\n<!-- \/wp:paragraph -->\n\n<!-- wp:paragraph {\"style\":{\"elements\":{\"link\":{\"color\":{\"text\":\"var:preset|color|black\"}}}},\"textColor\":\"black\",\"fontSize\":\"medium\"} -->\n<p class=\"has-black-color has-text-color has-link-color has-medium-font-size\">\ud83d\udce2 <strong>En caso de emergencia:<\/strong><\/p>\n<!-- \/wp:paragraph -->\n\n<!-- wp:paragraph {\"style\":{\"elements\":{\"link\":{\"color\":{\"text\":\"var:preset|color|black\"}}}},\"textColor\":\"black\"} -->\n<p class=\"has-black-color has-text-color has-link-color\">\ud83d\udcde <strong>Llam\u00e1 al 911<\/strong> para recibir asistencia inmediata.<\/p>\n<!-- \/wp:paragraph -->\n\n<!-- wp:paragraph {\"style\":{\"elements\":{\"link\":{\"color\":{\"text\":\"var:preset|color|black\"}}}},\"textColor\":\"black\"} -->\n<p class=\"has-black-color has-text-color has-link-color\"><br><strong>\ud83d\udc68\u200d\u2695 Asistencia m\u00e9dica:<\/strong> inform\u00e1 si present\u00e1s s\u00edntomas de hipotermia o congelamiento<\/p>\n<!-- \/wp:paragraph -->\n\n<!-- wp:paragraph {\"style\":{\"elements\":{\"link\":{\"color\":{\"text\":\"var:preset|color|black\"}}}},\"textColor\":\"black\"} -->\n<p class=\"has-black-color has-text-color has-link-color\">Siguiendo estas recomendaciones, podemos reducir los riesgos y protegernos mejor en situaciones de temporal. <strong>\u00a1La prevenci\u00f3n es clave!<\/strong> \ud83d\udea8<\/p>\n<!-- \/wp:paragraph -->\n\n<!-- wp:heading {\"level\":4,\"style\":{\"elements\":{\"link\":{\"color\":{\"text\":\"var:preset|color|black\"}}}},\"textColor\":\"black\",\"fontSize\":\"medium\"} -->\n<h4 class=\"wp-block-heading has-black-color has-text-color has-link-color has-medium-font-size\"><strong>C\u00f3mo conducir durante un temporal de invierno<\/strong><\/h4>\n<!-- \/wp:heading -->\n\n<!-- wp:paragraph {\"style\":{\"elements\":{\"link\":{\"color\":{\"text\":\"var:preset|color|black\"}}}},\"textColor\":\"black\"} -->\n<p class=\"has-black-color has-text-color has-link-color\">Si te sorprende un temporal de invierno mientras manej\u00e1s, segu\u00ed estas recomendaciones para mantenerte seguro.<\/p>\n<!-- \/wp:paragraph -->\n\n<!-- wp:heading {\"level\":4,\"style\":{\"elements\":{\"link\":{\"color\":{\"text\":\"var:preset|color|black\"}}}},\"textColor\":\"black\"} -->\n<h4 class=\"wp-block-heading has-black-color has-text-color has-link-color\"><strong>Qu\u00e9 hacer si qued\u00e1s atrapado<\/strong><\/h4>\n<!-- \/wp:heading -->\n\n<!-- wp:list -->\n<ul class=\"wp-block-list\"><!-- wp:list-item {\"style\":{\"elements\":{\"link\":{\"color\":{\"text\":\"var:preset|color|black\"}}}},\"textColor\":\"black\"} -->\n<li class=\"has-black-color has-text-color has-link-color\">Permanec\u00e9 en el veh\u00edculo. No intent\u00e9s caminar en medio del \u201cViento Blanco\u201d, ya que podr\u00edas desorientarte y\/o perderte.<\/li>\n<!-- \/wp:list-item --><\/ul>\n<!-- \/wp:list -->\n\n<!-- wp:list {\"style\":{\"elements\":{\"link\":{\"color\":{\"text\":\"var:preset|color|black\"}}}},\"textColor\":\"black\"} -->\n<ul class=\"wp-block-list has-black-color has-text-color has-link-color\"><!-- wp:list-item -->\n<li>Evit\u00e1 el esfuerzo f\u00edsico extremo. Actividades como empujar el auto o quitar nieve pueden ser peligrosas.<\/li>\n<!-- \/wp:list-item --><\/ul>\n<!-- \/wp:list -->\n\n<!-- wp:list {\"style\":{\"elements\":{\"link\":{\"color\":{\"text\":\"var:preset|color|black\"}}}},\"textColor\":\"black\"} -->\n<ul class=\"wp-block-list has-black-color has-text-color has-link-color\"><!-- wp:list-item -->\n<li>Ventil\u00e1 el auto. Encend\u00e9 el motor y la calefacci\u00f3n en intervalos cortos y dej\u00e1 una ventanilla apenas abierta para lograr climatizar el habit\u00e1culo. Hacelo con extremo cuidado asegur\u00e1ndote de que:<\/li>\n<!-- \/wp:list-item --><\/ul>\n<!-- \/wp:list -->\n\n<!-- wp:list {\"ordered\":true} -->\n<ol class=\"wp-block-list\"><!-- wp:list-item {\"style\":{\"elements\":{\"link\":{\"color\":{\"text\":\"var:preset|color|black\"}}}},\"textColor\":\"black\"} -->\n<li class=\"has-black-color has-text-color has-link-color\">El ca\u00f1o de escape no est\u00e9 bloqueado por la nieve alrededor del veh\u00edculo, ya que los gases de la combusti\u00f3n podr\u00edan ser aspirados por el ventilador de la calefacci\u00f3n.<\/li>\n<!-- \/wp:list-item -->\n\n<!-- wp:list-item {\"style\":{\"elements\":{\"link\":{\"color\":{\"text\":\"var:preset|color|black\"}}}},\"textColor\":\"black\"} -->\n<li class=\"has-black-color has-text-color has-link-color\">Observ\u00e1 la direcci\u00f3n del viento, para que no sea en el sentido de la cola hacia la trompa del veh\u00edculo.<\/li>\n<!-- \/wp:list-item --><\/ol>\n<!-- \/wp:list -->\n\n<!-- wp:list {\"style\":{\"elements\":{\"link\":{\"color\":{\"text\":\"var:preset|color|black\"}}}},\"textColor\":\"black\"} -->\n<ul class=\"wp-block-list has-black-color has-text-color has-link-color\"><!-- wp:list-item -->\n<li>Mov\u00e9 brazos y piernas. Peque\u00f1os ejercicios ayudan a mantener la circulaci\u00f3n.<\/li>\n<!-- \/wp:list-item --><\/ul>\n<!-- \/wp:list -->\n\n<!-- wp:list {\"style\":{\"elements\":{\"link\":{\"color\":{\"text\":\"var:preset|color|black\"}}}},\"textColor\":\"black\"} -->\n<ul class=\"wp-block-list has-black-color has-text-color has-link-color\"><!-- wp:list-item -->\n<li>No duerman todos al mismo tiempo. Alguien debe estar atento a la situaci\u00f3n.<\/li>\n<!-- \/wp:list-item --><\/ul>\n<!-- \/wp:list -->\n\n<!-- wp:paragraph {\"style\":{\"elements\":{\"link\":{\"color\":{\"text\":\"var:preset|color|black\"}}}},\"textColor\":\"black\"} -->\n<p class=\"has-black-color has-text-color has-link-color\"><strong>\u00a1Atenci\u00f3n al Viento Blanco!<\/strong> Es un fen\u00f3meno en el que la nieve transportada por el viento reduce la visibilidad a casi cero, dificultando la orientaci\u00f3n. La exposici\u00f3n prolongada puede provocar hipotermia y congelamiento.<\/p>\n<!-- \/wp:paragraph -->\n\n<!-- wp:heading {\"level\":4,\"style\":{\"elements\":{\"link\":{\"color\":{\"text\":\"var:preset|color|black\"}}}},\"textColor\":\"black\",\"fontSize\":\"medium\"} -->\n<h4 class=\"wp-block-heading has-black-color has-text-color has-link-color has-medium-font-size\"><strong>C\u00f3mo prevenir problemas antes de salir<\/strong><\/h4>\n<!-- \/wp:heading -->\n\n<!-- wp:list -->\n<ul class=\"wp-block-list\"><!-- wp:list-item {\"style\":{\"elements\":{\"link\":{\"color\":{\"text\":\"var:preset|color|black\"}}}},\"textColor\":\"black\"} -->\n<li class=\"has-black-color has-text-color has-link-color\">Informate sobre el clima. Consult\u00e1 los avisos meteorol\u00f3gicos emitidos por el Servicio Meteorol\u00f3gico Nacional y Defensa Civil a trav\u00e9s de medios oficiales y redes sociales.<\/li>\n<!-- \/wp:list-item --><\/ul>\n<!-- \/wp:list -->\n\n<!-- wp:list {\"style\":{\"elements\":{\"link\":{\"color\":{\"text\":\"var:preset|color|black\"}}}},\"textColor\":\"black\"} -->\n<ul class=\"wp-block-list has-black-color has-text-color has-link-color\"><!-- wp:list-item -->\n<li>Llev\u00e1 equipo de emergencia. Inclu\u00ed una radio port\u00e1til con pilas, linterna, balizas y cadenas para las ruedas.<\/li>\n<!-- \/wp:list-item --><\/ul>\n<!-- \/wp:list -->\n\n<!-- wp:list {\"style\":{\"elements\":{\"link\":{\"color\":{\"text\":\"var:preset|color|black\"}}}},\"textColor\":\"black\"} -->\n<ul class=\"wp-block-list has-black-color has-text-color has-link-color\"><!-- wp:list-item -->\n<li>Carg\u00e1 combustible y llev\u00e1 alimentos.<strong> <\/strong>Opt\u00e1 por comida no perecedera y cal\u00f3rica.<\/li>\n<!-- \/wp:list-item --><\/ul>\n<!-- \/wp:list -->\n\n<!-- wp:list {\"style\":{\"elements\":{\"link\":{\"color\":{\"text\":\"var:preset|color|black\"}}}},\"textColor\":\"black\"} -->\n<ul class=\"wp-block-list has-black-color has-text-color has-link-color\"><!-- wp:list-item -->\n<li>Vestite con ropa adecuada. Us\u00e1 varias capas, prendas impermeables y protecci\u00f3n contra el viento y la nieve. Llev\u00e1 frazadas y abrigo extra.<\/li>\n<!-- \/wp:list-item --><\/ul>\n<!-- \/wp:list -->\n\n<!-- wp:heading {\"level\":4,\"style\":{\"elements\":{\"link\":{\"color\":{\"text\":\"var:preset|color|black\"}}}},\"textColor\":\"black\",\"fontSize\":\"medium\"} -->\n<h4 class=\"wp-block-heading has-black-color has-text-color has-link-color has-medium-font-size\"><strong>Consejos para manejar en condiciones adversas<\/strong><\/h4>\n<!-- \/wp:heading -->\n\n<!-- wp:list {\"style\":{\"elements\":{\"link\":{\"color\":{\"text\":\"var:preset|color|black\"}}}},\"textColor\":\"black\"} -->\n<ul class=\"wp-block-list has-black-color has-text-color has-link-color\"><!-- wp:list-item -->\n<li>Reduc\u00ed la velocidad y encend\u00e9 las luces. La visibilidad puede ser muy baja.<\/li>\n<!-- \/wp:list-item --><\/ul>\n<!-- \/wp:list -->\n\n<!-- wp:list {\"style\":{\"elements\":{\"link\":{\"color\":{\"text\":\"var:preset|color|black\"}}}},\"textColor\":\"black\"} -->\n<ul class=\"wp-block-list has-black-color has-text-color has-link-color\"><!-- wp:list-item -->\n<li>Aument\u00e1 la distancia con otros veh\u00edculos. Evit\u00e1 maniobras bruscas.<\/li>\n<!-- \/wp:list-item --><\/ul>\n<!-- \/wp:list -->\n\n<!-- wp:list {\"style\":{\"elements\":{\"link\":{\"color\":{\"text\":\"var:preset|color|black\"}}}},\"textColor\":\"black\"} -->\n<ul class=\"wp-block-list has-black-color has-text-color has-link-color\"><!-- wp:list-item -->\n<li>No fren\u00e9s de golpe. Us\u00e1 la caja de cambios para reducir la velocidad.<\/li>\n<!-- \/wp:list-item --><\/ul>\n<!-- \/wp:list -->\n\n<!-- wp:list {\"style\":{\"elements\":{\"link\":{\"color\":{\"text\":\"var:preset|color|black\"}}}},\"textColor\":\"black\"} -->\n<ul class=\"wp-block-list has-black-color has-text-color has-link-color\"><!-- wp:list-item -->\n<li>Si el auto patina, disminu\u00ed la velocidad hasta que vuelva a traccionar. No fren\u00e9s bruscamente.<\/li>\n<!-- \/wp:list-item --><\/ul>\n<!-- \/wp:list -->\n\n<!-- wp:list {\"style\":{\"elements\":{\"link\":{\"color\":{\"text\":\"var:preset|color|black\"}}}},\"textColor\":\"black\"} -->\n<ul class=\"wp-block-list has-black-color has-text-color has-link-color\"><!-- wp:list-item -->\n<li>Si el veh\u00edculo derrapa, control\u00e1 la direcci\u00f3n girando el volante en el mismo sentido del derrape.<\/li>\n<!-- \/wp:list-item --><\/ul>\n<!-- \/wp:list -->\n\n<!-- wp:heading {\"level\":4,\"style\":{\"elements\":{\"link\":{\"color\":{\"text\":\"var:preset|color|black\"}}}},\"textColor\":\"black\",\"fontSize\":\"medium\"} -->\n<h4 class=\"wp-block-heading has-black-color has-text-color has-link-color has-medium-font-size\"><strong>Qu\u00e9 hacer ante una avalancha o deslizamiento<\/strong><\/h4>\n<!-- \/wp:heading -->\n\n<!-- wp:list {\"style\":{\"elements\":{\"link\":{\"color\":{\"text\":\"var:preset|color|black\"}}}},\"textColor\":\"black\"} -->\n<ul class=\"wp-block-list has-black-color has-text-color has-link-color\"><!-- wp:list-item -->\n<li>Si qued\u00e1s atrapado, pero no cubierto:<strong> <\/strong>No salgas del veh\u00edculo. Apag\u00e1 el motor, baj\u00e1 un poco la ventanilla y solicit\u00e1 ayuda.<\/li>\n<!-- \/wp:list-item --><\/ul>\n<!-- \/wp:list -->\n\n<!-- wp:list {\"style\":{\"elements\":{\"link\":{\"color\":{\"text\":\"var:preset|color|black\"}}}},\"textColor\":\"black\"} -->\n<ul class=\"wp-block-list has-black-color has-text-color has-link-color\"><!-- wp:list-item -->\n<li>Si qued\u00e1s atrapado y cubierto: Trat\u00e1 de salir del veh\u00edculo de manera inmediata, tu vida est\u00e1 en peligro.<\/li>\n<!-- \/wp:list-item --><\/ul>\n<!-- \/wp:list -->\n\n<!-- wp:paragraph {\"style\":{\"elements\":{\"link\":{\"color\":{\"text\":\"var:preset|color|black\"}}}},\"textColor\":\"black\",\"fontSize\":\"medium\"} -->\n<p class=\"has-black-color has-text-color has-link-color has-medium-font-size\"><strong>Siguiendo estas recomendaciones, podemos reducir los riesgos y protegernos mejor en situaciones de temporal. \u00a1La prevenci\u00f3n es clave! \ud83d\udea8<\/strong><\/p>\n<!-- \/wp:paragraph -->","_et_gb_content_width":"1080","footnotes":""},"class_list":["post-1054","page","type-page","status-publish","hentry"],"_links":{"self":[{"href":"https:\/\/sitios-nonprod.mendoza.gob.ar\/seguridadyjusticia\/wp-json\/wp\/v2\/pages\/1054","targetHints":{"allow":["GET"]}}],"collection":[{"href":"https:\/\/sitios-nonprod.mendoza.gob.ar\/seguridadyjusticia\/wp-json\/wp\/v2\/pages"}],"about":[{"href":"https:\/\/sitios-nonprod.mendoza.gob.ar\/seguridadyjusticia\/wp-json\/wp\/v2\/types\/page"}],"author":[{"embeddable":true,"href":"https:\/\/sitios-nonprod.mendoza.gob.ar\/seguridadyjusticia\/wp-json\/wp\/v2\/users\/26"}],"replies":[{"embeddable":true,"href":"https:\/\/sitios-nonprod.mendoza.gob.ar\/seguridadyjusticia\/wp-json\/wp\/v2\/comments?post=1054"}],"version-history":[{"count":5,"href":"https:\/\/sitios-nonprod.mendoza.gob.ar\/seguridadyjusticia\/wp-json\/wp\/v2\/pages\/1054\/revisions"}],"predecessor-version":[{"id":1841,"href":"https:\/\/sitios-nonprod.mendoza.gob.ar\/seguridadyjusticia\/wp-json\/wp\/v2\/pages\/1054\/revisions\/1841"}],"wp:attachment":[{"href":"https:\/\/sitios-nonprod.mendoza.gob.ar\/seguridadyjusticia\/wp-json\/wp\/v2\/media?parent=1054"}],"curies":[{"name":"wp","href":"https:\/\/api.w.org\/{rel}","templated":true}]}}