{"id":1072,"date":"2025-07-23T21:52:13","date_gmt":"2025-07-23T19:52:13","guid":{"rendered":"https:\/\/sitios-nonprod.mendoza.gob.ar\/seguridadyjusticia\/?page_id=1072"},"modified":"2025-08-13T19:36:31","modified_gmt":"2025-08-13T17:36:31","slug":"denuncias","status":"publish","type":"page","link":"https:\/\/sitios-nonprod.mendoza.gob.ar\/seguridadyjusticia\/denuncias\/","title":{"rendered":"Denuncias"},"content":{"rendered":"[et_pb_section fb_built=\u00bb1&#8243; admin_label=\u00bbsection\u00bb _builder_version=\u00bb4.16&#8243; global_colors_info=\u00bb{}\u00bb][et_pb_row admin_label=\u00bbrow\u00bb _builder_version=\u00bb4.16&#8243; background_size=\u00bbinitial\u00bb background_position=\u00bbtop_left\u00bb background_repeat=\u00bbrepeat\u00bb global_colors_info=\u00bb{}\u00bb][et_pb_column type=\u00bb4_4&#8243; _builder_version=\u00bb4.16&#8243; custom_padding=\u00bb|||\u00bb global_colors_info=\u00bb{}\u00bb custom_padding__hover=\u00bb|||\u00bb][et_pb_post_title _builder_version=\u00bb4.27.4&#8243; _module_preset=\u00bbdefault\u00bb meta=\u00bboff\u00bb featured_image=\u00bboff\u00bb hover_enabled=\u00bb0&#8243; sticky_enabled=\u00bb0&#8243; locked=\u00bboff\u00bb][\/et_pb_post_title][et_pb_text admin_label=\u00bbText\u00bb _builder_version=\u00bb4.16&#8243; background_size=\u00bbinitial\u00bb background_position=\u00bbtop_left\u00bb background_repeat=\u00bbrepeat\u00bb global_colors_info=\u00bb{}\u00bb]\n<p class=\"has-black-color has-text-color has-link-color has-medium-font-size wp-elements-c470eed212ed61e383792811f9e6d7be\"><strong>\u00bfSab\u00edas qu\u00e9 contamos con un organismo qu\u00e9 controla al personal policial y penitenciario?<\/strong><\/p>\n\n\n\n<p class=\"has-black-color has-text-color has-link-color wp-elements-b8cd19490bcb800da4602b7330cf2fff\">La Inspecci\u00f3n General de Seguridad es un \u00f3rgano de control externo de las fuerzas de seguridad en Mendoza.<\/p>\n\n\n\n<p class=\"has-black-color has-text-color has-link-color wp-elements-14c1f96519c1f78d173540afa6fa4fd7\">Su funci\u00f3n principal es supervisar el accionar del personal policial y penitenciario, asegurando que se respete la ley, los derechos humanos y los principios del Estado de Derecho. Tiene la responsabilidad de investigar posibles faltas administrativas y conductas indebidas, y promover medidas disciplinarias cuando corresponda.<\/p>\n\n\n\n<p class=\"has-black-color has-text-color has-link-color wp-elements-ef8b41a09d9d6eb8af0869499a2f86a6\">Tambi\u00e9n recibe denuncias de la ciudadan\u00eda sobre hechos de violencia institucional u otras irregularidades, y act\u00faa con autonom\u00eda para garantizar transparencia y responsabilidad en la funci\u00f3n policial y penitenciaria.<\/p>\n\n\n\n<p class=\"has-black-color has-text-color has-link-color wp-elements-72701f433b8556dae23737bbd8687b05\"><em>Si has sido v\u00edctima o testigo de una conducta irregular por parte de personal policial o penitenciario, pod\u00e9s presentar una denuncia a trav\u00e9s de los canales oficiales.<\/em><\/p>\n\n\n\n<p class=\"has-black-color has-text-color has-link-color wp-elements-a01f1d560cb23aedb35ab0e2466019df\"><em>Aqu\u00ed te indicamos c\u00f3mo hacerlo correctamente.<\/em><\/p>\n\n\n\n<p class=\"has-black-color has-text-color has-link-color has-medium-font-size wp-elements-6f71d9a685f0c0eac382d9ef81179ef6\"><strong>Denuncias:<\/strong><\/p>\n\n\n\n<p class=\"has-black-color has-text-color has-link-color wp-elements-afde54ea6c4ce658467fa4a5dc4a1290\">Pod\u00e9s hacer la denuncia de manera presencial en nuestra Sede Central o en cualquiera de nuestras delegaciones.<\/p>\n\n\n\n<p class=\"has-black-color has-text-color has-link-color wp-elements-92b1652e1bd66f8ebfa50022e7577dcf\"><strong>SEDE CENTRAL<br><\/strong>&nbsp;\ud83d\udccd Av. San Mart\u00edn 1027, 1er piso, Unidad 5<br>&nbsp;\ud83d\udd57 Lunes a viernes de 08:00 a 16:00 hs<\/p>\n\n\n\n<p class=\"has-black-color has-text-color has-link-color wp-elements-63c835c47fd4d9cf6fc077409d4c0b29\"><strong>VALLE DE UCO<br><\/strong>&nbsp;\ud83d\udccd Calle Las Heras 302, Eugenio Bustos, San Carlos<br>&nbsp;\ud83d\udd57 Lunes a viernes de 08:00 a 14:00 hs<\/p>\n\n\n\n<p class=\"has-black-color has-text-color has-link-color wp-elements-25c449cb8b13bb09f7af8de72c8fc339\"><strong>ZONA ESTE<br><\/strong>&nbsp;\ud83d\udccd Calle Rom\u00e1n Cano 163, Jun\u00edn<br>&nbsp;\ud83d\udd57 Lunes a viernes de 08:00 a 14:00 hs<\/p>\n\n\n\n<p class=\"has-black-color has-text-color has-link-color wp-elements-8edf6e9fc805c0aec0ee807d7a7f54de\"><strong>ZONA SUR<br><\/strong>&nbsp;\ud83d\udccd Avenida El Libertador 41, 1\u00b0 piso, San Rafael<br>&nbsp;\ud83d\udd57 Lunes a viernes de 08:00 a 14:00 hs<\/p>\n\n\n\n<p class=\"has-black-color has-text-color has-link-color wp-elements-5e56c138af80f1834684e90a7b2d1cb9\">Tambi\u00e9n pod\u00e9s presentar tu denuncia de forma online enviando un correo electr\u00f3nico a <a href=\"mailto:mentradas-igs@mendoza.gov.ar\"><strong>mentradas-igs@mendoza.gov.ar<\/strong><\/a><strong>. <\/strong>En el asunto, le recomendamos indicar \u201cDenuncia contra personal policial\u201d o \u201cDenuncia contra personal penitenciario\u201d y todos los datos que permitan identificar al personal involucrado.<\/p>\n\n\n\n<p class=\"has-black-color has-text-color has-link-color has-medium-font-size wp-elements-6a43189ec29d4fef61b13345b7311bf8\"><strong>Denuncias an\u00f3nimas:<\/strong><\/p>\n\n\n\n<p class=\"has-black-color has-text-color has-link-color wp-elements-a58cbc5395b11e60df998e6a04a05bbc\">Si se prefiere, se puede realizar una denuncia an\u00f3nima. Sin embargo, se debe tener en cuenta que en estos casos, la Inspecci\u00f3n General de Seguridad no podr\u00e1 contactarse con la persona que denuncia para solicitar informaci\u00f3n adicional ni brindar actualizaciones sobre el avance de la investigaci\u00f3n.<\/p>\n\n\n\n<p class=\"has-black-color has-text-color has-link-color has-medium-font-size wp-elements-2db03f680b3498bb3c50f9d85d9656d1\"><strong>\u00bfQue datos y pruebas se deber\u00edan incluir en la denuncia?<\/strong><\/p>\n\n\n\n<ul class=\"wp-block-list\">\n<li class=\"has-black-color has-text-color has-link-color wp-elements-bb8740308edbc6c76b9d7cd14ac0f2d8\">Datos de la persona que denuncia: nombre, apellido, domicilio, tel\u00e9fono y correo electr\u00f3nico, salvo que se trate de una denuncia an\u00f3nima.<\/li>\n\n\n\n<li class=\"has-black-color has-text-color has-link-color wp-elements-69dcfa17358dd9d5a1daa1f33ecb8c75\">Fecha, hora y lugar del hecho lo m\u00e1s exacto posible.<\/li>\n\n\n\n<li class=\"has-black-color has-text-color has-link-color wp-elements-c0b62a240a327e8c2e62779daafd2577\">Caracter\u00edsticas f\u00edsicas y de vestimenta de las personas involucradas.<\/li>\n\n\n\n<li class=\"has-black-color has-text-color has-link-color wp-elements-9746c2cadeed76c4dfdf4902bdb688ef\">Caracter\u00edsticas de los veh\u00edculos involucrados, tales como n\u00famero de movilidad, patente, color, marca y modelo.<\/li>\n\n\n\n<li class=\"has-black-color has-text-color has-link-color wp-elements-b80c92aac9a18280f9f05d79ee6fa917\">Informaci\u00f3n de posibles testigos.<\/li>\n\n\n\n<li class=\"has-black-color has-text-color has-link-color wp-elements-c42f4b04f0db8898ec554051a683991a\">Cualquier material de prueba f\u00edsica o digital del que se disponga, tales como grabaciones, fotos, documentos u otros.<\/li>\n<\/ul>\n\n\n\n<p class=\"has-black-color has-text-color has-link-color has-medium-font-size wp-elements-3d8f521804142d694237b87472eea801\"><br><strong>\u00bfPor qu\u00e9 es importante aportar datos y pruebas?<\/strong><\/p>\n\n\n\n<p class=\"has-black-color has-text-color has-link-color wp-elements-9345605c823d60030705c2b95fbb474c\">Independientemente de que la denuncia sea presencial, virtual o an\u00f3nima, toda la informaci\u00f3n disponible es fundamental para que la investigaci\u00f3n pueda prosperar y se tomen las medidas correspondientes.<\/p>\n\n\n\n<p class=\"has-black-color has-text-color has-link-color wp-elements-1de7050adeb7c714c9b3765d8063236a\">No hace falta tener pruebas ni presenciar el hecho para denunciar. Contribuir con lo que sab\u00e9s es un paso clave para prevenir y actuar frente a situaciones que afectan a la seguridad y los derechos de todos.<\/p>\n[\/et_pb_text][\/et_pb_column][\/et_pb_row][\/et_pb_section]","protected":false},"excerpt":{"rendered":"<p>\u00bfSab\u00edas qu\u00e9 contamos con un organismo qu\u00e9 controla al personal policial y penitenciario? La Inspecci\u00f3n General de Seguridad es un \u00f3rgano de control externo de las fuerzas de seguridad en Mendoza. Su funci\u00f3n principal es supervisar el accionar del personal policial y penitenciario, asegurando que se respete la ley, los derechos humanos y los principios [&hellip;]<\/p>\n","protected":false},"author":26,"featured_media":0,"parent":0,"menu_order":0,"comment_status":"closed","ping_status":"closed","template":"","meta":{"_et_pb_use_builder":"on","_et_pb_old_content":"<!-- wp:paragraph {\"style\":{\"elements\":{\"link\":{\"color\":{\"text\":\"var:preset|color|black\"}}}},\"textColor\":\"black\",\"fontSize\":\"medium\"} -->\n<p class=\"has-black-color has-text-color has-link-color has-medium-font-size\"><strong>\u00bfSab\u00edas qu\u00e9 contamos con un organismo qu\u00e9 controla al personal policial y penitenciario?<\/strong><\/p>\n<!-- \/wp:paragraph -->\n\n<!-- wp:paragraph {\"style\":{\"elements\":{\"link\":{\"color\":{\"text\":\"var:preset|color|black\"}}}},\"textColor\":\"black\"} -->\n<p class=\"has-black-color has-text-color has-link-color\">La Inspecci\u00f3n General de Seguridad es un \u00f3rgano de control externo de las fuerzas de seguridad en Mendoza.<\/p>\n<!-- \/wp:paragraph -->\n\n<!-- wp:paragraph {\"style\":{\"elements\":{\"link\":{\"color\":{\"text\":\"var:preset|color|black\"}}}},\"textColor\":\"black\"} -->\n<p class=\"has-black-color has-text-color has-link-color\">Su funci\u00f3n principal es supervisar el accionar del personal policial y penitenciario, asegurando que se respete la ley, los derechos humanos y los principios del Estado de Derecho. Tiene la responsabilidad de investigar posibles faltas administrativas y conductas indebidas, y promover medidas disciplinarias cuando corresponda.<\/p>\n<!-- \/wp:paragraph -->\n\n<!-- wp:paragraph {\"style\":{\"elements\":{\"link\":{\"color\":{\"text\":\"var:preset|color|black\"}}}},\"textColor\":\"black\"} -->\n<p class=\"has-black-color has-text-color has-link-color\">Tambi\u00e9n recibe denuncias de la ciudadan\u00eda sobre hechos de violencia institucional u otras irregularidades, y act\u00faa con autonom\u00eda para garantizar transparencia y responsabilidad en la funci\u00f3n policial y penitenciaria.<\/p>\n<!-- \/wp:paragraph -->\n\n<!-- wp:paragraph {\"style\":{\"elements\":{\"link\":{\"color\":{\"text\":\"var:preset|color|black\"}}}},\"textColor\":\"black\"} -->\n<p class=\"has-black-color has-text-color has-link-color\"><em>Si has sido v\u00edctima o testigo de una conducta irregular por parte de personal policial o penitenciario, pod\u00e9s presentar una denuncia a trav\u00e9s de los canales oficiales.<\/em><\/p>\n<!-- \/wp:paragraph -->\n\n<!-- wp:paragraph {\"style\":{\"elements\":{\"link\":{\"color\":{\"text\":\"var:preset|color|black\"}}}},\"textColor\":\"black\"} -->\n<p class=\"has-black-color has-text-color has-link-color\"><em>Aqu\u00ed te indicamos c\u00f3mo hacerlo correctamente.<\/em><\/p>\n<!-- \/wp:paragraph -->\n\n<!-- wp:paragraph {\"style\":{\"elements\":{\"link\":{\"color\":{\"text\":\"var:preset|color|black\"}}}},\"textColor\":\"black\",\"fontSize\":\"medium\"} -->\n<p class=\"has-black-color has-text-color has-link-color has-medium-font-size\"><strong>Denuncias:<\/strong><\/p>\n<!-- \/wp:paragraph -->\n\n<!-- wp:paragraph {\"style\":{\"elements\":{\"link\":{\"color\":{\"text\":\"var:preset|color|black\"}}}},\"textColor\":\"black\"} -->\n<p class=\"has-black-color has-text-color has-link-color\">Pod\u00e9s hacer la denuncia de manera presencial en nuestra Sede Central o en cualquiera de nuestras delegaciones.<\/p>\n<!-- \/wp:paragraph -->\n\n<!-- wp:paragraph {\"style\":{\"elements\":{\"link\":{\"color\":{\"text\":\"var:preset|color|black\"}}}},\"textColor\":\"black\"} -->\n<p class=\"has-black-color has-text-color has-link-color\"><strong>SEDE CENTRAL<br><\/strong>&nbsp;\ud83d\udccd Av. San Mart\u00edn 1027, 1er piso, Unidad 5<br>&nbsp;\ud83d\udd57 Lunes a viernes de 08:00 a 16:00 hs<\/p>\n<!-- \/wp:paragraph -->\n\n<!-- wp:paragraph {\"style\":{\"elements\":{\"link\":{\"color\":{\"text\":\"var:preset|color|black\"}}}},\"textColor\":\"black\"} -->\n<p class=\"has-black-color has-text-color has-link-color\"><strong>VALLE DE UCO<br><\/strong>&nbsp;\ud83d\udccd Calle Las Heras 302, Eugenio Bustos, San Carlos<br>&nbsp;\ud83d\udd57 Lunes a viernes de 08:00 a 14:00 hs<\/p>\n<!-- \/wp:paragraph -->\n\n<!-- wp:paragraph {\"style\":{\"elements\":{\"link\":{\"color\":{\"text\":\"var:preset|color|black\"}}}},\"textColor\":\"black\"} -->\n<p class=\"has-black-color has-text-color has-link-color\"><strong>ZONA ESTE<br><\/strong>&nbsp;\ud83d\udccd Calle Rom\u00e1n Cano 163, Jun\u00edn<br>&nbsp;\ud83d\udd57 Lunes a viernes de 08:00 a 14:00 hs<\/p>\n<!-- \/wp:paragraph -->\n\n<!-- wp:paragraph {\"style\":{\"elements\":{\"link\":{\"color\":{\"text\":\"var:preset|color|black\"}}}},\"textColor\":\"black\"} -->\n<p class=\"has-black-color has-text-color has-link-color\"><strong>ZONA SUR<br><\/strong>&nbsp;\ud83d\udccd Avenida El Libertador 41, 1\u00b0 piso, San Rafael<br>&nbsp;\ud83d\udd57 Lunes a viernes de 08:00 a 14:00 hs<\/p>\n<!-- \/wp:paragraph -->\n\n<!-- wp:paragraph {\"style\":{\"elements\":{\"link\":{\"color\":{\"text\":\"var:preset|color|black\"}}}},\"textColor\":\"black\"} -->\n<p class=\"has-black-color has-text-color has-link-color\">Tambi\u00e9n pod\u00e9s presentar tu denuncia de forma online enviando un correo electr\u00f3nico a <a href=\"mailto:mentradas-igs@mendoza.gov.ar\"><strong>mentradas-igs@mendoza.gov.ar<\/strong><\/a><strong>. <\/strong>En el asunto, le recomendamos indicar \u201cDenuncia contra personal policial\u201d o \u201cDenuncia contra personal penitenciario\u201d y todos los datos que permitan identificar al personal involucrado.<\/p>\n<!-- \/wp:paragraph -->\n\n<!-- wp:paragraph {\"style\":{\"elements\":{\"link\":{\"color\":{\"text\":\"var:preset|color|black\"}}}},\"textColor\":\"black\",\"fontSize\":\"medium\"} -->\n<p class=\"has-black-color has-text-color has-link-color has-medium-font-size\"><strong>Denuncias an\u00f3nimas:<\/strong><\/p>\n<!-- \/wp:paragraph -->\n\n<!-- wp:paragraph {\"style\":{\"elements\":{\"link\":{\"color\":{\"text\":\"var:preset|color|black\"}}}},\"textColor\":\"black\"} -->\n<p class=\"has-black-color has-text-color has-link-color\">Si se prefiere, se puede realizar una denuncia an\u00f3nima. Sin embargo, se debe tener en cuenta que en estos casos, la Inspecci\u00f3n General de Seguridad no podr\u00e1 contactarse con la persona que denuncia para solicitar informaci\u00f3n adicional ni brindar actualizaciones sobre el avance de la investigaci\u00f3n.<\/p>\n<!-- \/wp:paragraph -->\n\n<!-- wp:paragraph {\"style\":{\"elements\":{\"link\":{\"color\":{\"text\":\"var:preset|color|black\"}}}},\"textColor\":\"black\",\"fontSize\":\"medium\"} -->\n<p class=\"has-black-color has-text-color has-link-color has-medium-font-size\"><strong>\u00bfQue datos y pruebas se deber\u00edan incluir en la denuncia?<\/strong><\/p>\n<!-- \/wp:paragraph -->\n\n<!-- wp:list -->\n<ul class=\"wp-block-list\"><!-- wp:list-item {\"style\":{\"elements\":{\"link\":{\"color\":{\"text\":\"var:preset|color|black\"}}}},\"textColor\":\"black\"} -->\n<li class=\"has-black-color has-text-color has-link-color\">Datos de la persona que denuncia: nombre, apellido, domicilio, tel\u00e9fono y correo electr\u00f3nico, salvo que se trate de una denuncia an\u00f3nima.<\/li>\n<!-- \/wp:list-item -->\n\n<!-- wp:list-item {\"style\":{\"elements\":{\"link\":{\"color\":{\"text\":\"var:preset|color|black\"}}}},\"textColor\":\"black\"} -->\n<li class=\"has-black-color has-text-color has-link-color\">Fecha, hora y lugar del hecho lo m\u00e1s exacto posible.<\/li>\n<!-- \/wp:list-item -->\n\n<!-- wp:list-item {\"style\":{\"elements\":{\"link\":{\"color\":{\"text\":\"var:preset|color|black\"}}}},\"textColor\":\"black\"} -->\n<li class=\"has-black-color has-text-color has-link-color\">Caracter\u00edsticas f\u00edsicas y de vestimenta de las personas involucradas.<\/li>\n<!-- \/wp:list-item -->\n\n<!-- wp:list-item {\"style\":{\"elements\":{\"link\":{\"color\":{\"text\":\"var:preset|color|black\"}}}},\"textColor\":\"black\"} -->\n<li class=\"has-black-color has-text-color has-link-color\">Caracter\u00edsticas de los veh\u00edculos involucrados, tales como n\u00famero de movilidad, patente, color, marca y modelo.<\/li>\n<!-- \/wp:list-item -->\n\n<!-- wp:list-item {\"style\":{\"elements\":{\"link\":{\"color\":{\"text\":\"var:preset|color|black\"}}}},\"textColor\":\"black\"} -->\n<li class=\"has-black-color has-text-color has-link-color\">Informaci\u00f3n de posibles testigos.<\/li>\n<!-- \/wp:list-item -->\n\n<!-- wp:list-item {\"style\":{\"elements\":{\"link\":{\"color\":{\"text\":\"var:preset|color|black\"}}}},\"textColor\":\"black\"} -->\n<li class=\"has-black-color has-text-color has-link-color\">Cualquier material de prueba f\u00edsica o digital del que se disponga, tales como grabaciones, fotos, documentos u otros.<\/li>\n<!-- \/wp:list-item --><\/ul>\n<!-- \/wp:list -->\n\n<!-- wp:paragraph {\"style\":{\"elements\":{\"link\":{\"color\":{\"text\":\"var:preset|color|black\"}}}},\"textColor\":\"black\",\"fontSize\":\"medium\"} -->\n<p class=\"has-black-color has-text-color has-link-color has-medium-font-size\"><br><strong>\u00bfPor qu\u00e9 es importante aportar datos y pruebas?<\/strong><\/p>\n<!-- \/wp:paragraph -->\n\n<!-- wp:paragraph {\"style\":{\"elements\":{\"link\":{\"color\":{\"text\":\"var:preset|color|black\"}}}},\"textColor\":\"black\"} -->\n<p class=\"has-black-color has-text-color has-link-color\">Independientemente de que la denuncia sea presencial, virtual o an\u00f3nima, toda la informaci\u00f3n disponible es fundamental para que la investigaci\u00f3n pueda prosperar y se tomen las medidas correspondientes.<\/p>\n<!-- \/wp:paragraph -->\n\n<!-- wp:paragraph {\"style\":{\"elements\":{\"link\":{\"color\":{\"text\":\"var:preset|color|black\"}}}},\"textColor\":\"black\"} -->\n<p class=\"has-black-color has-text-color has-link-color\">No hace falta tener pruebas ni presenciar el hecho para denunciar. Contribuir con lo que sab\u00e9s es un paso clave para prevenir y actuar frente a situaciones que afectan a la seguridad y los derechos de todos.<\/p>\n<!-- \/wp:paragraph -->","_et_gb_content_width":"1080","footnotes":""},"class_list":["post-1072","page","type-page","status-publish","hentry"],"_links":{"self":[{"href":"https:\/\/sitios-nonprod.mendoza.gob.ar\/seguridadyjusticia\/wp-json\/wp\/v2\/pages\/1072","targetHints":{"allow":["GET"]}}],"collection":[{"href":"https:\/\/sitios-nonprod.mendoza.gob.ar\/seguridadyjusticia\/wp-json\/wp\/v2\/pages"}],"about":[{"href":"https:\/\/sitios-nonprod.mendoza.gob.ar\/seguridadyjusticia\/wp-json\/wp\/v2\/types\/page"}],"author":[{"embeddable":true,"href":"https:\/\/sitios-nonprod.mendoza.gob.ar\/seguridadyjusticia\/wp-json\/wp\/v2\/users\/26"}],"replies":[{"embeddable":true,"href":"https:\/\/sitios-nonprod.mendoza.gob.ar\/seguridadyjusticia\/wp-json\/wp\/v2\/comments?post=1072"}],"version-history":[{"count":7,"href":"https:\/\/sitios-nonprod.mendoza.gob.ar\/seguridadyjusticia\/wp-json\/wp\/v2\/pages\/1072\/revisions"}],"predecessor-version":[{"id":1861,"href":"https:\/\/sitios-nonprod.mendoza.gob.ar\/seguridadyjusticia\/wp-json\/wp\/v2\/pages\/1072\/revisions\/1861"}],"wp:attachment":[{"href":"https:\/\/sitios-nonprod.mendoza.gob.ar\/seguridadyjusticia\/wp-json\/wp\/v2\/media?parent=1072"}],"curies":[{"name":"wp","href":"https:\/\/api.w.org\/{rel}","templated":true}]}}