{"id":1143,"date":"2025-07-24T19:03:13","date_gmt":"2025-07-24T17:03:13","guid":{"rendered":"https:\/\/sitios-nonprod.mendoza.gob.ar\/seguridadyjusticia\/?page_id=1143"},"modified":"2025-07-28T14:25:21","modified_gmt":"2025-07-28T12:25:21","slug":"instituto-universitario-de-seguridad-publica-con-orientacion-penitenciaria-escuela-de-oficiales","status":"publish","type":"page","link":"https:\/\/sitios-nonprod.mendoza.gob.ar\/seguridadyjusticia\/instituto-universitario-de-seguridad-publica-con-orientacion-penitenciaria-escuela-de-oficiales\/","title":{"rendered":"Instituto Universitario de Seguridad P\u00fablica con orientaci\u00f3n Penitenciaria &#8211; Escuela de Oficiales"},"content":{"rendered":"\n<p class=\"has-black-color has-text-color has-link-color has-medium-font-size wp-elements-9ea9de3557edab6b4469dff93e6affdc\"><\/p>\n\n\n\n<p class=\"has-black-color has-text-color has-link-color wp-elements-b18ef86ae527053c5430c69ecaa2fdc1\">Esta delegaci\u00f3n se encuentra ubicada en Zona Centro, calle Nicol\u00e1s Plantamura esquina ciudad de San Felipe. La misma surge de la necesidad de descentralizar la formaci\u00f3n t\u00e9cnica y profesional de efectivos del Servicio Penitenciario de Mendoza.<\/p>\n\n\n\n<p class=\"has-black-color has-text-color has-link-color wp-elements-be9981a7a98290a2f713f2f8ffe559ad\">Esta escuela, abalada por la Universidad Nacional de Cuyo permite formar oficiales con un alto grado de compromiso y responsabilidad en el ejercicio de su profesi\u00f3n, basando su ense\u00f1anza en pilares human\u00edsticos, t\u00e9cnicos y jur\u00eddicos.<\/p>\n\n\n\n<p class=\"has-black-color has-text-color has-link-color wp-elements-b8d7f57e875b202876782d1beb173bea\">El IUSP cuenta con las carreras de \u201cLicenciatura Universitaria en Seguridad Penitenciaria\u201d y la \u201cTecnicatura Universitaria en Seguridad Penitenciaria\u201d. All\u00ed los egresados no s\u00f3lo obtienen un t\u00edtulo de grado, sino tambi\u00e9n la posibilidad de ingresar a trabajar inmediatamente en las distintas \u00e1reas del Servicio Penitenciario de Mendoza.<\/p>\n\n\n\n<p class=\"has-black-color has-text-color has-link-color wp-elements-a6e373b1d9abd04f6fcb0e2ce6b99b48\">Su objetivo principal es brindar una formaci\u00f3n integral, basada en el desarrollo de conocimientos t\u00e9cnicos, habilidades pr\u00e1cticas y valores \u00e9ticos, que permitan a sus egresados actuar con profesionalismo, compromiso ciudadano y respeto por los derechos humanos.<\/p>\n\n\n\n<p class=\"has-black-color has-text-color has-link-color wp-elements-e66cba5f155a40fbaa00f8bae9de9b3b\">Esta formaci\u00f3n responde a las necesidades actuales del sistema de seguridad y se alinea con las pol\u00edticas p\u00fablicas del gobierno provincial y nacional, orientadas a una gesti\u00f3n moderna, democr\u00e1tica y eficiente de la seguridad.<\/p>\n\n\n\n<p class=\"has-black-color has-text-color has-link-color wp-elements-01c8d5e6fc6650334cd4561d613467d5\">El IUSP ofrece una variada propuesta acad\u00e9mica de nivel superior que incluye carreras de pregrado y grado, como tecnicaturas y licenciaturas, con un fuerte enfoque en la pr\u00e1ctica profesional, el pensamiento cr\u00edtico y la capacitaci\u00f3n continua. La instituci\u00f3n, adem\u00e1s, promueve la investigaci\u00f3n aplicada, la extensi\u00f3n universitaria y el perfeccionamiento constante de sus docentes y alumnos.<\/p>\n\n\n\n<p class=\"has-black-color has-text-color has-link-color wp-elements-b40c3cb5370af3401d5582d60febf4a7\">A lo largo del a\u00f1o, el Instituto participa activamente en actividades comunitarias, jornadas acad\u00e9micas, charlas, simulacros, y programas de vinculaci\u00f3n con escuelas, municipios, organizaciones sociales y organismos nacionales e internacionales. Estas acciones refuerzan su compromiso con la sociedad mendocina, acercando la funci\u00f3n educativa y de seguridad a la ciudadan\u00eda.<\/p>\n\n\n\n<p class=\"has-black-color has-text-color has-link-color wp-elements-d46d2b7b5940685b9a4ef7324fc1f3c9\">Asimismo, el IUSP trabaja de manera articulada con el Ministerio de Seguridad de Mendoza y otras entidades estatales y educativas, consolidando una red de colaboraci\u00f3n que favorece el fortalecimiento institucional y la mejora continua del servicio de seguridad.<\/p>\n\n\n\n<p class=\"has-black-color has-text-color has-link-color wp-elements-8aac8a100292534e59ca1bd3c17be20a\">De esta manera, el Instituto Universitario de Seguridad P\u00fablica se proyecta como un pilar clave en la construcci\u00f3n de una sociedad m\u00e1s segura, justa e inclusiva, aportando profesionales capacitados para enfrentar los desaf\u00edos actuales y futuros de la seguridad p\u00fablica en nuestra provincia y en todo el pa\u00eds.<\/p>\n\n\n\n<p class=\"has-black-color has-text-color has-link-color has-medium-font-size wp-elements-7cb127674094ab651900d989008431a3\"><strong>Requisitos generales para ingresar a la Tecnicatura<\/strong><strong><\/strong><\/p>\n\n\n\n<p class=\"has-black-color has-text-color has-link-color wp-elements-8a0f89647fdffb54d0acbbcb384458bc\">Una vez que el aspirante recibe el APROBADO en el proceso de selecci\u00f3n se le solicitar\u00e1 la documentaci\u00f3n requerida. Antes de realizar la preinscripci\u00f3n le sugerimos revisar si cumple con los requisitos generales para acceder a las carreras de Tecnicatura.<\/p>\n\n\n\n<ul class=\"wp-block-list\">\n<li class=\"has-black-color has-text-color has-link-color wp-elements-8e5eba3b58f2bab5d1419ba448e91882\">Poseer Secundario Completo o en v\u00edas de finalizaci\u00f3n.<\/li>\n\n\n\n<li class=\"has-black-color has-text-color has-link-color wp-elements-4f1250f57547484055cc22ccbddc6509\">Para la Tecnicatura Universitaria en Seguridad P\u00fablica:\u00a0Edad: entre\u00a018 a\u00f1os y hasta\u00a027 a\u00f1os cumplidos antes del 31 de diciembre del a\u00f1o en curso (Aspirantes Civiles).<\/li>\n\n\n\n<li class=\"has-black-color has-text-color has-link-color wp-elements-ca83050a8b4c34b234b1b67ea72d017e\">Para la Tecnicatura Universitaria en Seguridad Penitenciaria:\u00a0Edad: entre 18 a\u00f1os y hasta 24 a\u00f1os cumplidos antes del 31 de diciembre del a\u00f1o en curso (Aspirantes Civiles).<\/li>\n\n\n\n<li class=\"has-black-color has-text-color has-link-color wp-elements-2f514589a97e11a56f36c213b855df92\">Ser argentino nativo o por opci\u00f3n (si es Argentino por opci\u00f3n deber\u00e1 tener Nacionalidad y D.N.I. Argentino).<\/li>\n\n\n\n<li class=\"has-black-color has-text-color has-link-color wp-elements-ebcb1a18b32dbfc9b3e542b8d74f56f9\">Estatura M\u00ednima: Varones 1.65 m.; Mujeres 1.60 m.<\/li>\n\n\n\n<li class=\"has-black-color has-text-color has-link-color wp-elements-bb34cc9d712a42071df658b29bafadf7\">No poseer Tatuajes visibles (de la media manga del brazo hacia las manos; de los extremos de la rodilla a los tobillos; y del cuello hacia la cabeza).\u00a0 Si tuviera Tatuajes visibles al momento de la inscripci\u00f3n, se le har\u00e1 firmar el \u00abActa Compromiso\u00bb, indicando que debe removerlo\/eliminarlo, con tiempo l\u00edmite de 3 meses del inicio del cursado que corresponda, sino se proceder\u00e1 a darlo de BAJA DEL IUSP, por NO cumplir con los requisitos establecidos en el Baremo M\u00e9dico. (Aspirantes Civiles).<\/li>\n<\/ul>\n\n\n\n<p class=\"has-black-color has-text-color has-link-color has-medium-font-size wp-elements-28b8f62e66ddc2e40498711e431a07a7\"><strong>Requisitos espec\u00edficos<\/strong><strong><\/strong><\/p>\n\n\n\n<ol class=\"wp-block-list\">\n<li class=\"has-black-color has-text-color has-link-color wp-elements-bd0304893aa64c3e2f499712c0619316\">Aprobar el Proceso de Ingreso que consta de 04\u00a0Etapas eliminatorias.<\/li>\n\n\n\n<li class=\"has-black-color has-text-color has-link-color wp-elements-c047de9e46ff7c6f0e4e96de66c56ab0\">Presentar la documentaci\u00f3n personal y ex\u00e1menes m\u00e9dicos pertinentes, los que ser\u00e1n solicitados oportunamente.<\/li>\n<\/ol>\n\n\n\n<p class=\"has-black-color has-text-color has-link-color has-medium-font-size wp-elements-24cba2a1eb24ca791c67c3690acd43be\"><strong>DELEGACIONES<\/strong><\/p>\n\n\n\n<p class=\"has-black-color has-text-color has-link-color wp-elements-bde1380050550f2ad89aef331b954be6\">Las delegaciones donde podr\u00e1 realizar su preinscripci\u00f3n e inscripci\u00f3n son:<\/p>\n\n\n\n<ul class=\"wp-block-list\">\n<li class=\"has-black-color has-text-color has-link-color wp-elements-ab0f586edd3b1a1b832f147018ed9a7a\">Sede Central.<\/li>\n\n\n\n<li class=\"has-black-color has-text-color has-link-color wp-elements-9e18a5232fff776f8c059931943e1fcf\">Penitenciaria Gran Mendoza.<\/li>\n\n\n\n<li class=\"has-black-color has-text-color has-link-color wp-elements-e0217022efb64c49ad2526f06513af7e\">Delegaci\u00f3n Zona Sur.<\/li>\n\n\n\n<li class=\"has-black-color has-text-color has-link-color wp-elements-3f5cb7c11478e47acad198cccea85414\">Delegaci\u00f3n Zona Este.<\/li>\n\n\n\n<li class=\"has-black-color has-text-color has-link-color wp-elements-d17165a3e38faad48df11c0710f98518\">Delegaci\u00f3n Valle de Uco.<\/li>\n<\/ul>\n\n\n\n<p class=\"has-black-color has-text-color has-link-color has-medium-font-size wp-elements-625ec563f0fd37070a55c86d2c82363f\"><strong>PLAN DE ESTUDIOS<\/strong><strong><\/strong><\/p>\n\n\n\n<figure class=\"wp-block-table\"><table class=\"has-fixed-layout\"><thead><tr><td><strong>Espacios curriculares<\/strong><\/td><td><strong>Horas<\/strong><\/td><\/tr><\/thead><tbody><tr><td colspan=\"2\"><strong>PRIMER A\u00d1O<\/strong><\/td><\/tr><tr><td>Derecho Constitucional y Administrativo<\/td><td>175<\/td><\/tr><tr><td>Derechos Humanos<\/td><td>105<\/td><\/tr><tr><td>Derecho Penal<\/td><td>175<\/td><\/tr><tr><td>Atenci\u00f3n Primaria de la Salud<\/td><td>42<\/td><\/tr><tr><td>Problem\u00e1tica de G\u00e9nero, familia y violencia<\/td><td>84<\/td><\/tr><tr><td>Lengua extranjera<\/td><td>56<\/td><\/tr><tr><td>Legislaci\u00f3n Penitenciaria<\/td><td>105<\/td><\/tr><tr><td>Sociolog\u00eda de la vulnerabilidad y la exclusi\u00f3n<\/td><td>84<\/td><\/tr><tr><td>Taller de Organizaci\u00f3n Penitenciaria y Operaciones Generales<\/td><td>168<\/td><\/tr><tr><td>Educaci\u00f3n F\u00edsica I<\/td><td>182<\/td><\/tr><tr><td>Defensa Personal I<\/td><td>70<\/td><\/tr><tr><td>Ejecuci\u00f3n Penal<\/td><td>84<\/td><\/tr><tr><td colspan=\"2\"><\/td><\/tr><tr><td colspan=\"2\"><strong>SEGUNDO A\u00d1O<\/strong><\/td><\/tr><tr><td>Derecho Procesal Penal<\/td><td>70<\/td><\/tr><tr><td>Procesos Psicol\u00f3gicos<\/td><td>175<\/td><\/tr><tr><td>Deontolog\u00eda<\/td><td>56<\/td><\/tr><tr><td>Taller de Organizaci\u00f3n Penitenciaria y Operaciones Especiales<\/td><td>210<\/td><\/tr><tr><td>Conducci\u00f3n y Mediaci\u00f3n<\/td><td>42<\/td><\/tr><tr><td>Educaci\u00f3n F\u00edsica II<\/td><td>182<\/td><\/tr><tr><td>Defensa Personal II<\/td><td>70<\/td><\/tr><tr><td>R\u00e9gimen Progresivo de la Pena<\/td><td>112<\/td><\/tr><tr><td>TIC Aplicada al Sistema Penitenciario<\/td><td>63<\/td><\/tr><tr><td>Pr\u00e1ctica Profesional<\/td><td>147<\/td><\/tr><tr><td>(*) Seguridad Penitenciaria<\/td><td>56<\/td><\/tr><tr><td>(*) Tratamiento Penitenciario<\/td><td>56<\/td><\/tr><tr><td>Proyecto Final Integrador<\/td><td>84<\/td><\/tr><\/tbody><\/table><\/figure>\n\n\n\n<p class=\"has-black-color has-text-color has-link-color wp-elements-768d383ccb4a1ace1e4eba74ad6761b1\"><strong>Requisitos generales para ingresar a la Licenciatura<\/strong><strong><\/strong><\/p>\n\n\n\n<ul class=\"wp-block-list\">\n<li class=\"has-black-color has-text-color has-link-color wp-elements-1e16c8b8ebdef945af8c1d0d32918e34\">Ser personal de las Polic\u00edas o personal del Servicio Penitenciario de Mendoza, en actividad con Jerarqu\u00eda de Oficial Sub-Ayte\/Sub-Adjutor en adelante, o ser Retirado de las Polic\u00edas y\/o Penitenciar\u00eda de Mendoza, o ser Egresado\u00a0del IUSP, (bajo Plan de Estudio de Ordenanza N\u00b0 068\/08 u Ordenanza N\u00b0 072\/08 del Consejo Superior de la UNCuyo) en proceso de Nombramiento con la Titulaci\u00f3n en Tr\u00e1mite.<\/li>\n\n\n\n<li class=\"has-black-color has-text-color has-link-color wp-elements-bde8889c958eb73522d4c60bc279c142\">Poseer T\u00edtulo de T\u00e9cnico Universitario en Seguridad P\u00fablica y\/o T\u00e9cnico Universitario en Seguridad Penitenciaria.\u00a0Presentar Certificado Anal\u00edtico de dicha Carrera.<\/li>\n\n\n\n<li class=\"has-black-color has-text-color has-link-color wp-elements-679ddf93e2a0c1fdaafbd8949d9671c0\">Adeudar hasta 5 materias del Plan de Equivalencias de la Tecnicatura Universitaria en Seguridad P\u00fablica y que \u00e9stas no sean correlativas a las Asignaturas del Tercer a\u00f1o, seg\u00fan Plan de Estudio Ordenanza 70\/08 -C.S. \u00f3 Plan 74\/08 -C.S.- U.N.Cuyo; (fotocopia y Legalizado por casa de estudios de origen).<\/li>\n<\/ul>\n\n\n\n<p class=\"has-black-color has-text-color has-link-color wp-elements-f656b82e8a2d60f18daea956c24c9a13\"><strong>PLAN DE ESTUDIOS<\/strong><strong><\/strong><\/p>\n\n\n\n<figure class=\"wp-block-table\"><table class=\"has-fixed-layout\"><thead><tr><td><strong>Espacios curriculares<\/strong><\/td><td><strong>Horas<\/strong><\/td><\/tr><\/thead><tbody><tr><td colspan=\"2\"><strong>PRIMER A\u00d1O<\/strong><\/td><\/tr><tr><td>Actividad F\u00edsica Adaptada I<\/td><td>280<\/td><\/tr><tr><td>Derecho Constitucional y Administrativo<\/td><td>56<\/td><\/tr><tr><td>Derecho Penal I<\/td><td>56<\/td><\/tr><tr><td>Derechos Humanos<\/td><td>28<\/td><\/tr><tr><td>Estado y Sociedad<\/td><td>28<\/td><\/tr><tr><td>Instituciones de Derecho Privado<\/td><td>42<\/td><\/tr><tr><td>Introducci\u00f3n a la Seguridad P\u00fablica<\/td><td>56<\/td><\/tr><tr><td>Introducci\u00f3n al Derecho<\/td><td>28<\/td><\/tr><tr><td>Procesos Psicol\u00f3gicos<\/td><td>56<\/td><\/tr><tr><td>Proyecto I<\/td><td>84<\/td><\/tr><tr><td>T\u00e9cnicas Generales para la Seguridad Penitenciaria<\/td><td>140<\/td><\/tr><tr><td>Telecomunicaciones<\/td><td>56<\/td><\/tr><tr><td colspan=\"2\"><\/td><\/tr><tr><td colspan=\"2\"><strong>SEGUNDO A\u00d1O<\/strong><\/td><\/tr><tr><td>Actividad F\u00edsica Adaptada II<\/td><td>280<\/td><\/tr><tr><td>Atenci\u00f3n B\u00e1sica para la Salud<\/td><td>42<\/td><\/tr><tr><td>Problem\u00e1tica Penitenciaria<\/td><td>84<\/td><\/tr><tr><td>Deontolog\u00eda Profesional<\/td><td>28<\/td><\/tr><tr><td>Derecho Contravencional<\/td><td>56<\/td><\/tr><tr><td>Derecho de Familia y Minoridad<\/td><td>42<\/td><\/tr><tr><td>Derecho Penal II<\/td><td>56<\/td><\/tr><tr><td>Derecho Procesal Penal<\/td><td>84<\/td><\/tr><tr><td>Historia y Geograf\u00eda Argentina<\/td><td>56<\/td><\/tr><tr><td>Normas y reglamentos Penitenciarios<\/td><td>56<\/td><\/tr><tr><td>Medicina Legal I<\/td><td>42<\/td><\/tr><tr><td>T\u00e9cnicas Especiales para la Seguridad Penitenciaria<\/td><td>140<\/td><\/tr><tr><td>Pr\u00e1cticas Profesionales<\/td><td>30<\/td><\/tr><tr><td colspan=\"2\"><\/td><\/tr><tr><td colspan=\"2\"><strong>TERCER A\u00d1O<\/strong><\/td><\/tr><tr><td>Actividad F\u00edsica Adaptada III<\/td><td>84<\/td><\/tr><tr><td>Comunicaci\u00f3n Social y Seguridad P\u00fablica<\/td><td>42<\/td><\/tr><tr><td>Legislaci\u00f3n Penal Especial<\/td><td>42<\/td><\/tr><tr><td>Medicina Legal II<\/td><td>84<\/td><\/tr><tr><td>Organizaci\u00f3n Sanitaria<\/td><td>42<\/td><\/tr><tr><td>Problem\u00e1tica criminol\u00f3gica y sociol\u00f3gica<\/td><td>70<\/td><\/tr><tr><td>Proyecto II<\/td><td>84<\/td><\/tr><tr><td>Psicolog\u00eda Social<\/td><td>56<\/td><\/tr><tr><td>Victimolog\u00eda y Prevenci\u00f3n<\/td><td>56<\/td><\/tr><tr><td colspan=\"2\"><\/td><\/tr><tr><td colspan=\"2\"><strong>CUARTO A\u00d1O<\/strong><\/td><\/tr><tr><td>Actividad F\u00edsica Adaptada IV<\/td><td>84<\/td><\/tr><tr><td>Administraci\u00f3n Estrat\u00e9gica<\/td><td>56<\/td><\/tr><tr><td>Gesti\u00f3n y Tecnolog\u00eda de la Informaci\u00f3n para la Seguridad<\/td><td>28<\/td><\/tr><tr><td>Penitenciarismo y Pospenitenciarismo<\/td><td>70<\/td><\/tr><tr><td>Inteligencia Criminal<\/td><td>70<\/td><\/tr><tr><td>Taller de Tesis<\/td><td>28<\/td><\/tr><tr><td>Proyecto III<\/td><td>56<\/td><\/tr><tr><td>Sistemas Penitenciarios Comparados<\/td><td>42<\/td><\/tr><tr><td>Tesis de Grado<\/td><td>100<\/td><\/tr><tr><td colspan=\"2\"><strong>Idioma<\/strong><\/td><\/tr><\/tbody><\/table><\/figure>\n","protected":false},"excerpt":{"rendered":"<p>Esta delegaci\u00f3n se encuentra ubicada en Zona Centro, calle Nicol\u00e1s Plantamura esquina ciudad de San Felipe. La misma surge de la necesidad de descentralizar la formaci\u00f3n t\u00e9cnica y profesional de efectivos del Servicio Penitenciario de Mendoza. Esta escuela, abalada por la Universidad Nacional de Cuyo permite formar oficiales con un alto grado de compromiso y [&hellip;]<\/p>\n","protected":false},"author":26,"featured_media":0,"parent":0,"menu_order":0,"comment_status":"closed","ping_status":"closed","template":"","meta":{"_et_pb_use_builder":"off","_et_pb_old_content":"","_et_gb_content_width":"1080","footnotes":""},"class_list":["post-1143","page","type-page","status-publish","hentry"],"_links":{"self":[{"href":"https:\/\/sitios-nonprod.mendoza.gob.ar\/seguridadyjusticia\/wp-json\/wp\/v2\/pages\/1143","targetHints":{"allow":["GET"]}}],"collection":[{"href":"https:\/\/sitios-nonprod.mendoza.gob.ar\/seguridadyjusticia\/wp-json\/wp\/v2\/pages"}],"about":[{"href":"https:\/\/sitios-nonprod.mendoza.gob.ar\/seguridadyjusticia\/wp-json\/wp\/v2\/types\/page"}],"author":[{"embeddable":true,"href":"https:\/\/sitios-nonprod.mendoza.gob.ar\/seguridadyjusticia\/wp-json\/wp\/v2\/users\/26"}],"replies":[{"embeddable":true,"href":"https:\/\/sitios-nonprod.mendoza.gob.ar\/seguridadyjusticia\/wp-json\/wp\/v2\/comments?post=1143"}],"version-history":[{"count":2,"href":"https:\/\/sitios-nonprod.mendoza.gob.ar\/seguridadyjusticia\/wp-json\/wp\/v2\/pages\/1143\/revisions"}],"predecessor-version":[{"id":1147,"href":"https:\/\/sitios-nonprod.mendoza.gob.ar\/seguridadyjusticia\/wp-json\/wp\/v2\/pages\/1143\/revisions\/1147"}],"wp:attachment":[{"href":"https:\/\/sitios-nonprod.mendoza.gob.ar\/seguridadyjusticia\/wp-json\/wp\/v2\/media?parent=1143"}],"curies":[{"name":"wp","href":"https:\/\/api.w.org\/{rel}","templated":true}]}}