{"id":310,"date":"2025-05-08T18:53:36","date_gmt":"2025-05-08T16:53:36","guid":{"rendered":"https:\/\/sitios-nonprod.mendoza.gob.ar\/seguridadyjusticia\/?page_id=310"},"modified":"2025-09-03T17:53:15","modified_gmt":"2025-09-03T15:53:15","slug":"defensa-civil","status":"publish","type":"page","link":"https:\/\/sitios-nonprod.mendoza.gob.ar\/seguridadyjusticia\/defensa-civil\/","title":{"rendered":"Defensa Civil"},"content":{"rendered":"<p>[et_pb_section fb_built=\u00bb1&#8243; _builder_version=\u00bb4.27.4&#8243; _module_preset=\u00bbdefault\u00bb background_image=\u00bbhttps:\/\/media-nonprod.mendoza.gob.ar\/informacion-oficial\/uploads\/sites\/16\/2025\/05\/DC-scaled.jpg\u00bb background_size=\u00bbcustom\u00bb background_image_width=\u00bb100%\u00bb background_position=\u00bbtop_center\u00bb background_vertical_offset=\u00bb77%\u00bb background_enable_video_mp4=\u00bboff\u00bb background_video_width=\u00bb100%\u00bb background_video_height=\u00bb100%\u00bb module_alignment=\u00bbcenter\u00bb min_height=\u00bb40em\u00bb custom_margin=\u00bb0px|0px|0px|0px|false|false\u00bb custom_padding=\u00bb0px|0px|0px|0px|false|false\u00bb locked=\u00bboff\u00bb global_colors_info=\u00bb{}\u00bb][et_pb_row _builder_version=\u00bb4.27.4&#8243; _module_preset=\u00bbdefault\u00bb custom_margin=\u00bb0px|auto|1em|auto|false|false\u00bb custom_padding=\u00bb5rem|0px|1rem|0px|false|false\u00bb global_colors_info=\u00bb{}\u00bb][et_pb_column type=\u00bb4_4&#8243; _builder_version=\u00bb4.27.4&#8243; _module_preset=\u00bbdefault\u00bb global_colors_info=\u00bb{}\u00bb][et_pb_post_title meta=\u00bboff\u00bb featured_image=\u00bboff\u00bb text_color=\u00bblight\u00bb admin_label=\u00bbNombre del micrositio\u00bb _builder_version=\u00bb4.27.4&#8243; _dynamic_attributes=\u00bblink_option_url\u00bb _module_preset=\u00bbdefault\u00bb title_font=\u00bb&#8211;et_global_heading_font|700|||||||\u00bb title_text_align=\u00bbcenter\u00bb title_font_size=\u00bb53px\u00bb background_color=\u00bbRGBA(255,255,255,0)\u00bb text_orientation=\u00bbcenter\u00bb custom_margin=\u00bb1em||1em||false|false\u00bb animation_style=\u00bbfade\u00bb link_option_url=\u00bb@ET-DC@eyJkeW5hbWljIjp0cnVlLCJjb250ZW50IjoiaG9tZV91cmwiLCJzZXR0aW5ncyI6eyJlbmFibGVfaHRtbCI6Im9mZiJ9fQ==@\u00bb title_text_shadow_style=\u00bbpreset1&#8243; title_text_shadow_color=\u00bb#000000&#8243; global_colors_info=\u00bb{}\u00bb][\/et_pb_post_title][\/et_pb_column][\/et_pb_row][et_pb_row column_structure=\u00bb1_3,1_3,1_3&#8243; _builder_version=\u00bb4.27.4&#8243; _module_preset=\u00bbdefault\u00bb height=\u00bb100%\u00bb custom_margin=\u00bb0px|auto|0px|auto|false|false\u00bb custom_padding=\u00bb1rem|0px|1rem|0px|true|false\u00bb global_colors_info=\u00bb{}\u00bb][et_pb_column type=\u00bb1_3&#8243; _builder_version=\u00bb4.27.4&#8243; _module_preset=\u00bbdefault\u00bb global_colors_info=\u00bb{}\u00bb][et_pb_blurb title=\u00bbInformaci\u00f3n Oficial\u00bb url=\u00bb@ET-DC@eyJkeW5hbWljIjp0cnVlLCJjb250ZW50IjoicG9zdF9saW5rX3VybF9wYWdlIiwic2V0dGluZ3MiOnsicG9zdF9pZCI6IjEyNjQiLCJlbmFibGVfaHRtbCI6Im9mZiJ9fQ==@\u00bb use_icon=\u00bbon\u00bb font_icon=\u00bb&#xf2b5;||fa||400&#8243; icon_color=\u00bb#c8a977&#8243; image_icon_width=\u00bb50px\u00bb _builder_version=\u00bb4.27.4&#8243; _dynamic_attributes=\u00bblink_option_url,url\u00bb _module_preset=\u00bbdefault\u00bb header_font=\u00bb|700|||||||\u00bb header_text_align=\u00bbcenter\u00bb header_text_color=\u00bb#FFFFFF\u00bb background_color=\u00bbrgba(0,0,0,0.5)\u00bb min_height=\u00bb10rem\u00bb height=\u00bb100%\u00bb custom_padding=\u00bb1em||1em||true|false\u00bb link_option_url=\u00bb@ET-DC@eyJkeW5hbWljIjp0cnVlLCJjb250ZW50IjoicG9zdF9saW5rX3VybF9wYWdlIiwic2V0dGluZ3MiOnsicG9zdF9pZCI6IjEyNjQiLCJlbmFibGVfaHRtbCI6Im9mZiJ9fQ==@\u00bb header_text_shadow_style=\u00bbpreset1&#8243; border_radii=\u00bbon|15px|15px|15px|15px\u00bb border_width_all=\u00bb5px\u00bb border_color_all=\u00bb#FFFFFF\u00bb box_shadow_style=\u00bbpreset3&#8243; box_shadow_blur=\u00bb27px\u00bb box_shadow_spread=\u00bb-18px\u00bb locked=\u00bboff\u00bb global_colors_info=\u00bb{}\u00bb][\/et_pb_blurb][\/et_pb_column][et_pb_column type=\u00bb1_3&#8243; _builder_version=\u00bb4.27.4&#8243; _module_preset=\u00bbdefault\u00bb global_colors_info=\u00bb{}\u00bb][et_pb_blurb title=\u00bbRECOMENDACIONES PARA EMERGENCIAS\u00bb url=\u00bb@ET-DC@eyJkeW5hbWljIjp0cnVlLCJjb250ZW50IjoicG9zdF9saW5rX3VybF9wYWdlIiwic2V0dGluZ3MiOnsicG9zdF9pZCI6Ijk5NSIsImVuYWJsZV9odG1sIjoib2ZmIn19@\u00bb use_icon=\u00bbon\u00bb font_icon=\u00bb&#xf071;||fa||900&#8243; icon_color=\u00bb#c8a977&#8243; image_icon_width=\u00bb50px\u00bb _builder_version=\u00bb4.27.4&#8243; _dynamic_attributes=\u00bblink_option_url,url\u00bb _module_preset=\u00bbdefault\u00bb header_font=\u00bb|700|||||||\u00bb header_text_align=\u00bbcenter\u00bb header_text_color=\u00bb#FFFFFF\u00bb background_color=\u00bbrgba(0,0,0,0.5)\u00bb min_height=\u00bb10rem\u00bb height=\u00bb100%\u00bb custom_padding=\u00bb1em||1em||true|false\u00bb link_option_url=\u00bb@ET-DC@eyJkeW5hbWljIjp0cnVlLCJjb250ZW50IjoicG9zdF9saW5rX3VybF9wYWdlIiwic2V0dGluZ3MiOnsicG9zdF9pZCI6Ijk5NSIsImVuYWJsZV9odG1sIjoib2ZmIn19@\u00bb header_text_shadow_style=\u00bbpreset1&#8243; border_radii=\u00bbon|15px|15px|15px|15px\u00bb border_width_all=\u00bb5px\u00bb border_color_all=\u00bb#FFFFFF\u00bb box_shadow_style=\u00bbpreset3&#8243; box_shadow_blur=\u00bb27px\u00bb box_shadow_spread=\u00bb-18px\u00bb locked=\u00bboff\u00bb global_colors_info=\u00bb{}\u00bb][\/et_pb_blurb][\/et_pb_column][et_pb_column type=\u00bb1_3&#8243; _builder_version=\u00bb4.27.4&#8243; _module_preset=\u00bbdefault\u00bb global_colors_info=\u00bb{}\u00bb][et_pb_blurb title=\u00bbBOMBEROS\u00bb url=\u00bb@ET-DC@eyJkeW5hbWljIjp0cnVlLCJjb250ZW50IjoicG9zdF9saW5rX3VybF9wYWdlIiwic2V0dGluZ3MiOnsicG9zdF9pZCI6IjEyODYiLCJlbmFibGVfaHRtbCI6Im9mZiJ9fQ==@\u00bb use_icon=\u00bbon\u00bb font_icon=\u00bb&#xf134;||fa||900&#8243; icon_color=\u00bb#c8a977&#8243; image_icon_width=\u00bb50px\u00bb _builder_version=\u00bb4.27.4&#8243; _dynamic_attributes=\u00bblink_option_url,url\u00bb _module_preset=\u00bbdefault\u00bb header_font=\u00bb|700|||||||\u00bb header_text_align=\u00bbcenter\u00bb header_text_color=\u00bb#FFFFFF\u00bb background_color=\u00bbrgba(0,0,0,0.5)\u00bb min_height=\u00bb10rem\u00bb height=\u00bb100%\u00bb custom_padding=\u00bb1em||1em||true|false\u00bb link_option_url=\u00bb@ET-DC@eyJkeW5hbWljIjp0cnVlLCJjb250ZW50IjoicG9zdF9saW5rX3VybF9wYWdlIiwic2V0dGluZ3MiOnsicG9zdF9pZCI6IjEyODYiLCJlbmFibGVfaHRtbCI6Im9mZiJ9fQ==@\u00bb header_text_shadow_style=\u00bbpreset1&#8243; border_radii=\u00bbon|15px|15px|15px|15px\u00bb border_width_all=\u00bb5px\u00bb border_color_all=\u00bb#FFFFFF\u00bb box_shadow_style=\u00bbpreset3&#8243; box_shadow_blur=\u00bb27px\u00bb box_shadow_spread=\u00bb-18px\u00bb locked=\u00bboff\u00bb global_colors_info=\u00bb{}\u00bb][\/et_pb_blurb][\/et_pb_column][\/et_pb_row][\/et_pb_section][et_pb_section fb_built=\u00bb1&#8243; _builder_version=\u00bb4.27.4&#8243; _module_preset=\u00bbdefault\u00bb background_color=\u00bb#FFFFFF\u00bb background_enable_image=\u00bboff\u00bb background_size=\u00bbcontain\u00bb background_enable_video_mp4=\u00bboff\u00bb background_video_width=\u00bb100%\u00bb background_video_height=\u00bb100%\u00bb module_alignment=\u00bbcenter\u00bb min_height=\u00bb557px\u00bb custom_margin=\u00bb3px||-2px|||\u00bb custom_padding=\u00bb4px||0px|||\u00bb border_color_all=\u00bb#d96d3c\u00bb locked=\u00bboff\u00bb global_colors_info=\u00bb{}\u00bb][et_pb_row _builder_version=\u00bb4.27.4&#8243; _module_preset=\u00bbdefault\u00bb custom_margin=\u00bb0px|auto|0px|auto|false|false\u00bb custom_padding=\u00bb1rem|0px|1rem|0px|true|false\u00bb global_colors_info=\u00bb{}\u00bb][et_pb_column type=\u00bb4_4&#8243; _builder_version=\u00bb4.27.4&#8243; _module_preset=\u00bbdefault\u00bb global_colors_info=\u00bb{}\u00bb][et_pb_image src=\u00bbhttps:\/\/media-nonprod.mendoza.gob.ar\/informacion-oficial\/uploads\/sites\/16\/2025\/05\/link_paf.jpg\u00bb title_text=\u00bbImprimir\u00bb url=\u00bbhttps:\/\/media-nonprod.mendoza.gob.ar\/informacion-oficial\/uploads\/sites\/16\/2025\/07\/MANUAL_PAF_2025.pdf\u00bb _builder_version=\u00bb4.27.4&#8243; _module_preset=\u00bbdefault\u00bb custom_margin=\u00bb0px|0px|0px|0px|false|false\u00bb custom_padding=\u00bb0px|0px|0px|0px|false|false\u00bb global_colors_info=\u00bb{}\u00bb][\/et_pb_image][\/et_pb_column][\/et_pb_row][et_pb_row column_structure=\u00bb1_2,1_2&#8243; _builder_version=\u00bb4.27.4&#8243; _module_preset=\u00bbdefault\u00bb custom_margin=\u00bb0px|auto|0px|auto|false|false\u00bb custom_padding=\u00bb1rem|0px|1rem|0px|true|false\u00bb locked=\u00bboff\u00bb global_colors_info=\u00bb{}\u00bb][et_pb_column type=\u00bb1_2&#8243; _builder_version=\u00bb4.27.4&#8243; _module_preset=\u00bbdefault\u00bb global_colors_info=\u00bb{}\u00bb][et_pb_blurb title=\u00bbPLAN DE CONTINGENCIA MODELO para establecimientos Educativos\u00bb url=\u00bbhttps:\/\/media-nonprod.mendoza.gob.ar\/informacion-oficial\/uploads\/sites\/16\/2025\/08\/PLAN-DE-CONTINGENCIA-MODELO-PARA-ESTABLECIMIENTOS-EDUCATIVOS-D.P.D.C-2025.pdf\u00bb url_new_window=\u00bbon\u00bb use_icon=\u00bbon\u00bb font_icon=\u00bb&#xf51c;||fa||900&#8243; icon_color=\u00bb#FFFFFF\u00bb image_icon_width=\u00bb60px\u00bb _builder_version=\u00bb4.27.4&#8243; _module_preset=\u00bbdefault\u00bb header_font=\u00bb|700|||||||\u00bb header_text_align=\u00bbcenter\u00bb header_text_color=\u00bb#FFFFFF\u00bb header_line_height=\u00bb1.1em\u00bb background_color=\u00bb#E56D3E\u00bb custom_padding=\u00bb1em||1em||true|false\u00bb link_option_url=\u00bbhttps:\/\/media-nonprod.mendoza.gob.ar\/informacion-oficial\/uploads\/sites\/16\/2025\/08\/PLAN-DE-CONTINGENCIA-MODELO-PARA-ESTABLECIMIENTOS-EDUCATIVOS-D.P.D.C-2025.pdf\u00bb link_option_url_new_window=\u00bbon\u00bb border_radii=\u00bbon|15px|15px|15px|15px\u00bb box_shadow_style=\u00bbpreset3&#8243; box_shadow_blur=\u00bb27px\u00bb box_shadow_spread=\u00bb-18px\u00bb locked=\u00bboff\u00bb global_colors_info=\u00bb{}\u00bb][\/et_pb_blurb][\/et_pb_column][et_pb_column type=\u00bb1_2&#8243; _builder_version=\u00bb4.27.4&#8243; _module_preset=\u00bbdefault\u00bb global_colors_info=\u00bb{}\u00bb][et_pb_blurb title=\u00bbPLAN DE CONTINGENCIA MODELO para establecimientos p\u00fablicos\u00bb url=\u00bbhttps:\/\/media-nonprod.mendoza.gob.ar\/informacion-oficial\/uploads\/sites\/16\/2025\/08\/PLAN-DE-CONTINGENCIA-MODELO-PARA-ESTABLECIMIENTOS-PUBLICOS-D.P.D-.C.-2025.pdf\u00bb url_new_window=\u00bbon\u00bb use_icon=\u00bbon\u00bb font_icon=\u00bb&#xf1ad;||fa||400&#8243; icon_color=\u00bb#FFFFFF\u00bb image_icon_width=\u00bb60px\u00bb _builder_version=\u00bb4.27.4&#8243; _module_preset=\u00bbdefault\u00bb header_font=\u00bb|700|||||||\u00bb header_text_align=\u00bbcenter\u00bb header_text_color=\u00bb#FFFFFF\u00bb header_line_height=\u00bb1.1em\u00bb background_color=\u00bb#E56D3E\u00bb custom_padding=\u00bb1em||1em||true|false\u00bb link_option_url=\u00bbhttps:\/\/media-nonprod.mendoza.gob.ar\/informacion-oficial\/uploads\/sites\/16\/2025\/08\/PLAN-DE-CONTINGENCIA-MODELO-PARA-ESTABLECIMIENTOS-PUBLICOS-D.P.D-.C.-2025.pdf\u00bb link_option_url_new_window=\u00bbon\u00bb border_radii=\u00bbon|15px|15px|15px|15px\u00bb box_shadow_style=\u00bbpreset3&#8243; box_shadow_blur=\u00bb27px\u00bb box_shadow_spread=\u00bb-18px\u00bb locked=\u00bboff\u00bb global_colors_info=\u00bb{}\u00bb][\/et_pb_blurb][\/et_pb_column][\/et_pb_row][et_pb_row column_structure=\u00bb1_2,1_2&#8243; _builder_version=\u00bb4.27.4&#8243; _module_preset=\u00bbdefault\u00bb custom_margin=\u00bb0px|auto|0px|auto|false|false\u00bb custom_padding=\u00bb1rem|0px|1rem|0px|true|false\u00bb global_colors_info=\u00bb{}\u00bb][et_pb_column type=\u00bb1_2&#8243; _builder_version=\u00bb4.27.4&#8243; _module_preset=\u00bbdefault\u00bb global_colors_info=\u00bb{}\u00bb][et_pb_image src=\u00bbhttps:\/\/media-nonprod.mendoza.gob.ar\/informacion-oficial\/uploads\/sites\/16\/2025\/05\/WhatsApp-Image-2023-12-15-at-14.26.34-1.jpeg\u00bb title_text=\u00bbWhatsApp Image 2023-12-15 at 14.26.34 (1)\u00bb _builder_version=\u00bb4.27.4&#8243; _module_preset=\u00bbdefault\u00bb custom_margin=\u00bb0px|0px|0px|0px|false|false\u00bb custom_padding=\u00bb0px|0px|0px|0px|false|false\u00bb global_colors_info=\u00bb{}\u00bb][\/et_pb_image][\/et_pb_column][et_pb_column type=\u00bb1_2&#8243; _builder_version=\u00bb4.27.4&#8243; _module_preset=\u00bbdefault\u00bb global_colors_info=\u00bb{}\u00bb][et_pb_image src=\u00bbhttps:\/\/media-nonprod.mendoza.gob.ar\/informacion-oficial\/uploads\/sites\/16\/2025\/05\/mochila_emergencia_feed.jpg\u00bb title_text=\u00bbImprimir\u00bb _builder_version=\u00bb4.27.4&#8243; _module_preset=\u00bbdefault\u00bb custom_margin=\u00bb0px|0px|0px|0px|false|false\u00bb custom_padding=\u00bb0px|0px|0px|0px|false|false\u00bb global_colors_info=\u00bb{}\u00bb][\/et_pb_image][\/et_pb_column][\/et_pb_row][\/et_pb_section][et_pb_section fb_built=\u00bb1&#8243; _builder_version=\u00bb4.27.4&#8243; _module_preset=\u00bbdefault\u00bb background_color=\u00bb#d96d3c\u00bb background_enable_image=\u00bboff\u00bb background_size=\u00bbcontain\u00bb background_enable_video_mp4=\u00bboff\u00bb background_video_width=\u00bb100%\u00bb background_video_height=\u00bb100%\u00bb module_alignment=\u00bbcenter\u00bb custom_margin=\u00bb0px|0px|0px|0px|false|false\u00bb custom_padding=\u00bb0px|0px|0px|0px|false|false\u00bb border_color_top=\u00bb#C8A977&#8243; border_color_bottom=\u00bb#C8A977&#8243; locked=\u00bboff\u00bb global_colors_info=\u00bb{}\u00bb][et_pb_row _builder_version=\u00bb4.27.4&#8243; _module_preset=\u00bbdefault\u00bb custom_margin=\u00bb0px|auto|0px|auto|false|false\u00bb custom_padding=\u00bb1rem|0px|1rem|0px|true|false\u00bb global_colors_info=\u00bb{}\u00bb][et_pb_column type=\u00bb4_4&#8243; _builder_version=\u00bb4.27.4&#8243; _module_preset=\u00bbdefault\u00bb global_colors_info=\u00bb{}\u00bb][et_pb_heading title=\u00bbOrganismos Relacionados\u00bb _builder_version=\u00bb4.27.4&#8243; _module_preset=\u00bbdefault\u00bb title_font=\u00bb|700|||||||\u00bb title_text_align=\u00bbcenter\u00bb title_text_color=\u00bb#FFFFFF\u00bb global_colors_info=\u00bb{}\u00bb][\/et_pb_heading][\/et_pb_column][\/et_pb_row][et_pb_row column_structure=\u00bb1_3,1_3,1_3&#8243; make_equal=\u00bbon\u00bb _builder_version=\u00bb4.27.4&#8243; _module_preset=\u00bbdefault\u00bb custom_margin=\u00bb0px||0px||false|false\u00bb custom_padding=\u00bb1rem|0px|1rem|0px|true|false\u00bb animation_style=\u00bbfade\u00bb hover_enabled=\u00bb0&#8243; locked=\u00bboff\u00bb global_colors_info=\u00bb{}\u00bb sticky_enabled=\u00bb0&#8243;][et_pb_column type=\u00bb1_3&#8243; _builder_version=\u00bb4.27.4&#8243; _module_preset=\u00bbdefault\u00bb background_color=\u00bbrgba(255,255,255,0.17)\u00bb custom_padding=\u00bb40px|40px|40px|40px|true|true\u00bb custom_padding_tablet=\u00bb30px|30px|30px|30px|true|true\u00bb custom_padding_phone=\u00bb20px|20px|20px|20px|true|true\u00bb custom_padding_last_edited=\u00bbon|desktop\u00bb animation_style=\u00bbfade\u00bb border_radii=\u00bbon|10px|10px|10px|10px\u00bb border_width_all=\u00bb5px\u00bb border_color_all=\u00bbrgba(255,255,255,0.19)\u00bb global_colors_info=\u00bb{%22gcid-924bddf2-c0ef-4ef9-b028-8630e1b50bab%22:%91%22background_color%22%93}\u00bb][et_pb_icon font_icon=\u00bb&#xf201;||fa||900&#8243; icon_color=\u00bb#FFFFFF\u00bb icon_width=\u00bb40px\u00bb _builder_version=\u00bb4.27.4&#8243; _module_preset=\u00bbdefault\u00bb global_colors_info=\u00bb{}\u00bb][\/et_pb_icon][et_pb_text _builder_version=\u00bb4.27.4&#8243; _module_preset=\u00bb_initial\u00bb text_text_color=\u00bb#FFFFFF\u00bb header_4_text_color=\u00bb#FFFFFF\u00bb text_orientation=\u00bbcenter\u00bb custom_margin=\u00bb||0px||false|false\u00bb link_option_url=\u00bbhttps:\/\/www.inpres.gob.ar\/desktop\/\u00bb link_option_url_new_window=\u00bbon\u00bb global_colors_info=\u00bb%91%93&#8243;]<\/p>\n<h4>INPRES<\/h4>\n<p>[\/et_pb_text][\/et_pb_column][et_pb_column type=\u00bb1_3&#8243; _builder_version=\u00bb4.27.4&#8243; _module_preset=\u00bbdefault\u00bb background_color=\u00bbrgba(255,255,255,0.17)\u00bb custom_padding=\u00bb40px|40px|40px|40px|true|true\u00bb custom_padding_tablet=\u00bb30px|30px|30px|30px|true|true\u00bb custom_padding_phone=\u00bb20px|20px|20px|20px|true|true\u00bb custom_padding_last_edited=\u00bbon|desktop\u00bb animation_style=\u00bbfade\u00bb hover_enabled=\u00bb0&#8243; border_radii=\u00bbon|10px|10px|10px|10px\u00bb border_width_all=\u00bb5px\u00bb border_color_all=\u00bbrgba(255,255,255,0.19)\u00bb global_colors_info=\u00bb{%22gcid-924bddf2-c0ef-4ef9-b028-8630e1b50bab%22:%91%22background_color%22%93}\u00bb link_option_url=\u00bbhttps:\/\/sitios-nonprod.mendoza.gob.ar\/vialidad\/\u00bb sticky_enabled=\u00bb0&#8243;][et_pb_icon font_icon=\u00bb&#xf018;||fa||900&#8243; icon_color=\u00bb#FFFFFF\u00bb icon_width=\u00bb40px\u00bb url=\u00bbhttps:\/\/www.mendoza.gov.ar\/vialidad\/\u00bb _builder_version=\u00bb4.27.4&#8243; _module_preset=\u00bbdefault\u00bb global_colors_info=\u00bb{}\u00bb][\/et_pb_icon][et_pb_text _builder_version=\u00bb4.27.4&#8243; _module_preset=\u00bb_initial\u00bb text_text_color=\u00bb#FFFFFF\u00bb header_4_text_color=\u00bb#FFFFFF\u00bb text_orientation=\u00bbcenter\u00bb custom_margin=\u00bb||0px||false|false\u00bb link_option_url=\u00bbhttps:\/\/www.mendoza.gov.ar\/vialidad\/\u00bb global_colors_info=\u00bb%91%93&#8243;]<\/p>\n<h4>Vialidad Provincial<\/h4>\n<p>[\/et_pb_text][\/et_pb_column][et_pb_column type=\u00bb1_3&#8243; _builder_version=\u00bb4.22.1&#8243; _module_preset=\u00bbdefault\u00bb background_color=\u00bbrgba(255,255,255,0.17)\u00bb custom_padding=\u00bb40px|40px|40px|40px|true|true\u00bb custom_padding_tablet=\u00bb30px|30px|30px|30px|true|true\u00bb custom_padding_phone=\u00bb20px|20px|20px|20px|true|true\u00bb custom_padding_last_edited=\u00bbon|desktop\u00bb animation_style=\u00bbfade\u00bb border_radii=\u00bbon|10px|10px|10px|10px\u00bb border_width_all=\u00bb5px\u00bb border_color_all=\u00bbrgba(255,255,255,0.19)\u00bb global_colors_info=\u00bb{%22gcid-924bddf2-c0ef-4ef9-b028-8630e1b50bab%22:%91%22background_color%22%93}\u00bb][et_pb_icon font_icon=\u00bb&#xe609;||divi||400&#8243; icon_color=\u00bb#FFFFFF\u00bb icon_width=\u00bb40px\u00bb url=\u00bbhttps:\/\/sitios-nonprod.mendoza.gob.ar\/seguridadyjusticia\/\u00bb _builder_version=\u00bb4.27.4&#8243; _module_preset=\u00bbdefault\u00bb global_colors_info=\u00bb{}\u00bb][\/et_pb_icon][et_pb_text _builder_version=\u00bb4.27.4&#8243; _module_preset=\u00bb_initial\u00bb text_text_color=\u00bb#FFFFFF\u00bb header_4_text_color=\u00bb#FFFFFF\u00bb text_orientation=\u00bbcenter\u00bb custom_margin=\u00bb||0px||false|false\u00bb link_option_url=\u00bbhttps:\/\/sitios-nonprod.mendoza.gob.ar\/seguridadyjusticia\/\u00bb global_colors_info=\u00bb%91%93&#8243;]<\/p>\n<h4>Ministerio de Seguridad y Justicia<\/h4>\n<p>[\/et_pb_text][\/et_pb_column][\/et_pb_row][et_pb_row column_structure=\u00bb1_3,1_3,1_3&#8243; make_equal=\u00bbon\u00bb _builder_version=\u00bb4.27.4&#8243; _module_preset=\u00bbdefault\u00bb custom_margin=\u00bb0px||0px||false|false\u00bb custom_padding=\u00bb1rem|0px|1rem|0px|true|false\u00bb animation_style=\u00bbfade\u00bb locked=\u00bboff\u00bb global_colors_info=\u00bb{}\u00bb][et_pb_column type=\u00bb1_3&#8243; _builder_version=\u00bb4.27.4&#8243; _module_preset=\u00bbdefault\u00bb background_color=\u00bbrgba(255,255,255,0.17)\u00bb custom_padding=\u00bb40px|40px|40px|40px|true|true\u00bb custom_padding_tablet=\u00bb30px|30px|30px|30px|true|true\u00bb custom_padding_phone=\u00bb20px|20px|20px|20px|true|true\u00bb custom_padding_last_edited=\u00bbon|desktop\u00bb animation_style=\u00bbfade\u00bb border_radii=\u00bbon|10px|10px|10px|10px\u00bb border_width_all=\u00bb5px\u00bb border_color_all=\u00bbrgba(255,255,255,0.19)\u00bb global_colors_info=\u00bb{%22gcid-924bddf2-c0ef-4ef9-b028-8630e1b50bab%22:%91%22background_color%22%93}\u00bb][et_pb_icon font_icon=\u00bb&#xf5a0;||fa||900&#8243; icon_color=\u00bb#FFFFFF\u00bb icon_width=\u00bb40px\u00bb url=\u00bbhttps:\/\/ide.mendoza.gov.ar\/portal\/home\/\u00bb url_new_window=\u00bbon\u00bb _builder_version=\u00bb4.27.4&#8243; _module_preset=\u00bbdefault\u00bb locked=\u00bboff\u00bb global_colors_info=\u00bb{}\u00bb][\/et_pb_icon][et_pb_text _builder_version=\u00bb4.27.4&#8243; _module_preset=\u00bbdefault\u00bb text_font=\u00bb|700|||||||\u00bb text_text_color=\u00bb#FFFFFF\u00bb text_font_size=\u00bb20px\u00bb link_option_url=\u00bbhttps:\/\/ide.mendoza.gov.ar\/portal\/home\/\u00bb link_option_url_new_window=\u00bbon\u00bb global_colors_info=\u00bb{}\u00bb]<\/p>\n<p style=\"text-align: center\">Unidad de Gesti\u00f3n de Datos Terriroriales<\/p>\n<p>[\/et_pb_text][\/et_pb_column][et_pb_column type=\u00bb1_3&#8243; _builder_version=\u00bb4.22.1&#8243; _module_preset=\u00bbdefault\u00bb background_color=\u00bbrgba(255,255,255,0.17)\u00bb custom_padding=\u00bb40px|40px|40px|40px|true|true\u00bb custom_padding_tablet=\u00bb30px|30px|30px|30px|true|true\u00bb custom_padding_phone=\u00bb20px|20px|20px|20px|true|true\u00bb custom_padding_last_edited=\u00bbon|desktop\u00bb animation_style=\u00bbfade\u00bb border_radii=\u00bbon|10px|10px|10px|10px\u00bb border_width_all=\u00bb5px\u00bb border_color_all=\u00bbrgba(255,255,255,0.19)\u00bb global_colors_info=\u00bb{%22gcid-924bddf2-c0ef-4ef9-b028-8630e1b50bab%22:%91%22background_color%22%93}\u00bb][et_pb_icon font_icon=\u00bb&#xf7d2;||fa||900&#8243; icon_color=\u00bb#FFFFFF\u00bb icon_width=\u00bb40px\u00bb url=\u00bbhttps:\/\/www.argentina.gob.ar\/transporte\/vialidad-nacional\/estado-de-rutas\u00bb url_new_window=\u00bbon\u00bb _builder_version=\u00bb4.27.4&#8243; _module_preset=\u00bbdefault\u00bb locked=\u00bboff\u00bb global_colors_info=\u00bb{}\u00bb][\/et_pb_icon][et_pb_text _builder_version=\u00bb4.27.4&#8243; _module_preset=\u00bbdefault\u00bb text_font=\u00bb&#8211;et_global_body_font|700|||||||\u00bb text_text_color=\u00bb#FFFFFF\u00bb text_font_size=\u00bb20px\u00bb link_option_url=\u00bbhttps:\/\/www.argentina.gob.ar\/transporte\/vialidad-nacional\/estado-de-rutas\u00bb link_option_url_new_window=\u00bbon\u00bb global_colors_info=\u00bb{}\u00bb]<\/p>\n<p style=\"text-align: center\"><strong>Vialidad Nacional<\/strong><\/p>\n<p>[\/et_pb_text][\/et_pb_column][et_pb_column type=\u00bb1_3&#8243; _builder_version=\u00bb4.22.1&#8243; _module_preset=\u00bbdefault\u00bb background_color=\u00bbrgba(255,255,255,0.17)\u00bb custom_padding=\u00bb40px|40px|40px|40px|true|true\u00bb custom_padding_tablet=\u00bb30px|30px|30px|30px|true|true\u00bb custom_padding_phone=\u00bb20px|20px|20px|20px|true|true\u00bb custom_padding_last_edited=\u00bbon|desktop\u00bb animation_style=\u00bbfade\u00bb border_radii=\u00bbon|10px|10px|10px|10px\u00bb border_width_all=\u00bb5px\u00bb border_color_all=\u00bbrgba(255,255,255,0.19)\u00bb global_colors_info=\u00bb{%22gcid-924bddf2-c0ef-4ef9-b028-8630e1b50bab%22:%91%22background_color%22%93}\u00bb][et_pb_icon font_icon=\u00bb&#xf75f;||fa||900&#8243; icon_color=\u00bb#FFFFFF\u00bb icon_width=\u00bb40px\u00bb url=\u00bbhttps:\/\/www.smn.gob.ar\/\u00bb url_new_window=\u00bbon\u00bb _builder_version=\u00bb4.27.4&#8243; _module_preset=\u00bbdefault\u00bb locked=\u00bboff\u00bb global_colors_info=\u00bb{}\u00bb][\/et_pb_icon][et_pb_text _builder_version=\u00bb4.27.4&#8243; _module_preset=\u00bbdefault\u00bb text_font=\u00bb|700|||||||\u00bb text_text_color=\u00bb#FFFFFF\u00bb text_font_size=\u00bb20px\u00bb link_option_url=\u00bbhttps:\/\/www.smn.gob.ar\/\u00bb link_option_url_new_window=\u00bbon\u00bb global_colors_info=\u00bb{}\u00bb]<\/p>\n<p style=\"text-align: center\">Servicio Meteorol\u00f3gico<\/p>\n<p>[\/et_pb_text][\/et_pb_column][\/et_pb_row][et_pb_row column_structure=\u00bb1_3,1_3,1_3&#8243; make_equal=\u00bbon\u00bb _builder_version=\u00bb4.27.4&#8243; _module_preset=\u00bbdefault\u00bb custom_margin=\u00bb0px||0px||false|false\u00bb custom_padding=\u00bb1rem|0px|1rem|0px|true|false\u00bb animation_style=\u00bbfade\u00bb locked=\u00bboff\u00bb global_colors_info=\u00bb{}\u00bb][et_pb_column type=\u00bb1_3&#8243; _builder_version=\u00bb4.27.4&#8243; _module_preset=\u00bbdefault\u00bb background_color=\u00bbrgba(255,255,255,0.17)\u00bb custom_padding=\u00bb40px|40px|40px|40px|true|true\u00bb custom_padding_tablet=\u00bb30px|30px|30px|30px|true|true\u00bb custom_padding_phone=\u00bb20px|20px|20px|20px|true|true\u00bb custom_padding_last_edited=\u00bbon|desktop\u00bb animation_style=\u00bbfade\u00bb border_radii=\u00bbon|10px|10px|10px|10px\u00bb border_width_all=\u00bb5px\u00bb border_color_all=\u00bbrgba(255,255,255,0.19)\u00bb global_colors_info=\u00bb{%22gcid-924bddf2-c0ef-4ef9-b028-8630e1b50bab%22:%91%22background_color%22%93}\u00bb][et_pb_icon font_icon=\u00bb&#xf6fc;||fa||900&#8243; icon_color=\u00bb#FFFFFF\u00bb icon_width=\u00bb40px\u00bb url=\u00bbhttps:\/\/oavv.segemar.gob.ar\/monitoreo-volcanico\/\u00bb url_new_window=\u00bbon\u00bb _builder_version=\u00bb4.27.4&#8243; _module_preset=\u00bbdefault\u00bb locked=\u00bboff\u00bb global_colors_info=\u00bb{}\u00bb][\/et_pb_icon][et_pb_text _builder_version=\u00bb4.27.4&#8243; _module_preset=\u00bbdefault\u00bb text_font=\u00bb|700|||||||\u00bb text_text_color=\u00bb#FFFFFF\u00bb text_font_size=\u00bb20px\u00bb link_option_url=\u00bbhttps:\/\/oavv.segemar.gob.ar\/monitoreo-volcanico\/\u00bb link_option_url_new_window=\u00bbon\u00bb global_colors_info=\u00bb{}\u00bb]<\/p>\n<p style=\"text-align: center\">Monitoreo Volc\u00e1nico del SEGEMAR<\/p>\n<p>[\/et_pb_text][\/et_pb_column][et_pb_column type=\u00bb1_3&#8243; _builder_version=\u00bb4.22.1&#8243; _module_preset=\u00bbdefault\u00bb background_color=\u00bbrgba(255,255,255,0.17)\u00bb custom_padding=\u00bb40px|40px|40px|40px|true|true\u00bb custom_padding_tablet=\u00bb30px|30px|30px|30px|true|true\u00bb custom_padding_phone=\u00bb20px|20px|20px|20px|true|true\u00bb custom_padding_last_edited=\u00bbon|desktop\u00bb animation_style=\u00bbfade\u00bb border_radii=\u00bbon|10px|10px|10px|10px\u00bb border_width_all=\u00bb5px\u00bb border_color_all=\u00bbrgba(255,255,255,0.19)\u00bb global_colors_info=\u00bb{%22gcid-924bddf2-c0ef-4ef9-b028-8630e1b50bab%22:%91%22background_color%22%93}\u00bb][et_pb_icon font_icon=\u00bb&#xf73b;||fa||900&#8243; icon_color=\u00bb#FFFFFF\u00bb icon_width=\u00bb40px\u00bb url=\u00bbhttps:\/\/www.mendoza.gov.ar\/contingencias\/radar\/\u00bb url_new_window=\u00bbon\u00bb _builder_version=\u00bb4.27.4&#8243; _module_preset=\u00bbdefault\u00bb locked=\u00bboff\u00bb global_colors_info=\u00bb{}\u00bb][\/et_pb_icon][et_pb_text _builder_version=\u00bb4.27.4&#8243; _module_preset=\u00bbdefault\u00bb text_font=\u00bb&#8211;et_global_body_font|700|||||||\u00bb text_text_color=\u00bb#FFFFFF\u00bb text_font_size=\u00bb20px\u00bb link_option_url=\u00bbhttps:\/\/www.mendoza.gov.ar\/contingencias\/radar\/\u00bb link_option_url_new_window=\u00bbon\u00bb global_colors_info=\u00bb{}\u00bb]<\/p>\n<p style=\"text-align: center\"><strong>Direcci\u00f3n de Contingencias Clim\u00e1ticas<\/strong><\/p>\n<p>[\/et_pb_text][\/et_pb_column][et_pb_column type=\u00bb1_3&#8243; _builder_version=\u00bb4.22.1&#8243; _module_preset=\u00bbdefault\u00bb background_color=\u00bbrgba(255,255,255,0.17)\u00bb custom_padding=\u00bb40px|40px|40px|40px|true|true\u00bb custom_padding_tablet=\u00bb30px|30px|30px|30px|true|true\u00bb custom_padding_phone=\u00bb20px|20px|20px|20px|true|true\u00bb custom_padding_last_edited=\u00bbon|desktop\u00bb animation_style=\u00bbfade\u00bb border_radii=\u00bbon|10px|10px|10px|10px\u00bb border_width_all=\u00bb5px\u00bb border_color_all=\u00bbrgba(255,255,255,0.19)\u00bb global_colors_info=\u00bb{%22gcid-924bddf2-c0ef-4ef9-b028-8630e1b50bab%22:%91%22background_color%22%93}\u00bb][et_pb_icon font_icon=\u00bb&#xf505;||fa||900&#8243; icon_color=\u00bb#FFFFFF\u00bb icon_width=\u00bb40px\u00bb url=\u00bbhttps:\/\/www.argentina.gob.ar\/seguridad\/gestion-del-riesgo-y-proteccion-civil\/operaciones\u00bb url_new_window=\u00bbon\u00bb _builder_version=\u00bb4.27.4&#8243; _module_preset=\u00bbdefault\u00bb locked=\u00bboff\u00bb global_colors_info=\u00bb{}\u00bb][\/et_pb_icon][et_pb_text _builder_version=\u00bb4.27.4&#8243; _module_preset=\u00bbdefault\u00bb text_font=\u00bb|700|||||||\u00bb text_text_color=\u00bb#FFFFFF\u00bb text_font_size=\u00bb20px\u00bb link_option_url=\u00bbhttps:\/\/www.argentina.gob.ar\/seguridad\/gestion-del-riesgo-y-proteccion-civil\/operaciones\u00bb link_option_url_new_window=\u00bbon\u00bb global_colors_info=\u00bb{}\u00bb]<\/p>\n<p style=\"text-align: center\">Direcci\u00f3n Nacional de Operaciones de Protecci\u00f3n Civil<\/p>\n<p>[\/et_pb_text][\/et_pb_column][\/et_pb_row][\/et_pb_section]<\/p>\n","protected":false},"excerpt":{"rendered":"<p>INPRESVialidad ProvincialMinisterio de Seguridad y JusticiaUnidad de Gesti\u00f3n de Datos TerrirorialesVialidad NacionalServicio Meteorol\u00f3gicoMonitoreo Volc\u00e1nico del SEGEMARDirecci\u00f3n de Contingencias Clim\u00e1ticasDirecci\u00f3n Nacional de Operaciones de Protecci\u00f3n Civil<\/p>\n","protected":false},"author":27,"featured_media":0,"parent":0,"menu_order":0,"comment_status":"closed","ping_status":"closed","template":"","meta":{"_et_pb_use_builder":"on","_et_pb_old_content":"","_et_gb_content_width":"","footnotes":""},"class_list":["post-310","page","type-page","status-publish","hentry"],"_links":{"self":[{"href":"https:\/\/sitios-nonprod.mendoza.gob.ar\/seguridadyjusticia\/wp-json\/wp\/v2\/pages\/310","targetHints":{"allow":["GET"]}}],"collection":[{"href":"https:\/\/sitios-nonprod.mendoza.gob.ar\/seguridadyjusticia\/wp-json\/wp\/v2\/pages"}],"about":[{"href":"https:\/\/sitios-nonprod.mendoza.gob.ar\/seguridadyjusticia\/wp-json\/wp\/v2\/types\/page"}],"author":[{"embeddable":true,"href":"https:\/\/sitios-nonprod.mendoza.gob.ar\/seguridadyjusticia\/wp-json\/wp\/v2\/users\/27"}],"replies":[{"embeddable":true,"href":"https:\/\/sitios-nonprod.mendoza.gob.ar\/seguridadyjusticia\/wp-json\/wp\/v2\/comments?post=310"}],"version-history":[{"count":25,"href":"https:\/\/sitios-nonprod.mendoza.gob.ar\/seguridadyjusticia\/wp-json\/wp\/v2\/pages\/310\/revisions"}],"predecessor-version":[{"id":1900,"href":"https:\/\/sitios-nonprod.mendoza.gob.ar\/seguridadyjusticia\/wp-json\/wp\/v2\/pages\/310\/revisions\/1900"}],"wp:attachment":[{"href":"https:\/\/sitios-nonprod.mendoza.gob.ar\/seguridadyjusticia\/wp-json\/wp\/v2\/media?parent=310"}],"curies":[{"name":"wp","href":"https:\/\/api.w.org\/{rel}","templated":true}]}}