{"id":348,"date":"2025-05-09T16:12:40","date_gmt":"2025-05-09T14:12:40","guid":{"rendered":"https:\/\/sitios-nonprod.mendoza.gob.ar\/seguridadyjusticia\/?page_id=348"},"modified":"2025-08-13T16:37:03","modified_gmt":"2025-08-13T14:37:03","slug":"di-se-p","status":"publish","type":"page","link":"https:\/\/sitios-nonprod.mendoza.gob.ar\/seguridadyjusticia\/di-se-p\/","title":{"rendered":"DI.SE.P."},"content":{"rendered":"[et_pb_section fb_built=\u00bb1&#8243; _builder_version=\u00bb4.27.4&#8243; _module_preset=\u00bbdefault\u00bb border_color_all=\u00bb#c8a977&#8243; global_colors_info=\u00bb{}\u00bb][et_pb_row _builder_version=\u00bb4.27.4&#8243; _module_preset=\u00bbdefault\u00bb min_height=\u00bb75.8px\u00bb custom_padding=\u00bb36px|||||\u00bb global_colors_info=\u00bb{}\u00bb][et_pb_column type=\u00bb4_4&#8243; _builder_version=\u00bb4.27.4&#8243; _module_preset=\u00bbdefault\u00bb global_colors_info=\u00bb{}\u00bb][et_pb_text _builder_version=\u00bb4.27.4&#8243; _module_preset=\u00bbdefault\u00bb text_font=\u00bb|800|||||||\u00bb text_text_color=\u00bb#000000&#8243; text_font_size=\u00bb40px\u00bb link_font=\u00bb|700|||||||\u00bb link_font_size=\u00bb40px\u00bb global_colors_info=\u00bb{}\u00bb]<p>Di.Se.P.<\/p>[\/et_pb_text][\/et_pb_column][\/et_pb_row][et_pb_row _builder_version=\u00bb4.27.4&#8243; _module_preset=\u00bbdefault\u00bb global_colors_info=\u00bb{}\u00bb][et_pb_column type=\u00bb4_4&#8243; _builder_version=\u00bb4.27.4&#8243; _module_preset=\u00bbdefault\u00bb global_colors_info=\u00bb{}\u00bb][et_pb_accordion _builder_version=\u00bb4.27.4&#8243; _module_preset=\u00bbdefault\u00bb min_height=\u00bb78.7px\u00bb global_colors_info=\u00bb{}\u00bb][et_pb_accordion_item title=\u00bbDirecci\u00f3n de Seguridad Privada \u00bb open=\u00bbon\u00bb _builder_version=\u00bb4.27.4&#8243; _module_preset=\u00bbdefault\u00bb global_colors_info=\u00bb{}\u00bb][\/et_pb_accordion_item][\/et_pb_accordion][\/et_pb_column][\/et_pb_row][et_pb_row _builder_version=\u00bb4.27.4&#8243; _module_preset=\u00bbdefault\u00bb custom_margin=\u00bb3px|auto||auto||\u00bb custom_padding=\u00bb6px|||||\u00bb locked=\u00bboff\u00bb global_colors_info=\u00bb{}\u00bb][et_pb_column type=\u00bb4_4&#8243; _builder_version=\u00bb4.27.4&#8243; _module_preset=\u00bbdefault\u00bb global_colors_info=\u00bb{}\u00bb][et_pb_tabs _builder_version=\u00bb4.27.4&#8243; _module_preset=\u00bbdefault\u00bb custom_padding=\u00bb||30px|||\u00bb global_colors_info=\u00bb{}\u00bb][et_pb_tab title=\u00bbDi.Se.P.\u00bb _builder_version=\u00bb4.27.4&#8243; _module_preset=\u00bbdefault\u00bb global_colors_info=\u00bb{}\u00bb]<p><span style=\"color: #000000\"><strong>REGISTRO PROVINCIAL DE PRESTADORES DE SEGURIDAD PRIVADA HUMANA, INTERNA Y TECNOL\u00d3GICA<\/strong><\/span><\/p>\n<p><span style=\"color: #000000\"><strong><\/strong><\/span><\/p>\n<p><span style=\"color: #000000\"><strong>SEDE CENTRAL<\/strong><\/span><br \/><span style=\"color: #000000\">Salta 672, Godoy Cruz, Mendoza.<\/span><br \/><span style=\"color: #000000\">Tel\u00e9fonos: 0261 385 9066 Mail: <\/span><br \/><span style=\"color: #000000\">Horario de atenci\u00f3n: Lunes a Viernes de 8 a 13 h.<\/span><\/p>\n<p><span style=\"color: #000000\"><strong>DELEGACI\u00d3N ZONA SUR<\/strong><\/span><br \/><span style=\"color: #000000\">Calle Maza 870, San Rafael, Mendoza.<\/span><br \/><span style=\"color: #000000\">Tel\u00e9fono\u00a0 celular 261-5437197<\/span><\/p>\n<p><span style=\"color: #000000\"><strong>DELEGACI\u00d3N VALLE DE UCO<\/strong><\/span><br \/><span style=\"color: #000000\">Ej\u00e9rcito de Los Andes s\/n. Centro C\u00edvico- 2\u00b0 Piso \u2013 La Consulta.<\/span><\/p>\n<p><span style=\"color: #000000\"><strong>DELEGACI\u00d3N ZONA ESTE<\/strong><\/span><br \/><span style=\"color: #000000\">San Isidro y Constituci\u00f3n &#8211; 1\u00b0 Piso- Rivadavia.<\/span><br \/><span style=\"color: #000000\">Tel\u00e9fono 02634442415<\/span><\/p>\n<p><a href=\"https:\/\/www.mendoza.gov.ar\/wp-content\/uploads\/sites\/26\/2025\/02\/EMPRESAS-HABILITADA-19-02-25.pdf\">DESCARGUE LISTADO DE EMPRESAS HABILITADAS<\/a><\/p>\n<p><span style=\"color: #000000\"><strong>Ley 6441\/96<\/strong><\/span><\/p>\n<p><span style=\"color: #000000\"><strong>ART. 10\u00b0\u00a0 BIS<\/strong> \u00a0las empresas del estado provincial y municipal, deber\u00e1n abstenerse de contratar servicio de seguridad con empresas que de acuerdo a los registros del REPRIV no cumplan lo establecido en la Ley 6441, sus modificatorias y decreto reglamentario. A los efectos de dar cumplimiento a lo establecido en el p\u00e1rrafo anterior y de constatar que las empresas contratadas cumplan con las normas vigentes deber\u00e1n consultar mensualmente al registro provincial de empresas privadas de vigilancia. (texto incorporado por Ley 7421, art. 20)<\/span><\/p>\n<p><span style=\"color: #000000\"><strong>ART. 26\u00b0 BIS<\/strong> las personas f\u00edsicas o jur\u00eddicas que requieran, contraten o tomen, los servicios de seguridad brindados por particulares o empresas de seguridad privada no autorizadas, ser\u00e1n solidariamente responsables con \u00e9stos por el incumplimiento de las previsiones de esta ley o su reglamentaci\u00f3n, respondiendo con su capital por las sanciones aplicadas a las empresas de seguridad o personas regidas por esta ley, por la autoridad de aplicaci\u00f3n. (texto incorporado por Ley 7421, art. 22)<\/span><\/p>\n<p><strong><span style=\"color: #000000\">Ley 9578<\/span><\/strong><\/p>\n<p><span style=\"color: #000000\">Decreto reglamentario 264\/2025<\/span><\/p>\n<p><span style=\"color: #000000\"><strong>INFORMES<\/strong><\/span><\/p>\n<ul>\n<li><span style=\"color: #000000\"> Tel\u00e9fono: 0261 385 9066 <\/span><\/li>\n<li><span style=\"color: #000000\">Correo electr\u00f3nico: disep@mendoza.gov.ar<\/span><\/li>\n<li><span style=\"color: #000000\">WhatsApp: 261 277 9309<\/span><\/li>\n<\/ul>[\/et_pb_tab][et_pb_tab title=\u00bbCURSOS\u00bb _builder_version=\u00bb4.27.4&#8243; _module_preset=\u00bbdefault\u00bb global_colors_info=\u00bb{}\u00bb]<p><strong><span style=\"color: #000000\">Los cursos habilitantes y de car\u00e1cter obligatorio para desarrollar la actividad de vigilancia privada en toda la Provincia de Mendoza, bajo supervisi\u00f3n de la Direcci\u00f3n de Seguridad Privada (DISEP) y en el marco de la reglamentaci\u00f3n vigente (Ley 9578\/24, Decreto Reglamentario 264\/25), son los siguientes:<\/span><\/strong><\/p>\n<p><span style=\"color: #000000\">El <strong>\u201cCURSO B\u00c1SICO DE CAPACITACI\u00d3N PARA VIGILADOR PRIVADO\u201d<\/strong> es habilitante para todas las\u00a0 actividades que enumera la Ley 9578\/24 y su Decreto Reglamentario 264\/25<\/span><\/p>\n<p><span style=\"color: #000000\">Esta capacitaci\u00f3n se actualiza cada cinco a\u00f1os con la aprobaci\u00f3n del <strong>\u201cCURSO DE ACTUALIZACI\u00d3N PARA VIGILADOR PRIVADO\u201d.<\/strong><\/span><\/p>\n<p><span style=\"color: #000000\">Para el desarrollo de actividades espec\u00edficas, el vigilador privado adem\u00e1s del curso \u201cb\u00e1sico\u201d y su correspondiente \u201cactualizaci\u00f3n\u201d deber\u00e1 acreditar la aprobaci\u00f3n de los siguientes <strong>CURSOS DE ESPECIALIZACI\u00d3N<\/strong> de acuerdo con la tarea particular y definida en la que desarrolla el rubro de seguridad privada, a saber:<\/span><\/p>\n<ul>\n<li><span style=\"color: #000000\">Vigilador Bombero.<\/span><\/li>\n<li><span style=\"color: #000000\">Operadores en diversi\u00f3n nocturna.<\/span><\/li>\n<li><span style=\"color: #000000\">Operadores en eventos deportivos.<\/span><\/li>\n<li><span style=\"color: #000000\">Manejo y prevenci\u00f3n con armas de baja letalidad<\/span><\/li>\n<li><span style=\"color: #000000\">Operadores de seguridad para transporte y cultivo de cannabis para uso medicinal.<\/span><\/li>\n<\/ul>\n<p><span style=\"color: #000000\">Para el personal que se desempe\u00f1a en instalaciones de alarmas y sistemas de monitoreo, deber\u00e1n tener aprobado el curso de \u201cCapacitaci\u00f3n legal para instalador de alarmas domiciliarias y comerciales<\/span><\/p>\n<p><span style=\"color: #000000\"><strong>INSTITUCIONES EDUCATIVAS AUTORIZADAS<\/strong><\/span><\/p>\n<p><span style=\"color: #000000\"><strong>UNIVERSIDAD JUAN AGUST\u00cdN MAZA<\/strong><\/span><\/p>\n<p><span style=\"color: #000000\">Direcci\u00f3n: Av. Acceso Este, Lateral Sur 2245, Guaymall\u00e9n, Mendoza.<\/span><\/p>\n<p><span style=\"color: #000000\"><strong>Contacto<\/strong>:<\/span><\/p>\n<p><span style=\"color: #000000\">E-mail: coordinacionseguridadprivada@umaza.edu.ar<\/span><\/p>\n<p><span style=\"color: #000000\">cursovigilador@profesores.umaza.edu.ar<\/span><\/p>\n<p><span style=\"color: #000000\">Tel\u00e9fono: 2613373018.<\/span><\/p>\n<p><span style=\"color: #000000\"><strong>INSTITUTO UNIVERSITARIO DE SEGURIDAD P\u00daBLICA<\/strong><\/span><\/p>\n<p><span style=\"color: #000000\">Direcci\u00f3n: Montes de Oca y Einstein, Godoy Cruz, Mendoza.<\/span><\/p>\n<p><strong><span style=\"color: #000000\">Contacto:<\/span><\/strong><\/p>\n<p><span style=\"color: #000000\">E-mail: iusp.capacitacionmendoza@gmail.com.<\/span><\/p>\n<p><span style=\"color: #000000\">4274140\/4270836.<\/span><\/p>\n<p><span style=\"color: #000000\"><strong>UNIVERSIDAD DEL ACONCAGUA \u2013 FACULTAD DE PSICOLOG\u00cdA<\/strong><\/span><\/p>\n<p><span style=\"color: #000000\">Direcci\u00f3n: Catamarca 361- Mendoza.<\/span><\/p>\n<p><strong><span style=\"color: #000000\">Contacto:<\/span><\/strong><\/p>\n<p><span style=\"color: #000000\">E-mail: yamilarios@uda.edu.ar<\/span><\/p>\n<p><span style=\"color: #000000\">Tel\u00e9fono: 2616605465 (lunes, mi\u00e9rcoles y viernes de 9 a 13 h).<\/span><\/p>\n<p><span style=\"color: #000000\"><strong>UNIVERSIDAD DE CONGRESO<\/strong><\/span><\/p>\n<p><span style=\"color: #000000\">Direcci\u00f3n: Avenida Col\u00f3n 90 \u2013 Mendoza.<\/span><\/p>\n<p><strong><span style=\"color: #000000\">Contacto:<\/span><\/strong><\/p>\n<p><span style=\"color: #000000\">E-mail: extension@ucongreso.edu.ar<\/span><\/p>\n<p><span style=\"color: #000000\">Tel\u00e9fono: 261 4230630 Int. 118.<\/span><\/p>\n<p><strong><span style=\"color: #000000\">UNIVERSIDAD CHAMPAGNAT<\/span><\/strong><\/p>\n<p><span style=\"color: #000000\">Direcci\u00f3n: Belgrano 721, M5501 Godoy Cruz, Mendoza.<\/span><\/p>\n<p><strong><span style=\"color: #000000\">Contacto:<\/span><\/strong><\/p>\n<p><span style=\"color: #000000\">Lic. Jorge Puebla<\/span><\/p>\n<p><span style=\"color: #000000\">jorgeapuebla33@gmail.com<\/span><\/p>\n<p><span style=\"color: #000000\">Tel. 2615539932 de 9 a 13 h y de 17 a 21 h.<\/span><\/p>\n<p><span style=\"color: #000000\"><strong>UNIVERSIDAD FASTA DE LA FRATERNIDAD DE AGRUPACIONES SANTO TOMAS DE AQUINO \u2013 ASOCIACI\u00d3N MUTUAL DE LA SEGURIDAD PRIVADA DE LA ARGENTINA<\/strong><\/span><\/p>\n<p><span style=\"color: #000000\">Direcci\u00f3n: Adolfo Calle 239\u00a0 -Dorrego\u00a0 -Guaymall\u00e9n- Mza.<\/span><\/p>\n<p><span style=\"color: #000000\">E-mail: info@vigiladorargentino.com<\/span><\/p>\n<p><span style=\"color: #000000\">Tel. 2616014200.<\/span><\/p>\n<p><span style=\"color: #000000\"><strong>DESCRIPCI\u00d3N DE LOS CURSOS<\/strong><\/span><\/p>\n<p><span style=\"color: #000000\"><strong>CURSO B\u00c1SICO DE CAPACITACI\u00d3N PARA VIGILADOR PRIVADO<\/strong><\/span><\/p>\n<p><span style=\"color: #000000\">Dirigido a toda persona que realice actividades de vigilancia o seguridad privada y a quien opte este rubro como salida laboral.<\/span><\/p>\n<p><span style=\"color: #000000\">Carga horaria m\u00ednima: 170 horas.<\/span><\/p>\n<p><span style=\"color: #000000\">Consta de cuatro m\u00f3dulos:<\/span><\/p>\n<p><span style=\"color: #000000\">\u2013 M\u00f3dulo legal (52 horas): \u201cDerechos Humanos\u201d, \u201cDerecho\u201d e \u201cIntroducci\u00f3n Pr\u00e1ctica a la Ley de Seguridad Privada (6441)\u201d.<\/span><\/p>\n<p><span style=\"color: #000000\">\u2013 M\u00f3dulo social (40 horas): \u201cSociolog\u00eda\u201d, \u201cAdicciones\u201d, \u201cAtenci\u00f3n b\u00e1sica en salud, primer interventor\u201d, \u201cControl f\u00edsico y h\u00e1bitos saludables\u201d.<\/span><\/p>\n<p><span style=\"color: #000000\">\u2013 M\u00f3dulo T\u00e9cnico (72 horas): \u201cNormas y procedimientos en seguridad\u201d, \u201cT\u00e9cnicas de intervenci\u00f3n procedimental\u201d, \u201cDefensa personal\u201d, \u201cDefensa Civil y prevenci\u00f3n de riesgos\u201d.<\/span><\/p>\n<p><span style=\"color: #000000\">\u2013 M\u00f3dulo compilatorio (6 horas): \u201cTaller de casos\u201d<\/span><\/p>\n<p><span style=\"color: #000000\"><strong>CURSO DE ACTUALIZACI\u00d3N PARA VIGILADOR PRIVADO<\/strong><\/span><\/p>\n<p><span style=\"color: #000000\">Est\u00e1 dirigido a todo personal de vigilancia y vigiladores de seguridad privada que hayan aprobado hace cinco a\u00f1os o m\u00e1s el Curso B\u00e1sico de Capacitaci\u00f3n, ya sea en forma presencial o rendido por sistema on-line.<\/span><\/p>\n<p><span style=\"color: #000000\">Carga horaria m\u00ednima: 96 horas.<\/span><\/p>\n<p><span style=\"color: #000000\">Consta de un proped\u00e9utico de 8 horas (nivelaci\u00f3n) y cuatro m\u00f3dulos:<\/span><\/p>\n<p><span style=\"color: #000000\">\u2013 M\u00f3dulo legal (26 horas): \u201cDerechos Humanos\u201d, \u201cDerecho\u201d, \u201cLey de Seguridad Privada (9578)\u201d.<\/span><\/p>\n<p><span style=\"color: #000000\">\u2013 M\u00f3dulo t\u00e9cnico (54 horas): \u201cProcedimientos especiales en seguridad\u201d, \u201cT\u00e9cnicas especiales en seguridad\u201d, \u201cDefensa personal\u201d, \u201cPrevenci\u00f3n especial de riesgos en seguridad\u201d, \u201cReanimaci\u00f3n cardiopulmonar (Rcp) y epilepsia\u201d, \u201cAutocontrol y defensa personal, lenguaje no verbal\u201d.<\/span><\/p>\n<p><span style=\"color: #000000\">\u2013 M\u00f3dulo compilatorio (8 hs): \u201cEvaluaci\u00f3n integrativa\u201d<\/span><\/p>\n<p><span style=\"color: #000000\"><strong>CURSOS DE ESPECIALIZACI\u00d3N<\/strong><\/span><\/p>\n<p><span style=\"color: #000000\"><strong>OPERADORES EN DIVERSI\u00d3N NOCTURNA<\/strong><\/span><\/p>\n<p><span style=\"color: #000000\">Est\u00e1 dirigido a todo personal de vigilancia y vigiladores de seguridad privada que desarrollen o quieran desarrollar tareas en el \u00e1mbito de diversi\u00f3n nocturna.<\/span><\/p>\n<p><span style=\"color: #000000\">Carga horaria m\u00ednima: 128 horas<\/span><\/p>\n<p><span style=\"color: #000000\">Consta de un proped\u00e9utico de 8 horas (nivelaci\u00f3n) y cuatro m\u00f3dulos:<\/span><\/p>\n<p><span style=\"color: #000000\">\u2013 M\u00f3dulo legal (24 horas): \u201cDerecho temas especiales\u201d, \u201cDerechos Humanos actos discriminatorios\u201d, \u201cLey 8296 Diversi\u00f3n nocturna y 9578 Seguridad privada\u201d.<\/span><\/p>\n<p><span style=\"color: #000000\">\u2013 M\u00f3dulo social (32 horas): \u201cPsicolog\u00eda, taller control impulsivo en situaciones de stress, control emocional\u201d, \u201cContextos socio-culturales de recreaci\u00f3n y ocio juvenil\u201d, \u201cAtenci\u00f3n primaria en RCP, epilepsia y alcoholismo\u201d.<\/span><\/p>\n<p><span style=\"color: #000000\">\u2013 M\u00f3dulo T\u00e9cnico (56 horas): \u201cT\u00e9cnicas de intervenci\u00f3n\u201d, \u201cEquipamiento t\u00e9cnico Ley 8296\u201d, \u201cAplicaci\u00f3n pr\u00e1ctica de defensa personal y control en locales bailables\u201d, \u201cPlanes de contingencia y evacuaci\u00f3n, taller de caso Rep\u00fablica Croma\u00f1\u00f3n\u201d.<\/span><\/p>\n<p><span style=\"color: #000000\">\u2013 M\u00f3dulo compilatorio (8 horas): \u201cTaller de casos, evaluaci\u00f3n final integrativa<\/span><\/p>\n<p><span style=\"color: #000000\"><strong>OPERADORES EN EVENTOS DEPORTIVOS<\/strong><\/span><\/p>\n<p><span style=\"color: #000000\">Est\u00e1 dirigido a todo personal de vigilancia y vigiladores de seguridad privada que quieran especializarse en seguridad en eventos deportivos y en estadios de f\u00fatbol.<\/span><\/p>\n<p><span style=\"color: #000000\">Carga horaria m\u00ednima: 116 horas.<\/span><\/p>\n<p><span style=\"color: #000000\">Consta de un proped\u00e9utico de 8 horas (nivelaci\u00f3n) y cuatro m\u00f3dulos:<\/span><\/p>\n<p><span style=\"color: #000000\">\u2013 M\u00f3dulo legal (24 horas): \u201cEventos Deportivos, f\u00fatbol, seguridad y Derechos Humanos\u201d, \u201cMarco legal y normativas de eventos deportivos\u201d, \u201cLey 9578 de Seguridad privada\u201d.<\/span><\/p>\n<p><span style=\"color: #000000\">\u2013 M\u00f3dulo social (16 horas): \u201cActores en eventos deportivos y f\u00fatbol\u201d, \u201cRCP y epilepsia\u201d.<\/span><\/p>\n<p><span>\u2013 <span style=\"color: #000000\">M\u00f3dulo T\u00e9cnico (56 horas): \u201cEstructura de instalaciones deportivas y estadios de Mendoza- riesgos y prevenci\u00f3n\u201d, \u201cPrevenci\u00f3n y t\u00e9cnicas especiales en seguridad en eventos deportivos y f\u00fatbol\u201d, \u201cNormas y procedimientos en seguridad\u201d, \u201cDefensa personal e instrucci\u00f3n operativa\u201d.<\/span><\/span><\/p>\n<p><span style=\"color: #000000\">\u2013 M\u00f3dulo compilatorio (12 horas): \u201cTaller de casos, violencia en el f\u00fatbol, leg\u00edtima defensa\u201d \u201cEvaluaci\u00f3n final integrativa\u201d<\/span><\/p>\n<p><span style=\"color: #000000\"><\/span><\/p>\n<p><span style=\"color: #000000\">Las Instituciones autorizadas pueden agregar talleres extracurriculares con tem\u00e1ticas afines a la actividad de seguridad privada.<\/span><\/p>\n<p><span>\u00a0<\/span><\/p>[\/et_pb_tab][et_pb_tab title=\u00bbRECOMENDACI\u00d3N CIUDADANA\u00bb _builder_version=\u00bb4.27.4&#8243; _module_preset=\u00bbdefault\u00bb global_colors_info=\u00bb{}\u00bb]<p><\/p>\n<p><strong>LA CONTRATACI\u00d3N DE SEGURIDAD PRIVADA CLANDESTINA PUEDE TENER GRAVES CONSECUENCIAS PARA LA SOCIEDAD EN GENERAL, LO QUE REPRESENTA UN RIESGO PARA LA SEGURIDAD DE LAS PERSONAS Y LOS BIENES PROTEGIDOS<\/strong><\/p>\n<p> <\/p>\n<p><strong>\u00bfPor qu\u00e9 constituye un riesgo?<\/strong><\/p>\n<p> <\/p>\n<p>Porque al estar sin regulaci\u00f3n y control puede llevar a tener personas no calificadas o incluso con antecedentes penales.<\/p>\n<p> <\/p>\n<p>Precisamente la habilitaci\u00f3n del Ministerio de Seguridad y Justicia, a trav\u00e9s de la Autoridad de Aplicaci\u00f3n que es la Direcci\u00f3n de Seguridad Privada (DISEP), incluye requisitos que garantizan brindar un servicio seguro y eficaz.<\/p>\n<p> <\/p>\n<p><strong>\u00bfQu\u00e9 pasa si se contrata una empresa clandestina?<\/strong><\/p>\n<p> <\/p>\n<p>Conlleva consecuencias de orden civil ya que se incurre en un incumplimiento legal porque contratar servicios de seguridad clandestina va en contra de las leyes y regulaciones establecidas y las empresas que operan en la clandestinidad pueden enfrentar sanciones legales y multas como tambi\u00e9n quien contrata como responsable solidario.<\/p>\n<p> <\/p>\n<p><strong>\u00bfQu\u00e9 verifica la DISEP con las habilitaciones en el marco de la Ley 9578?<\/strong><\/p>\n<p> <\/p>\n<ul class=\"wp-block-list\">\n<li>Que las empresas cumplan con las obligaciones laborales y previsionales, para ello peri\u00f3dicamente se les solicita los comprobantes de ART, AFIP, aportes patronales, etc., que tengan un domicilio empresarial establecido, que nombren un director t\u00e9cnico con idoneidad para el manejo operacional.<\/li>\n<\/ul>\n<p> <\/p>\n<ul class=\"wp-block-list\">\n<li>Que cada vigilador privado no registre antecedentes de condenas por delitos dolosos ni violaciones a los derechos humanos ni tenga procesos judiciales pendientes o con sobreseimiento provisional o condena no prescripta por delito doloso y cuente con residencia fija en la provincia con un m\u00ednimo de dos (2) a\u00f1os (o sea que se verifica el domicilio) y cuente con los cursos de capacitaci\u00f3n correspondiente, ya que no solo debe tener los conocimientos sobre seguridad, tambi\u00e9n debe estar preparado para enfrentar situaciones de emergencia y actuar de manera profesional.<\/li>\n<\/ul>\n<p> <\/p>\n<ul class=\"wp-block-list\">\n<li>Las personas habilitadas poseen una credencial identificatoria.<\/li>\n<\/ul>\n<p> <\/p>\n<p><strong>\u00bfQu\u00e9 medidas puedo tomar para evitar ser v\u00edctima de empresas clandestinas que ofrecen servicios de seguridad privada?<\/strong><\/p>\n<p> <\/p>\n<p><strong>1- Verificar que la empresa de seguridad est\u00e9 habilitada<\/strong><\/p>\n<p> <\/p>\n<p>En esta misma p\u00e1gina web, en la <strong>pesta\u00f1a \u201cDISEP\u201d <\/strong>se mantienen actualizados los datos de empresas de seguridad.<\/p>\n<p> <\/p>\n<p>No solo se puede consultar la informaci\u00f3n de las empresas habilitadas, sino tambi\u00e9n las que han sido inhabilitadas o se han dado de baja, las suspendidas, las que est\u00e1n es proceso de inhabilitaci\u00f3n y la deuda que tienen las empresas con el estado provincial por aplicaci\u00f3n de multas.<\/p>\n<p> <\/p>\n<p>Ello permite ver la situaci\u00f3n de cada empresa, previo a la contrataci\u00f3n.<\/p>\n<p> <\/p>\n<p><strong>2- Recuerde que un precio muy inferior al del mercado seguramente trae aparejado incumplimiento y clandestinidad<\/strong><\/p>\n<p> <\/p>\n<p>A continuaci\u00f3n, se agrega lo establecido por el convenio colectivo de trabajo celebrado entre \u201cUni\u00f3n Personal de Seguridad de la Rep\u00fablica Argentina (U.P.S.R.A.)\u00bb y la \u201cC\u00e1mara Argentina de Empresas de Seguridad e Investigaci\u00f3n (C.A.E.S.I.)\u00bb para marzo, abril y mayo del corriente a\u00f1o a efectos que se pueda contar con una correcta apreciaci\u00f3n de cu\u00e1nto debe cobrar un vigilador privado.<\/p>\n<p> <\/p>\n<figure class=\"wp-block-image size-large\"><img decoding=\"async\" src=\"https:\/\/www.mendoza.gov.ar\/wp-content\/uploads\/sites\/26\/2025\/07\/Escala-salarial-06-05-25-700x495.jpeg\" alt=\"\" class=\"wp-image-10621\" \/><\/figure>\n<p> <\/p>\n<figure class=\"wp-block-image size-large\"><img decoding=\"async\" src=\"https:\/\/www.mendoza.gov.ar\/wp-content\/uploads\/sites\/26\/2025\/07\/acta_acuerdo1-700x1029.jpg\" alt=\"\" class=\"wp-image-10625\" \/><\/figure>\n<p> <\/p>\n<figure class=\"wp-block-image size-large\"><img decoding=\"async\" src=\"https:\/\/www.mendoza.gov.ar\/wp-content\/uploads\/sites\/26\/2025\/07\/acta_cuerdo2-700x1074.jpg\" alt=\"\" class=\"wp-image-10629\" \/><\/figure>\n<p> <\/p>\n<figure class=\"wp-block-image size-large\"><img decoding=\"async\" src=\"https:\/\/www.mendoza.gov.ar\/wp-content\/uploads\/sites\/26\/2025\/07\/acta_acuerdo3-700x1041.jpg\" alt=\"\" class=\"wp-image-10626\" \/><\/figure>\n<p> <\/p>\n<figure class=\"wp-block-image size-large\"><img decoding=\"async\" src=\"https:\/\/www.mendoza.gov.ar\/wp-content\/uploads\/sites\/26\/2025\/07\/acta_acuerdo4-700x921.jpg\" alt=\"\" class=\"wp-image-10627\" \/><\/figure>\n<p> <\/p>\n<figure class=\"wp-block-image size-large\"><img decoding=\"async\" src=\"https:\/\/www.mendoza.gov.ar\/wp-content\/uploads\/sites\/26\/2025\/07\/acta_acuerdo5-700x370.jpg\" alt=\"\" class=\"wp-image-10628\" \/><\/figure>\n<p> <\/p>\n<p><strong>3- Revise bien el contrato<\/strong><\/p>\n<p> <\/p>\n<p>Debe incluir todos los detalles relevantes: horarios, responsabilidades, tarifas, etc. y especificar claramente los servicios que se proporcionar\u00e1n y las condiciones de terminaci\u00f3n del contrato.<\/p>\n<p> <\/p>\n<p><strong>Cualquier duda que tenga sobre la contrataci\u00f3n de servicios de seguridad privada por favor llame al tel\u00e9fono 0261 385 9066 o consulte por mail a: disep@mendoza.gov.ar<\/strong><\/p>\n<p><\/p>[\/et_pb_tab][\/et_pb_tabs][\/et_pb_column][\/et_pb_row][\/et_pb_section]","protected":false},"excerpt":{"rendered":"<p>Di.Se.P.REGISTRO PROVINCIAL DE PRESTADORES DE SEGURIDAD PRIVADA HUMANA, INTERNA Y TECNOL\u00d3GICA SEDE CENTRALSalta 672, Godoy Cruz, Mendoza.Tel\u00e9fonos: 0261 385 9066 Mail: Horario de atenci\u00f3n: Lunes a Viernes de 8 a 13 h. DELEGACI\u00d3N ZONA SURCalle Maza 870, San Rafael, Mendoza.Tel\u00e9fono\u00a0 celular 261-5437197 DELEGACI\u00d3N VALLE DE UCOEj\u00e9rcito de Los Andes s\/n. Centro C\u00edvico- 2\u00b0 Piso \u2013 [&hellip;]<\/p>\n","protected":false},"author":27,"featured_media":0,"parent":0,"menu_order":0,"comment_status":"closed","ping_status":"closed","template":"","meta":{"_et_pb_use_builder":"on","_et_pb_old_content":"","_et_gb_content_width":"","footnotes":""},"class_list":["post-348","page","type-page","status-publish","hentry"],"_links":{"self":[{"href":"https:\/\/sitios-nonprod.mendoza.gob.ar\/seguridadyjusticia\/wp-json\/wp\/v2\/pages\/348","targetHints":{"allow":["GET"]}}],"collection":[{"href":"https:\/\/sitios-nonprod.mendoza.gob.ar\/seguridadyjusticia\/wp-json\/wp\/v2\/pages"}],"about":[{"href":"https:\/\/sitios-nonprod.mendoza.gob.ar\/seguridadyjusticia\/wp-json\/wp\/v2\/types\/page"}],"author":[{"embeddable":true,"href":"https:\/\/sitios-nonprod.mendoza.gob.ar\/seguridadyjusticia\/wp-json\/wp\/v2\/users\/27"}],"replies":[{"embeddable":true,"href":"https:\/\/sitios-nonprod.mendoza.gob.ar\/seguridadyjusticia\/wp-json\/wp\/v2\/comments?post=348"}],"version-history":[{"count":28,"href":"https:\/\/sitios-nonprod.mendoza.gob.ar\/seguridadyjusticia\/wp-json\/wp\/v2\/pages\/348\/revisions"}],"predecessor-version":[{"id":1788,"href":"https:\/\/sitios-nonprod.mendoza.gob.ar\/seguridadyjusticia\/wp-json\/wp\/v2\/pages\/348\/revisions\/1788"}],"wp:attachment":[{"href":"https:\/\/sitios-nonprod.mendoza.gob.ar\/seguridadyjusticia\/wp-json\/wp\/v2\/media?parent=348"}],"curies":[{"name":"wp","href":"https:\/\/api.w.org\/{rel}","templated":true}]}}