{"id":434,"date":"2025-07-10T16:46:52","date_gmt":"2025-07-10T14:46:52","guid":{"rendered":"https:\/\/sitios-nonprod.mendoza.gob.ar\/seguridadyjusticia\/?page_id=434"},"modified":"2025-08-06T13:39:42","modified_gmt":"2025-08-06T11:39:42","slug":"capacitacion","status":"publish","type":"page","link":"https:\/\/sitios-nonprod.mendoza.gob.ar\/seguridadyjusticia\/capacitacion\/","title":{"rendered":"Capacitaci\u00f3n"},"content":{"rendered":"\n<p class=\"has-black-color has-text-color has-link-color wp-elements-e971727a6a053f671f0cb7533eb18e6b\">En el marco del plan de profesionalizaci\u00f3n de efectivos policiales, te compartimos el calendario de capacitaciones y talleres.&nbsp;<\/p>\n\n\n\n<p class=\"has-black-color has-text-color has-link-color wp-elements-7b0f63a8da40948feb8eeac9ef35a1d2\">Para m\u00e1s info, comunicate con el Departamento de Capacitaci\u00f3n al (261) 3859088 o a trav\u00e9s de&nbsp;<a href=\"mailto:departamentocapacitacion@mendoza.gov.ar\" target=\"_blank\" rel=\"noreferrer noopener\">departamentocapacitacion@mendoza.gov.ar<\/a>.<\/p>\n\n\n\n<figure class=\"wp-block-image\"><img decoding=\"async\" src=\"https:\/\/www.mendoza.gov.ar\/wp-content\/uploads\/sites\/26\/2024\/08\/ciclo_formacion_CALENDARIO.jpg\" alt=\"\" class=\"wp-image-8438\" \/><\/figure>\n\n\n\n<p class=\"has-black-color has-text-color has-link-color has-medium-font-size wp-elements-6fde3820af32d9b210616e9d18d0b76e\"><strong>Curso B\u00e1sico de Operador T\u00e1ctico de Veh\u00edculos de Emergencia para choferes de m\u00f3viles policiales \u2013 A\u00f1o 2025<\/strong><\/p>\n\n\n\n<p class=\"has-black-color has-text-color has-link-color has-medium-font-size wp-elements-c16707b012cc400420cfcae68dcc6ce9\"><strong><br>Modalidad:&nbsp;presencial<\/strong><\/p>\n\n\n\n<p class=\"has-black-color has-text-color has-link-color wp-elements-5cf83e2582d67d1696a9c1fd0f465e92\"><strong>Fechas de cursado de manera simult\u00e1nea en:<\/strong><br>Centro Provincial de Capacitaci\u00f3n vial<\/p>\n\n\n\n<h2 class=\"wp-block-heading has-black-color has-text-color has-link-color has-small-font-size wp-elements-66ee4a1978641887b89f442e3ebc2249\">Sub Centro Zona Este<\/h2>\n\n\n\n<h2 class=\"wp-block-heading has-black-color has-text-color has-link-color has-small-font-size wp-elements-9698b2f3af209ba8888b9dba11be9594\">Sub Centro Zona Sur<\/h2>\n\n\n\n<h2 class=\"wp-block-heading has-black-color has-text-color has-link-color has-small-font-size wp-elements-6ba9b5e577aa4db96ab6a691014e503b\">Sub Centro Zona Valle de Uco <\/h2>\n\n\n\n<p><\/p>\n\n\n\n<h2 class=\"wp-block-heading has-black-color has-text-color has-link-color has-small-font-size wp-elements-7a2aba0a8404fa45e35b7fffef3908db\">Inicio \u2013 30\/06\/25, Finalizaci\u00f3n \u2013 11\/07\/25<\/h2>\n\n\n\n<h2 class=\"wp-block-heading has-black-color has-text-color has-link-color has-small-font-size wp-elements-04536efa4ac4056dc7df371a41bd9610\">Inicio \u2013 08\/09\/25, Finalizaci\u00f3n \u2013 19\/09\/25<\/h2>\n\n\n\n<h2 class=\"wp-block-heading has-black-color has-text-color has-link-color has-small-font-size wp-elements-487542b5e019c541a95dc039b8d6865d\">Inicio \u2013 27\/10\/25, Finalizaci\u00f3n \u2013 07\/11\/25<\/h2>\n\n\n\n<p><\/p>\n\n\n\n<h2 class=\"wp-block-heading has-black-color has-text-color has-link-color has-small-font-size wp-elements-74fdb5b3dee08bc397eb2acd5fa8dec9\"><strong>Etapas de cursado:<\/strong><\/h2>\n\n\n\n<p class=\"has-black-color has-text-color has-link-color wp-elements-dc5aba0b435bbdbc75870127ee4f3f07\">Etapa nivelatoria de car\u00e1cter eliminatorio:<\/p>\n\n\n\n<ul class=\"wp-block-list\">\n<li class=\"has-black-color has-text-color has-link-color wp-elements-be188f3fb7232232f4c1620b56fd92c4\">Prueba f\u00edsica (2800 metros de trote, 50 flexiones de brazo, 100 sentadillas, todo ello en 1 hora como l\u00edmite)<\/li>\n\n\n\n<li class=\"has-black-color has-text-color has-link-color wp-elements-485552626d0618d47765355ded10fc67\">Prueba de Idoneidad: estacionamiento entre dos veh\u00edculos en tres movimientos (paralelo, reversa, y correcci\u00f3n) en un solo intento.<\/li>\n<\/ul>\n\n\n\n<p class=\"has-black-color has-text-color has-link-color wp-elements-28f4f6478ebb3a756e1909216de3dcf2\"><strong>Etapa de Teor\u00eda:<\/strong> Con examen m\u00faltiple opci\u00f3n eliminatorio<\/p>\n\n\n\n<p class=\"has-black-color has-text-color has-link-color wp-elements-7e88c6f8f0278c059745ab1a3653be89\"><strong>Etapa Pr\u00e1ctica:<\/strong> Con Evaluaci\u00f3n permanente y ejercicio final<br><br><strong>\u00a0Lugares:<\/strong><br><strong>\u00a0GRAN MENDOZA:<\/strong><br>\u2013 ETAPA NIVELATORIA DE CAR\u00c1CTER ELIMINATORIO: A determinar por Centro de Capacitaci\u00f3n<br>\u2013 ETAPA TE\u00d3RICA: Base de Capacitaci\u00f3n, sito en Carril Tomas Godoy Cruz 3195, Villa Nueva \u2013 Guaymall\u00e9n.<br>\u2013 ETAPA PR\u00c1CTICA: Base C\u00f3ndor, sito en calle Dr. Cichitti y Dr. \u00a0Ponce, B\u00b0 Ra\u00edz de Las Heras, Playa de Micros y Taxis del Estadio Provincial Islas Malvinas, Playa de Teatro Griego Frank Romero Day, Inmediaciones de Parque General \u00a0San Mart\u00edn, Circuito Papagayos, Cerro de La Gloria, Aut\u00f3dromo Jorge \u00c1ngel Pena, Zona de Cacheuta, Potrerillos.<br><br><strong>\u00a0ZONA ESTE:<\/strong><br>\u2013 ETAPA NIVELATORIA DE CAR\u00c1CTER ELIMINATORIO: A determinar por Subcentro de Capacitaci\u00f3n<br>\u2013 ETAPA TE\u00d3RICA: Base de Sub Jefatura Vial Este, sito Calle Isidoro B\u00e1squet N\u00ba 200, La Colonia Jun\u00edn<br>\u2013 ETAPA PR\u00c1CTICA: Aut\u00f3dromo General San Martin, sito Lateral Norte de Ruta 7 y Calle Miguez, San Martin.<br><br><strong>\u00a0ZONA SUR:<\/strong><br>\u2013 ETAPA NIVELATORIA DE CAR\u00c1CTER ELIMINATORIO: A determinar por Subcentro de Capacitaci\u00f3n<br>\u2013 ETAPA TE\u00d3RICA: UTN San Rafael, sito Av. Gral. J. J. de Urquiza 314, M5600 San Rafael.<br>\u2013 ETAPA PR\u00c1CTICA: Delegaci\u00f3n Vial San Rafael y explanada del Centro de Congresos, Calle Domingo Per\u00f3n s\/n, San Rafael. Aut\u00f3dromo \u00a0San Rafael Las Paredes<\/p>\n\n\n\n<p class=\"has-black-color has-text-color has-link-color wp-elements-f543fdf9e97beb60aa046fe8a5a6fa8a\"><strong>&nbsp;ZONA VALLE DE UCO:<\/strong><\/p>\n\n\n\n<p class=\"has-black-color has-text-color has-link-color wp-elements-a53f953c2b4608861b832656d0049146\">-ETAPA NIVELATORIA DE CAR\u00c1CTER ELIMINATORIO: A determinar por Subcentro de Capacitaci\u00f3n<br>-ETAPA TE\u00d3RICA: Puesto Caminero Zapata \u2013 Base de Sub Jefatura V\u00edal Valle de Uco- Ruta 40 Km 3228<\/p>\n\n\n\n<p class=\"has-black-color has-text-color has-link-color wp-elements-b2af0d84725134a1e7d9205a144b4fbc\">-ETAPA PR\u00c1CTICA: Aut\u00f3dromo San Carlos \u2013 Ruta 40 A 500 m de calle Chac\u00f3n<\/p>\n\n\n\n<p class=\"has-black-color has-text-color has-link-color wp-elements-2c5b6b87a9b77a33e6df338d297478c1\"><strong>HORARIO DE CURSADO:<\/strong>\u00a0De 8 a 18.<br><br><strong>CUPO DE ALUMNOS:<\/strong>\u00a030 vacantes por curso.<br><br><strong>DESAFECTACI\u00d3N DEL SERVICIO:<\/strong>\u00a0total de servicio.<br><br><strong>DESTINATARIOS:<\/strong>\u00a0Personal policial \u00a0y Penitenciario del Ministerio de Seguridad y justicia, fuerzas de seguridad Nacionales, fuerzas armadas. Organismos gubernamentales provinciales o municipales (siempre que justifiquen el pedido)<br><br><strong>REQUISITOS PARA LA INSCRIPCI\u00d3N:<\/strong><br>Inscripci\u00f3n mediante operador de Dependencia por Legajo Digital.<br>Autorizaci\u00f3n del jefe de dependencia.<br>Copia de licencia de conducir habilitante en vigencia.<br><a href=\"https:\/\/www.mendoza.gov.ar\/wp-content\/uploads\/sites\/26\/2025\/04\/anexo-1.docx\">Certificado m\u00e9dico de aptitud f\u00edsica (p\u00fablico \u2013 privado) Modelo ANEXO I<\/a><br>Un n\u00famero de celular de contacto y un correo personal del efectivo.<br>El efectivo debe estar con tareas operativas plenamente<br>No se puede realizar el curso cuando se encuentre haciendo uso de alg\u00fan tipo de licencia ordinaria o extraordinaria.<\/p>\n\n\n\n<p class=\"has-black-color has-text-color has-link-color wp-elements-8c309baa7a6a89ca0ac4031620a91d96\"><br><strong>TODA LA DOCUMENTACI\u00d3N Y SOLICITUD DE INSCRIPCI\u00d3N DEBE SER ENVIADA AL CORREO DEL CENTRO PROVINCIAL DE CAPACITACI\u00d3N VIAL\u00a0<\/strong>con un plazo de diez (10) d\u00edas de anticipaci\u00f3n al inicio del curso. Cubierto el cupo disponible para cada curso no se recibir\u00e1 ninguna otra solicitud de inscripci\u00f3n y pasar\u00e1 para el siguiente curso. Cumplida la capacidad de vacantes se realizar\u00e1 un grupo de WhatsApp con todos los integrantes para mantener comunicaci\u00f3n por este medio y acceder al material de estudio.<br><br><strong>CONTACTO Y CONSULTAS:<\/strong><br>Centro de Capacitaci\u00f3n Vial Gran Mendoza.:\u00a0<a href=\"mailto:vialcapacitacion@gmail.com\" target=\"_blank\" rel=\"noreferrer noopener\">vialcapacitacion@gmail.com<\/a><br>Sub Centro de Capacitaci\u00f3n Vial Este:\u00a0<a href=\"mailto:capacitacionpoliciavialeste@gmail.com\" target=\"_blank\" rel=\"noreferrer noopener\">capacitacionpoliciavialeste@gmail.com<\/a><br>Sub Centro de Capacitaci\u00f3n Vial Sur:<a href=\"mailto:subcentrovialzonasur@gmail.com\" target=\"_blank\" rel=\"noreferrer noopener\">subcentrovialzonasur@gmail.com<\/a><\/p>\n\n\n\n<h2 class=\"wp-block-heading has-black-color has-text-color has-link-color has-medium-font-size wp-elements-5faa3dc96470f376cf755fefb226c0ff\"><strong>CURSO \u201cPLANES F\u00cdSICOS POLICIALES 2025\u201d&nbsp;\u2013 obligatorio \u2013 (destinado al personal policial en servicio efectivo sin distinci\u00f3n de jerarqu\u00eda)<\/strong><\/h2>\n\n\n\n<p class=\"has-black-color has-text-color has-link-color wp-elements-c2cf5a3d0c74f8502de6448ef874519a\"><strong>FECHA DE INICIO:\u00a014 de Abril y hasta noviembre del corriente a\u00f1o.<\/strong><\/p>\n\n\n\n<p class=\"has-black-color has-text-color has-link-color wp-elements-86cd770f16196005d22786d2026b6ab9\"><strong>HORARIOS Y LUGARES DE EVALUACIONES F\u00cdSICAS:<\/strong><\/p>\n\n\n\n<p class=\"has-black-color has-text-color has-link-color wp-elements-9a639cefe4cda1b429be3ab7d96221ce\"><strong>ZONA CENTRO \u2013&nbsp;<\/strong>GIMNASIO CUBA<\/p>\n\n\n\n<p class=\"has-black-color has-text-color has-link-color wp-elements-cf4079f86696a2187537869671f0b6a9\">Martes: Primer Turno 9h \u2013 Segundo Turno 11h.<\/p>\n\n\n\n<p class=\"has-black-color has-text-color has-link-color wp-elements-afaa4c41b1dff1c6b1192764e9520141\">Jueves: Primer Turno 9h. \u2013 Segundo Turno 11h.<\/p>\n\n\n\n<p class=\"has-black-color has-text-color has-link-color wp-elements-2599e1859a512e793fe9c49ad87f0607\">S\u00e1bado: Primer Turno 9h. \u2013 Segundo Turno 11h.<\/p>\n\n\n\n<p class=\"has-black-color has-text-color has-link-color wp-elements-3af69b371559116948fdde4edf090989\"><strong>ZONA SUR- SAN RAFAEL\u00a0<\/strong>\u2013 POLIDEPORTIVO 1: Sobremonte 825<\/p>\n\n\n\n<p class=\"has-black-color has-text-color has-link-color wp-elements-2b6a5633434a1a833d3085a94b225e06\">Lunes: Primer Turno 16:00hs. \u2013 Segundo Turno 18h.<\/p>\n\n\n\n<p class=\"has-black-color has-text-color has-link-color wp-elements-a4bbdf11328dd45c03df3d69b14b5ed1\">Martes: Primer Turno 09:00hs. \u2013 Segundo Turno 10.30h.<\/p>\n\n\n\n<p class=\"has-black-color has-text-color has-link-color wp-elements-06a67c212ada3d474343986373d6cf28\">Jueves: Primer Turno 09:00hs. \u2013 Segundo Turno 10.30h.<\/p>\n\n\n\n<p class=\"has-black-color has-text-color has-link-color wp-elements-b2a1470d0c2225520a4420f8b1d20146\"><strong>ZONA VALLE DE UCO<\/strong>&nbsp;\u2013 Polideportivo Fortunato Perazoli (Villa&nbsp; cabecera San Carlos, Bernardo Quiroga e Independencia)<\/p>\n\n\n\n<p class=\"has-black-color has-text-color has-link-color wp-elements-55516a79a2764cfddb2486030199ed90\">Jueves: 16.30 h.<\/p>\n\n\n\n<p class=\"has-black-color has-text-color has-link-color wp-elements-07aefe5636537eaf7e0d05fe71715afe\">Viernes: 10 h.<\/p>\n\n\n\n<p class=\"has-black-color has-text-color has-link-color wp-elements-53e23ba4eaf38b7f0f4a1892f3e260ef\"><strong>ZONA ESTE<\/strong>&nbsp;\u2013 Calle Isidoro Bousquet 700 \u2013 Departamento de Jun\u00edn \u2013<\/p>\n\n\n\n<p class=\"has-black-color has-text-color has-link-color wp-elements-4bcb08f1a0ca1cea9899592e7ba02231\">Lunes: Primer Turno 9h. \u2013 Segundo Turno 11h.<\/p>\n\n\n\n<p class=\"has-black-color has-text-color has-link-color wp-elements-73961eda3880891210ba4ab5e1171d78\">Mi\u00e9rcoles: Primer Turno 9h. \u2013 Segundo Turno 11h.<\/p>\n\n\n\n<p class=\"has-black-color has-text-color has-link-color wp-elements-2599e1859a512e793fe9c49ad87f0607\">S\u00e1bado: Primer Turno 9h. \u2013 Segundo Turno 11h.<\/p>\n\n\n\n<p class=\"has-black-color has-text-color has-link-color wp-elements-54d350cb9155d4220c09301109c09cd7\"><strong>METODOLOG\u00cdA DEL CURSADO:&nbsp;<\/strong>Pr\u00e1ctica<\/p>\n\n\n\n<p class=\"has-black-color has-text-color has-link-color wp-elements-20899e7c9694f223a1ad277d872d202b\"><strong>MODALIDAD:<\/strong>&nbsp;Presencial<\/p>\n\n\n\n<p class=\"has-black-color has-text-color has-link-color wp-elements-c0900f6e11147e336302bf0208ed487e\"><strong>DURACI\u00d3N:<\/strong>&nbsp;una Jornada de una hora y media de actividad.<\/p>\n\n\n\n<p class=\"has-black-color has-text-color has-link-color wp-elements-8ad93547bda6f2888ac6c2243d84ce60\"><strong>DESTINATARIOS:<\/strong>&nbsp;Personal Policial en Servicio Efectivo con tareas<br>Operativas.<\/p>\n\n\n\n<p class=\"has-black-color has-text-color has-link-color wp-elements-1d55ef4dd0a8ee3dd07fe23a6f781307\"><strong>HORARIO DE PRESENTACI\u00d3N<\/strong>&nbsp;10 min. antes del inicio del horario de<br>evaluaci\u00f3n.<\/p>\n\n\n\n<p class=\"has-black-color has-text-color has-link-color wp-elements-08bf347e7a040dd5a0a16798300202a3\"><strong>CUPOS:<\/strong>&nbsp;20 cupos por horario.<\/p>\n\n\n\n<p class=\"has-black-color has-text-color has-link-color wp-elements-e293896efea1d7b065512af3d1a0069f\"><strong>INSCRIPCI\u00d3N:<\/strong>&nbsp;Mediante legajo digital.<\/p>\n\n\n\n<p class=\"has-black-color has-text-color has-link-color wp-elements-07e38d7339b1691e0ce64cff16670910\"><strong>REQUISITOS:<\/strong><\/p>\n\n\n\n<p class=\"has-black-color has-text-color has-link-color wp-elements-4d5e01c9712ac5f43362177a0f99b0a7\">Certificado m\u00e9dico de Aptitud f\u00edsica a la hora de rendir la prueba f\u00edsica. <a href=\"https:\/\/www.mendoza.gov.ar\/wp-content\/uploads\/sites\/26\/2025\/04\/CERTIFICADO-MEDICO-DE-APTITUD-FISICA.docx\">DESCARGAR<\/a><br>Elementos para el examen: Prendas deportivas.<\/p>\n\n\n\n<p class=\"has-black-color has-text-color has-link-color wp-elements-c5ef71398495ebf68f641ff65b189359\">Se establece la obligatoriedad al presente CURSO PLANES FISICOS<br>POLICIALES para el personal policial y como capacitaci\u00f3n m\u00ednima<br>requerida para los tratamientos promocionales anuales que establezca<br>este Ministerio de Seguridad y Justicia.<\/p>\n\n\n\n<p class=\"has-black-color has-text-color has-link-color has-medium-font-size wp-elements-6ad2722c101951599e0e8c476a0a8c09\"><strong>PLAN ANUAL DE CAPACITACI\u00d3N OBLIGATORIO Y PERMANENTE&nbsp; 2025&nbsp;(destinado al personal policial en las Jerarqu\u00edas de Auxiliar hasta Oficial Principal)<\/strong><\/p>\n\n\n\n<p class=\"has-black-color has-text-color has-link-color wp-elements-b1b6ad4638ac94afb4ce6eed9f23d370\"><strong>FECHA DE INICIO<\/strong>: 28 de marzo y hasta noviembre del corriente a\u00f1o.\u00a0<\/p>\n\n\n\n<p class=\"has-black-color has-text-color has-link-color wp-elements-d84000c589fcbeb18682e8edc755ddcd\"><strong>LUGAR DE PRESENTACION:<\/strong><\/p>\n\n\n\n<p class=\"has-black-color has-text-color has-link-color wp-elements-b29aac870dd51b032abef3bf454193b8\">Sede C. A. TAC. POL. Gran Mendoza: Ruta Provincial 52 S\/N \u2013 Departamento de las Heras.<\/p>\n\n\n\n<p class=\"has-black-color has-text-color has-link-color wp-elements-e34c254d74e56ec572894b305f4a9988\">Sede C. A. TAC. POL. Zona Sur: Calle Coronel Suarez al 900 \u2013 Departamento de San Rafael.<\/p>\n\n\n\n<p class=\"has-black-color has-text-color has-link-color wp-elements-dd43658ca8d9c426c54237bef34c398c\">Sede C. A. TAC. POL. Valle de Uco: Calle Bernardo Quiroga y Las Heras Distrito de Eugenio Bustos \u2013 Departamento de San Carlos.<\/p>\n\n\n\n<p class=\"has-black-color has-text-color has-link-color wp-elements-cdb4f34f3e8dcb3e15641809abdf2ca7\">Sede C. A. TAC. POL. Zona Este: Calle Isidoro Bousquet al 200 \u2013 Distrito la Colonia \u2013 Departamento de Jun\u00edn.<\/p>\n\n\n\n<p class=\"has-black-color has-text-color has-link-color wp-elements-e91722c18193429b6c3a65e64eb01f8a\"><strong>MODALIDAD:<\/strong>&nbsp;Presencial, con desafectaci\u00f3n del servicio.&nbsp;<br>&nbsp;<br><strong>JORNADA DE DOS D\u00cdAS:<\/strong>&nbsp;lunes-martes, mi\u00e9rcoles-jueves, viernes-s\u00e1bado<\/p>\n\n\n\n<ul class=\"wp-block-list has-black-color has-text-color has-link-color wp-elements-7566d63337dcc1c8b20f63e175b756f6\">\n<li><strong>Presentaci\u00f3n:<\/strong>\u00a08:30 horas<\/li>\n\n\n\n<li><strong>Inicio de Actividad:<\/strong>\u00a0de 9 a 19 horas.<br>\u00a0<br><strong>VACANTES:<\/strong>\u00a030 EFECTIVOS POR JORNADA<br><br><strong>INSCRIPCI\u00d3N:<\/strong>\u00a0Mediante Legajo Digital (operador de Dependencia)<br><br><strong>ELEMENTOS NECESARIOS Y OBLIGATORIOS PARA LA ACTIVIDAD:<\/strong><\/li>\n<\/ul>\n\n\n\n<ul class=\"wp-block-list has-black-color has-text-color has-link-color wp-elements-9dca424312ce2d6a782d69640225f584\">\n<li>ARMAMENTO PROVISTO CON SUS DOS CARGADORES MUNICIONADO<\/li>\n\n\n\n<li>CHALECO BALISTICO PROVISTO<\/li>\n\n\n\n<li>JUEGO DE ESPOSAS \u2013 PROTECTOR VISUAL<\/li>\n\n\n\n<li>PROTECTOR AUDITIVO TIPO COPA<\/li>\n\n\n\n<li>ELEMENTOS DE APUNTE<\/li>\n\n\n\n<li>ELEMENTOS DE HIGIENE PERSONAL<\/li>\n\n\n\n<li>RACIONAMIENTO<\/li>\n<\/ul>\n","protected":false},"excerpt":{"rendered":"<p>En el marco del plan de profesionalizaci\u00f3n de efectivos policiales, te compartimos el calendario de capacitaciones y talleres.&nbsp; Para m\u00e1s info, comunicate con el Departamento de Capacitaci\u00f3n al (261) 3859088 o a trav\u00e9s de&nbsp;departamentocapacitacion@mendoza.gov.ar. Curso B\u00e1sico de Operador T\u00e1ctico de Veh\u00edculos de Emergencia para choferes de m\u00f3viles policiales \u2013 A\u00f1o 2025 Modalidad:&nbsp;presencial Fechas de cursado [&hellip;]<\/p>\n","protected":false},"author":52,"featured_media":0,"parent":0,"menu_order":0,"comment_status":"closed","ping_status":"closed","template":"","meta":{"_et_pb_use_builder":"","_et_pb_old_content":"","_et_gb_content_width":"1080","footnotes":""},"class_list":["post-434","page","type-page","status-publish","hentry"],"_links":{"self":[{"href":"https:\/\/sitios-nonprod.mendoza.gob.ar\/seguridadyjusticia\/wp-json\/wp\/v2\/pages\/434","targetHints":{"allow":["GET"]}}],"collection":[{"href":"https:\/\/sitios-nonprod.mendoza.gob.ar\/seguridadyjusticia\/wp-json\/wp\/v2\/pages"}],"about":[{"href":"https:\/\/sitios-nonprod.mendoza.gob.ar\/seguridadyjusticia\/wp-json\/wp\/v2\/types\/page"}],"author":[{"embeddable":true,"href":"https:\/\/sitios-nonprod.mendoza.gob.ar\/seguridadyjusticia\/wp-json\/wp\/v2\/users\/52"}],"replies":[{"embeddable":true,"href":"https:\/\/sitios-nonprod.mendoza.gob.ar\/seguridadyjusticia\/wp-json\/wp\/v2\/comments?post=434"}],"version-history":[{"count":12,"href":"https:\/\/sitios-nonprod.mendoza.gob.ar\/seguridadyjusticia\/wp-json\/wp\/v2\/pages\/434\/revisions"}],"predecessor-version":[{"id":1689,"href":"https:\/\/sitios-nonprod.mendoza.gob.ar\/seguridadyjusticia\/wp-json\/wp\/v2\/pages\/434\/revisions\/1689"}],"wp:attachment":[{"href":"https:\/\/sitios-nonprod.mendoza.gob.ar\/seguridadyjusticia\/wp-json\/wp\/v2\/media?parent=434"}],"curies":[{"name":"wp","href":"https:\/\/api.w.org\/{rel}","templated":true}]}}