{"id":691,"date":"2025-07-04T18:03:10","date_gmt":"2025-07-04T16:03:10","guid":{"rendered":"https:\/\/sitios-nonprod.mendoza.gob.ar\/seguridadyjusticia\/?page_id=691"},"modified":"2025-07-22T17:56:51","modified_gmt":"2025-07-22T15:56:51","slug":"691-2","status":"publish","type":"page","link":"https:\/\/sitios-nonprod.mendoza.gob.ar\/seguridadyjusticia\/691-2\/","title":{"rendered":"Oficina de Conciliaci\u00f3n Civil y Comercial"},"content":{"rendered":"[et_pb_section fb_built=\u00bb1&#8243; _builder_version=\u00bb4.27.4&#8243; _module_preset=\u00bbdefault\u00bb background_color=\u00bb#FFFFFF\u00bb custom_padding=\u00bb128px||131px|||\u00bb global_colors_info=\u00bb{}\u00bb][et_pb_row _builder_version=\u00bb4.27.4&#8243; _module_preset=\u00bbdefault\u00bb custom_margin=\u00bb-68px|auto||auto||\u00bb global_colors_info=\u00bb{}\u00bb][et_pb_column type=\u00bb4_4&#8243; _builder_version=\u00bb4.27.4&#8243; _module_preset=\u00bbdefault\u00bb global_colors_info=\u00bb{}\u00bb][et_pb_text _builder_version=\u00bb4.27.4&#8243; _module_preset=\u00bbdefault\u00bb text_font=\u00bb|700|||||||\u00bb text_text_color=\u00bb#000F9F\u00bb text_font_size=\u00bb26px\u00bb global_colors_info=\u00bb{}\u00bb]<p>Oficina de Conciliaci\u00f3n Civil y Comercial<\/p>[\/et_pb_text][\/et_pb_column][\/et_pb_row][et_pb_row _builder_version=\u00bb4.27.4&#8243; _module_preset=\u00bbdefault\u00bb custom_padding=\u00bb2px||0px|||\u00bb global_colors_info=\u00bb{}\u00bb][et_pb_column type=\u00bb4_4&#8243; _builder_version=\u00bb4.27.4&#8243; _module_preset=\u00bbdefault\u00bb global_colors_info=\u00bb{}\u00bb][et_pb_cta button_url=\u00bbhttps:\/\/occ.mendoza.gov.ar\/vub\/vistas\/web\/loginWEB.zul\u00bb url_new_window=\u00bbon\u00bb button_text=\u00bbIngreso al Sistema\u00bb _builder_version=\u00bb4.27.4&#8243; _module_preset=\u00bbdefault\u00bb body_text_color=\u00bb#FFFFFF\u00bb background_color=\u00bb#000F9F\u00bb custom_button=\u00bbon\u00bb button_text_color=\u00bb#000F9F\u00bb button_bg_color=\u00bb#FFFFFF\u00bb custom_margin=\u00bb2px||-91px|||\u00bb custom_padding=\u00bb||37px|||\u00bb link_option_url=\u00bbhttps:\/\/media-nonprod.mendoza.gob.ar\/informacion-oficial\/uploads\/sites\/16\/2025\/07\/Manual-de-Usuario-para-Abogados-v1.0._OCC.pdf\u00bb link_option_url_new_window=\u00bbon\u00bb global_colors_info=\u00bb{}\u00bb]<p><!-- divi:heading {\"level\":4} --><\/p>\n<h4><strong>ADVERTENCIA: los ABOGADOS NO deben solicitar alta de usuario, sus usuarios ya est\u00e1n generados. Por favor leer la informaci\u00f3n sobre c\u00f3mo acceder al sistema disponible debajo:<\/strong><span style=\"font-size: 14px;font-weight: 500\"> <\/span><span style=\"font-size: 14px;font-weight: 500\">\u00a0<\/span><span style=\"font-size: 14px;font-weight: 500\">\u00a0<\/span><\/h4>\n<p><strong style=\"font-size: 14px\">1) Con su usuario y contrase\u00f1a de IOL<\/strong><span style=\"font-size: 14px\"> (Sistema de la Suprema Corte de Justicia de Mendoza): si ya utiliza IOL, puede acceder directamente con sus credenciales (usuario y contrase\u00f1a).<\/span><\/p>\n<p><strong style=\"font-size: 14px\">2) Con su CUIT: <\/strong><span style=\"font-size: 14px\">Si no utiliza IOL, ingrese su CUIT. Para recuperar su contrase\u00f1a, haga clic en \u00ab\u00bfOlvid\u00f3 su contrase\u00f1a?\u00bb. Este proceso solo se realiza una vez y le llegar\u00e1 un link para validar su contrase\u00f1a al correo electr\u00f3nico. Esta \u00faltima opci\u00f3n le permitir\u00e1 resetear la contrase\u00f1a por defecto que le ha asignado el sistema.<\/span><\/p>\n<p><span style=\"font-size: 14px\">&#8211; Si tuviera alguna dificultad para ingresar al sistema o no inform\u00f3 oportunamente su correo electr\u00f3nico al Colegio de Abogados correspondiente a su circunscripci\u00f3n, por favor enviar un correo electr\u00f3nico a\u00a0<\/span><strong style=\"font-size: 14px\">soporte-occ@mendoza.gov.ar <\/strong><span style=\"font-size: 14px\">con sus datos personales, matr\u00edcula y un breve detalle de su inconveniente o comunicarse al tel\u00e9fono 385 9448 de lunes a viernes de 08.00\u00a0 a 14.00 hs.<\/span><\/p>\n<p><span style=\"font-size: 14px\">&#8211; Se deja a disposici\u00f3n de los Abogados, el Manual de Usuario del Sistema de Gesti\u00f3n Electr\u00f3nica de Conciliaci\u00f3n, a los fines de que puedan conocer en detalle su funcionamiento: <\/span><span style=\"font-size: 14px\">\u00a0<\/span><\/p>\n<p><strong style=\"font-size: x-large\">Manual de Usuario de Abogados<\/strong><\/p>\n<p style=\"text-align: center\"><span style=\"font-size: x-large\"><strong><\/strong><\/span><\/p>\n<p>&nbsp;<\/p>\n<p><!-- \/divi:paragraph --><\/p>[\/et_pb_cta][\/et_pb_column][\/et_pb_row][\/et_pb_section][et_pb_section fb_built=\u00bb1&#8243; _builder_version=\u00bb4.27.4&#8243; _module_preset=\u00bbdefault\u00bb background_color=\u00bb#FFFFFF\u00bb global_colors_info=\u00bb{}\u00bb][et_pb_row _builder_version=\u00bb4.27.4&#8243; _module_preset=\u00bbdefault\u00bb custom_margin=\u00bb-51px|auto||auto||\u00bb global_colors_info=\u00bb{}\u00bb][et_pb_column type=\u00bb4_4&#8243; _builder_version=\u00bb4.27.4&#8243; _module_preset=\u00bbdefault\u00bb global_colors_info=\u00bb{}\u00bb][et_pb_tabs _builder_version=\u00bb4.27.4&#8243; _module_preset=\u00bbdefault\u00bb global_colors_info=\u00bb{}\u00bb][et_pb_tab title=\u00bb\u00bfQu\u00e9 es la Conciliaci\u00f3n Civil y Comercial?\u00bb _builder_version=\u00bb4.27.4&#8243; _module_preset=\u00bbdefault\u00bb global_colors_info=\u00bb{}\u00bb]<p><!-- divi:paragraph --><\/p>\n<p>Es una instancia <strong>OBLIGATORIA<\/strong>, previa a la interposici\u00f3n de una demanda judicial en el Fuero\u00a0 Civil para las siguientes materias:<\/p>\n<p><!-- \/divi:paragraph --> <!-- divi:paragraph --><\/p>\n<p>1.- DA\u00d1OS Y PERJUICIOS; 2.- PROCESOS DE CONSUMO (excepto peque\u00f1as causas); 3.- CUMPLIMIENTO DE CONTRATOS; 4.- COBRO DE PESOS; 5.- ESCRITURACION; 6.- DESALOJO; 7.- RENDICION DE CUENTAS (excluidos asuntos en los que se encuentren vinculados intereses de personas menores de edad o con capacidad restringida); 8.- REPETICION DE PAGO; 9.- SIMULACION\/FRAUDE; 10.- CONSIGNACION; 11.- ACCIONES SUCESORIAS (acci\u00f3n de colaci\u00f3n, acci\u00f3n de reducci\u00f3n; excluidos asuntos en los que se encuentren vinculados intereses de personas menores de edad o con capacidad restringida,); 12.- PROCESO ESPECIAL Y AUT\u00d3NOMO (con excepci\u00f3n de: Cancelaci\u00f3n de documentos, cancelaci\u00f3n de libros societarios, reposici\u00f3n de t\u00edtulos, \u00e1rbitros, convocatorias a asamblea, cuestiones derivadas del fuero de familia, deslinde, diligenciamiento de oficios y exhortos, ejecuciones de laudos locales y extranjeros, ejecuci\u00f3n de multas y sanciones conminatorias, ejecuci\u00f3n de sentencias extranjeras, autorizaciones, emplazamiento para iniciar sucesi\u00f3n, estimaci\u00f3n de honorarios, homologaci\u00f3n de convenios, incidentes, informaci\u00f3n sumaria, regulaci\u00f3n de honorarios, secuestro de bienes prendados, segundo testimonio, sucesiones y tercer\u00edas).<\/p>\n<p><!-- \/divi:paragraph --> <!-- divi:paragraph --><\/p>\n<p>Es de car\u00e1cter OPTATIVO para las siguientes Materias: 1-HABEAS DATA; 2- PROCESOS DE ESTRUCTURA MONITORIA y 3-ACCIONES SOCIETARIAS. Si el requirente ejerce la opci\u00f3n, el procedimiento de conciliaci\u00f3n prejudicial ser\u00e1 obligatorio para ambas partes.<\/p>\n<p><!-- \/divi:paragraph --> <!-- divi:paragraph --><\/p>\n<p><strong>Duraci\u00f3n<\/strong><\/p>\n<p><!-- \/divi:paragraph --> <!-- divi:paragraph --><\/p>\n<p>El plazo m\u00e1ximo del proceso de Conciliaci\u00f3n es de treinta (30) d\u00edas h\u00e1biles contados partir de la celebraci\u00f3n de la primera audiencia. Podr\u00e1 prorrogarse por otro plazo igual por acuerdo de todas las partes. Luego de la primera audiencia las partes pueden dar por concluida la conciliaci\u00f3n en cualquier momento.<\/p>\n<p><!-- \/divi:paragraph --> <!-- divi:paragraph --><\/p>\n<p><strong>Resultado de la Conciliaci\u00f3n<\/strong><\/p>\n<p><!-- \/divi:paragraph --> <!-- divi:paragraph --><\/p>\n<p>Sin perjuicio del resultado el Conciliador emitir\u00e1 acta de cierre, protocolizado por la OCC, \u00fanico documento que acredita el cumplimiento del procedimiento de conciliaci\u00f3n. Si las partes no arribaren a un acuerdo ser\u00e1 exigido para la interposici\u00f3n de la demanda judicial.<\/p>\n<p><!-- \/divi:paragraph --> <!-- divi:paragraph --><\/p>\n<p><strong>Obligatoriedad de Asistencia Letrada<\/strong><\/p>\n<p><!-- \/divi:paragraph --> <!-- divi:paragraph --><\/p>\n<p>Las personas f\u00edsicas deben concurrir personalmente con asistencia letrada. No pueden hacerlo por apoderado, excepto cuando les resulte imposible por causa justificada. Las personas jur\u00eddicas deben concurrir con asistencia letrada y participan por medio de sus representantes legales y\/o autoridades estatutarias.<\/p>\n<p><!-- \/divi:paragraph --> <!-- divi:paragraph --><\/p>\n<p><strong>Inasistencias<\/strong><\/p>\n<p><!-- \/divi:paragraph --> <!-- divi:paragraph --><\/p>\n<p>En caso de INASISTENCIA de cualquiera de las partes sin justificativo v\u00e1lido<strong>,<\/strong> se aplicar\u00e1 una <strong>\u00a0MULTA <\/strong>equivalente al valor de 1\/2 JUS.<\/p>\n<p><!-- \/divi:paragraph --><\/p>[\/et_pb_tab][et_pb_tab title=\u00bbMarco Normativo\u00bb _builder_version=\u00bb4.27.4&#8243; _module_preset=\u00bbdefault\u00bb global_colors_info=\u00bb{}\u00bb]<!-- divi:paragraph -->\n<p><\/p>\n<ul class=\"wp-block-list\">\n<li>Ley N\u00ba 9.388 <a href=\"https:\/\/www.mendoza.gov.ar\/wp-content\/uploads\/sites\/26\/2024\/12\/Creacion-de-la-Oficina-de-Conciliacion-Civil-y-Comercial.pdf\">Creaci\u00f3n de la Oficina de Conciliaci\u00f3n Civil y Comercial<\/a><\/li>\n<\/ul>\n<p> <\/p>\n<ul class=\"wp-block-list\">\n<li>Decreto Reglamentario N\u00b0 123 <a href=\"https:\/\/www.mendoza.gov.ar\/wp-content\/uploads\/sites\/26\/2025\/01\/DECRETO-N\u00b0-123-25.pdf\">https:\/\/www.mendoza.gov.ar\/wp-content\/uploads\/sites\/26\/2025\/01\/DECRETO-N\u00b0-123-25.pdf<\/a><\/li>\n<\/ul>\n<p> <\/p>\n<ul class=\"wp-block-list\">\n<li><a href=\"https:\/\/www.mendoza.gov.ar\/wp-content\/uploads\/sites\/26\/2025\/07\/DECRETO-1528.pdf\">Decreto 1528<\/a><\/li>\n<\/ul>\n<p> <\/p>\n<p>Conforme el Decreto Reglamentario N\u00b0 123 y Anexo N\u00b0 I, publicado en el Bolet\u00edn Oficial el d\u00eda 31\/01\/2025, la Oficina de Conciliaci\u00f3n Civil y Comercial entra en funcionamiento en la Provincia de Mendoza, a partir del d\u00eda 10 de febrero del 2025.<\/p>\n<p><!-- \/divi:paragraph --><\/p>[\/et_pb_tab][et_pb_tab title=\u00bbInformaci\u00f3n al Ciudadano\u00bb _builder_version=\u00bb4.27.4&#8243; _module_preset=\u00bbdefault\u00bb global_colors_info=\u00bb{}\u00bb]<!-- divi:heading {\"level\":4} -->\n<h4><strong>ADVERTENCIA: los ABOGADOS NO deben solicitar alta de usuario, sus usuarios ya est\u00e1n generados. Por favor leer la informaci\u00f3n sobre c\u00f3mo acceder al sistema disponible en esta misma p\u00e1gina web.<\/strong><span style=\"font-size: 14px;color: #666666;font-weight: 500\">\u00a0<\/span>\u00a0\u00a0<\/h4>\n<p>&nbsp;<\/p>\n<!-- divi:paragraph -->\n<p>Si usted ha sido citado a una Audiencia de Conciliaci\u00f3n, le sugerimos contactar a un abogado ya que, conforme lo establece la ley, es obligatorio concurrir a la misma con asistencia letrada.<\/p>\n<p>&nbsp;<\/p>\n<!-- divi:paragraph -->\n<p>Si necesita iniciar un procedimiento de Conciliaci\u00f3n o ha sido debidamente citado a una Audiencia, y carece de recursos econ\u00f3micos para el pago de las costas, deber\u00e1 ingresar al sistema la documentaci\u00f3n exigida que acredite su situaci\u00f3n, la cual ser\u00e1 evaluada por la Oficina de Conciliaci\u00f3n Civil y Comercial.<\/p>\n<p>&nbsp;<\/p>\n<!-- divi:paragraph -->\n<p>Para ello deber\u00e1 realizar el alta de usuario, para lo que le solicitamos escribir a <a href=\"mailto:administracionocc@mendoza.gov.ar\">administracionocc@mendoza.gov.ar<\/a> para completar el formulario correspondiente.<\/p>\n<p>&nbsp;<\/p>\n<!-- divi:paragraph -->\n<p><a href=\"https:\/\/www.mendoza.gov.ar\/wp-content\/uploads\/sites\/26\/2025\/02\/ddjj.pdf\">DESCARGAR D.D.J.J.<\/a><!-- \/divi:paragraph --><\/p>[\/et_pb_tab][\/et_pb_tabs][\/et_pb_column][\/et_pb_row][\/et_pb_section]","protected":false},"excerpt":{"rendered":"<p>Oficina de Conciliaci\u00f3n Civil y Comercial ADVERTENCIA: los ABOGADOS NO deben solicitar alta de usuario, sus usuarios ya est\u00e1n generados. Por favor leer la informaci\u00f3n sobre c\u00f3mo acceder al sistema disponible debajo: \u00a0\u00a0 1) Con su usuario y contrase\u00f1a de IOL (Sistema de la Suprema Corte de Justicia de Mendoza): si ya utiliza IOL, puede [&hellip;]<\/p>\n","protected":false},"author":27,"featured_media":0,"parent":0,"menu_order":0,"comment_status":"closed","ping_status":"closed","template":"","meta":{"_et_pb_use_builder":"on","_et_pb_old_content":"","_et_gb_content_width":"","footnotes":""},"class_list":["post-691","page","type-page","status-publish","hentry"],"_links":{"self":[{"href":"https:\/\/sitios-nonprod.mendoza.gob.ar\/seguridadyjusticia\/wp-json\/wp\/v2\/pages\/691","targetHints":{"allow":["GET"]}}],"collection":[{"href":"https:\/\/sitios-nonprod.mendoza.gob.ar\/seguridadyjusticia\/wp-json\/wp\/v2\/pages"}],"about":[{"href":"https:\/\/sitios-nonprod.mendoza.gob.ar\/seguridadyjusticia\/wp-json\/wp\/v2\/types\/page"}],"author":[{"embeddable":true,"href":"https:\/\/sitios-nonprod.mendoza.gob.ar\/seguridadyjusticia\/wp-json\/wp\/v2\/users\/27"}],"replies":[{"embeddable":true,"href":"https:\/\/sitios-nonprod.mendoza.gob.ar\/seguridadyjusticia\/wp-json\/wp\/v2\/comments?post=691"}],"version-history":[{"count":18,"href":"https:\/\/sitios-nonprod.mendoza.gob.ar\/seguridadyjusticia\/wp-json\/wp\/v2\/pages\/691\/revisions"}],"predecessor-version":[{"id":957,"href":"https:\/\/sitios-nonprod.mendoza.gob.ar\/seguridadyjusticia\/wp-json\/wp\/v2\/pages\/691\/revisions\/957"}],"wp:attachment":[{"href":"https:\/\/sitios-nonprod.mendoza.gob.ar\/seguridadyjusticia\/wp-json\/wp\/v2\/media?parent=691"}],"curies":[{"name":"wp","href":"https:\/\/api.w.org\/{rel}","templated":true}]}}